{"id":1706,"date":"2023-09-15T07:16:43","date_gmt":"2023-09-15T06:16:43","guid":{"rendered":"https:\/\/festivalinternacionalclownbaret.com\/?page_id=1706"},"modified":"2026-04-17T08:50:56","modified_gmt":"2026-04-17T07:50:56","slug":"sostenibilidad","status":"publish","type":"page","link":"https:\/\/festivalinternacionalclownbaret.com\/de\/sostenibilidad\/","title":{"rendered":"Nachhaltigkeit"},"content":{"rendered":"<div data-elementor-type=\"wp-page\" data-elementor-id=\"1706\" class=\"elementor elementor-1706\" data-elementor-post-type=\"page\">\n\t\t\t\t\t\t<section class=\"elementor-section elementor-top-section elementor-element elementor-element-38d6e21 elementor-section-boxed elementor-section-height-default elementor-section-height-default\" data-id=\"38d6e21\" data-element_type=\"section\" data-e-type=\"section\">\n\t\t\t\t\t\t<div class=\"elementor-container elementor-column-gap-default\">\n\t\t\t\t\t<div class=\"elementor-column elementor-col-100 elementor-top-column elementor-element elementor-element-f8ab87b\" data-id=\"f8ab87b\" data-element_type=\"column\" data-e-type=\"column\">\n\t\t\t<div class=\"elementor-widget-wrap elementor-element-populated\">\n\t\t\t\t\t\t<div class=\"elementor-element elementor-element-d02a742 elementor-widget elementor-widget-heading\" data-id=\"d02a742\" data-element_type=\"widget\" data-e-type=\"widget\" data-widget_type=\"heading.default\">\n\t\t\t\t<div class=\"elementor-widget-container\">\n\t\t\t\t\t<h2 class=\"elementor-heading-title elementor-size-default\">Nachhaltigkeit<\/h2>\t\t\t\t<\/div>\n\t\t\t\t<\/div>\n\t\t\t\t<div class=\"elementor-element elementor-element-b677016 elementor-widget elementor-widget-text-editor\" data-id=\"b677016\" data-element_type=\"widget\" data-e-type=\"widget\" data-widget_type=\"text-editor.default\">\n\t\t\t\t<div class=\"elementor-widget-container\">\n\t\t\t\t\t\t\t\t\t<p>Das Internationale Clownbaret-Festival ist in den letzten 20 Jahren enorm gewachsen. Und zwar auf eine Weise, die f\u00fcr die Kanarischen Inseln nachhaltig ist. Durch die Dezentralisierung des Programms, um alle zu erreichen, und durch die Programmierung von Vorstellungen, die eine universelle Sprache sprechen. <br \/><br \/>Wir besuchen Krankenh\u00e4user, Einrichtungen f\u00fcr Menschen mit Behinderung und Seniorenheime mit unseren \u201ePayasos Sociales\u201c-Besuchen und Clown-Workshops f\u00fcr Menschen mit Behinderung. Wir haben uns darauf konzentriert, an allen Orten, die wir besucht haben, nichts als Freude und Lachen zu hinterlassen, und vor allem haben wir diese Botschaft in allen von uns genutzten Kommunikationskan\u00e4len vermittelt.<\/p><p>Wir tun dies aus Verantwortungsbewusstsein und weil unser Land, in dem wir leben, den Respekt und die Sorgfalt verdient, die ihm unsere Kultur entgegenbringt. Aus diesem Grund sind der FIC und wir alle, die ihn erm\u00f6glichen, mit den notwendigen Strategien verbunden, um sein anhaltendes, nachhaltiges Wachstum in Bezug auf soziale Inklusion und Gleichheit sicherzustellen.<\/p>\t\t\t\t\t\t\t\t<\/div>\n\t\t\t\t<\/div>\n\t\t\t\t<div class=\"elementor-element elementor-element-fc707fa elementor-widget-divider--view-line elementor-widget elementor-widget-divider\" data-id=\"fc707fa\" data-element_type=\"widget\" data-e-type=\"widget\" data-widget_type=\"divider.default\">\n\t\t\t\t<div class=\"elementor-widget-container\">\n\t\t\t\t\t\t\t<div class=\"elementor-divider\">\n\t\t\t<span class=\"elementor-divider-separator\">\n\t\t\t\t\t\t<\/span>\n\t\t<\/div>\n\t\t\t\t\t\t<\/div>\n\t\t\t\t<\/div>\n\t\t\t\t\t<\/div>\n\t\t<\/div>\n\t\t\t\t\t<\/div>\n\t\t<\/section>\n\t\t\t\t<section class=\"elementor-section elementor-top-section elementor-element elementor-element-fe866fe elementor-section-boxed elementor-section-height-default elementor-section-height-default\" data-id=\"fe866fe\" data-element_type=\"section\" data-e-type=\"section\">\n\t\t\t\t\t\t<div class=\"elementor-container elementor-column-gap-default\">\n\t\t\t\t\t<div class=\"elementor-column elementor-col-50 elementor-top-column elementor-element elementor-element-4351451\" data-id=\"4351451\" data-element_type=\"column\" data-e-type=\"column\">\n\t\t\t<div class=\"elementor-widget-wrap elementor-element-populated\">\n\t\t\t\t\t\t<div class=\"elementor-element elementor-element-5151f10 elementor-widget elementor-widget-heading\" data-id=\"5151f10\" data-element_type=\"widget\" data-e-type=\"widget\" data-widget_type=\"heading.default\">\n\t\t\t\t<div class=\"elementor-widget-container\">\n\t\t\t\t\t<h2 class=\"elementor-heading-title elementor-size-default\">ECO FIC 2026<\/h2>\t\t\t\t<\/div>\n\t\t\t\t<\/div>\n\t\t\t\t<div class=\"elementor-element elementor-element-10674a0 elementor-widget elementor-widget-text-editor\" data-id=\"10674a0\" data-element_type=\"widget\" data-e-type=\"widget\" data-widget_type=\"text-editor.default\">\n\t\t\t\t<div class=\"elementor-widget-container\">\n\t\t\t\t\t\t\t\t\t<p>Die UN hat die Agenda 2030 f\u00fcr nachhaltige Entwicklung verabschiedet. Sie bietet L\u00e4ndern und ihren Gesellschaften die M\u00f6glichkeit, einen neuen Weg einzuschlagen, um das Leben ihrer Bev\u00f6lkerung umfassend zu verbessern.<\/p><p>Die Agenda umfasst 17 Ziele f\u00fcr nachhaltige Entwicklung (SDGs), darunter die Beseitigung der Armut, die Bek\u00e4mpfung des Klimawandels, Bildung, Gleichstellung, Umweltschutz und die Gestaltung unserer St\u00e4dte.<\/p><p>Jedes Ziel hat konkrete Vorgaben, die in den n\u00e4chsten zehn Jahren erreicht werden m\u00fcssen.<\/p><p>Das FIC m\u00f6chte dazu beitragen, diese Ziele bekannt zu machen, indem es das Festival mit den SDGs verbindet. In diesem Jahr haben wir uns zudem der Agenda 2030 angeschlossen, um uns noch st\u00e4rker f\u00fcr den Schutz unserer Erde einzusetzen.<\/p>\t\t\t\t\t\t\t\t<\/div>\n\t\t\t\t<\/div>\n\t\t\t\t<div class=\"elementor-element elementor-element-24ebf48 elementor-widget-divider--view-line elementor-widget elementor-widget-divider\" data-id=\"24ebf48\" data-element_type=\"widget\" data-e-type=\"widget\" data-widget_type=\"divider.default\">\n\t\t\t\t<div class=\"elementor-widget-container\">\n\t\t\t\t\t\t\t<div class=\"elementor-divider\">\n\t\t\t<span class=\"elementor-divider-separator\">\n\t\t\t\t\t\t<\/span>\n\t\t<\/div>\n\t\t\t\t\t\t<\/div>\n\t\t\t\t<\/div>\n\t\t\t\t<div class=\"elementor-element elementor-element-f962d6f elementor-widget elementor-widget-heading\" data-id=\"f962d6f\" data-element_type=\"widget\" data-e-type=\"widget\" data-widget_type=\"heading.default\">\n\t\t\t\t<div class=\"elementor-widget-container\">\n\t\t\t\t\t<h2 class=\"elementor-heading-title elementor-size-default\">GLEICHHEITSFIK<\/h2>\t\t\t\t<\/div>\n\t\t\t\t<\/div>\n\t\t\t\t<div class=\"elementor-element elementor-element-c110682 elementor-widget elementor-widget-text-editor\" data-id=\"c110682\" data-element_type=\"widget\" data-e-type=\"widget\" data-widget_type=\"text-editor.default\">\n\t\t\t\t<div class=\"elementor-widget-container\">\n\t\t\t\t\t\t\t\t\t<p>Beim FIC stehen die Sicherheit und das Wohlbefinden des Publikums an erster Stelle. Deshalb laden wir dich ein, dich dem Kampf gegen Bel\u00e4stigung und geschlechtsspezifische Gewalt in all ihren Formen anzuschlie\u00dfen. Wir wollen ein Festival ohne \u00dcbergriffe, auf dem sich alle Menschen sicher und respektiert f\u00fchlen. Um dies zu erreichen, haben wir an allen Orten des Festivals \u201ePuntos Violeta\u201c-Informationsstellen eingerichtet. Hier findest du wichtige Hinweise, wie du Situationen geschlechtsspezifischer Gewalt erkennen und darauf reagieren kannst. Wir m\u00f6chten, dass das FIC ein Vorbild f\u00fcr Zusammenleben und Respekt ist, wo Gleichberechtigung gef\u00f6rdert und diejenigen unterst\u00fctzt werden, die es am meisten brauchen. Dein Engagement ist entscheidend, um eine gerechtere und gewaltfreie Gesellschaft aufzubauen.<\/p>\t\t\t\t\t\t\t\t<\/div>\n\t\t\t\t<\/div>\n\t\t\t\t<div class=\"elementor-element elementor-element-7245a29 elementor-widget elementor-widget-image\" data-id=\"7245a29\" data-element_type=\"widget\" data-e-type=\"widget\" data-widget_type=\"image.default\">\n\t\t\t\t<div class=\"elementor-widget-container\">\n\t\t\t\t\t\t\t\t\t\t\t\t\t\t\t<img fetchpriority=\"high\" decoding=\"async\" data-attachment-id=\"5648\" data-permalink=\"https:\/\/festivalinternacionalclownbaret.com\/de\/sostenibilidad\/pegatinas_pv3\/\" data-orig-file=\"https:\/\/festivalinternacionalclownbaret.com\/wp-content\/uploads\/2025\/07\/Pegatinas_PV3.jpg\" data-orig-size=\"500,500\" data-comments-opened=\"1\" data-image-meta=\"{&quot;aperture&quot;:&quot;0&quot;,&quot;credit&quot;:&quot;&quot;,&quot;camera&quot;:&quot;&quot;,&quot;caption&quot;:&quot;&quot;,&quot;created_timestamp&quot;:&quot;0&quot;,&quot;copyright&quot;:&quot;&quot;,&quot;focal_length&quot;:&quot;0&quot;,&quot;iso&quot;:&quot;0&quot;,&quot;shutter_speed&quot;:&quot;0&quot;,&quot;title&quot;:&quot;&quot;,&quot;orientation&quot;:&quot;1&quot;}\" data-image-title=\"Pegatinas_PV3\" data-image-description=\"\" data-image-caption=\"\" data-large-file=\"https:\/\/festivalinternacionalclownbaret.com\/wp-content\/uploads\/2025\/07\/Pegatinas_PV3.jpg\" width=\"500\" height=\"500\" src=\"https:\/\/festivalinternacionalclownbaret.com\/wp-content\/uploads\/2025\/07\/Pegatinas_PV3.jpg\" class=\"attachment-large size-large wp-image-5648\" alt=\"\" srcset=\"https:\/\/festivalinternacionalclownbaret.com\/wp-content\/uploads\/2025\/07\/Pegatinas_PV3.jpg 500w, https:\/\/festivalinternacionalclownbaret.com\/wp-content\/uploads\/2025\/07\/Pegatinas_PV3-300x300.jpg 300w, https:\/\/festivalinternacionalclownbaret.com\/wp-content\/uploads\/2025\/07\/Pegatinas_PV3-150x150.jpg?crop=1 150w, https:\/\/festivalinternacionalclownbaret.com\/wp-content\/uploads\/2025\/07\/Pegatinas_PV3-12x12.jpg 12w\" sizes=\"(max-width: 500px) 100vw, 500px\" \/>\t\t\t\t\t\t\t\t\t\t\t\t\t\t\t<\/div>\n\t\t\t\t<\/div>\n\t\t\t\t<div class=\"elementor-element elementor-element-8a4fa01 elementor-widget-divider--view-line elementor-widget elementor-widget-divider\" data-id=\"8a4fa01\" data-element_type=\"widget\" data-e-type=\"widget\" data-widget_type=\"divider.default\">\n\t\t\t\t<div class=\"elementor-widget-container\">\n\t\t\t\t\t\t\t<div class=\"elementor-divider\">\n\t\t\t<span class=\"elementor-divider-separator\">\n\t\t\t\t\t\t<\/span>\n\t\t<\/div>\n\t\t\t\t\t\t<\/div>\n\t\t\t\t<\/div>\n\t\t\t\t<div class=\"elementor-element elementor-element-1588a2e elementor-widget elementor-widget-heading\" data-id=\"1588a2e\" data-element_type=\"widget\" data-e-type=\"widget\" data-widget_type=\"heading.default\">\n\t\t\t\t<div class=\"elementor-widget-container\">\n\t\t\t\t\t<h2 class=\"elementor-heading-title elementor-size-default\">FIC 2026 \u2013 EINRICHTUNGEN<\/h2>\t\t\t\t<\/div>\n\t\t\t\t<\/div>\n\t\t\t\t<div class=\"elementor-element elementor-element-84a571a elementor-widget elementor-widget-text-editor\" data-id=\"84a571a\" data-element_type=\"widget\" data-e-type=\"widget\" data-widget_type=\"text-editor.default\">\n\t\t\t\t<div class=\"elementor-widget-container\">\n\t\t\t\t\t\t\t\t\t<p>Das FIC findet an verschiedenen Orten statt und versucht, seine Shows dem Publikum in unterschiedlichem Rahmen n\u00e4her zu bringen. Um die Auswirkungen auf die Umwelt zu minimieren, werden bereits vorhandene Infrastrukturen genutzt (Teatro Leal, Auditorio Gu\u00eda de Isora, Teatro Cine Los Realejos, Auditorio Capitol, Espacio La Granja) und vor allem Freifl\u00e4chen (Pl\u00e4tze, Parks usw.), wo nicht nur das nat\u00fcrliche Licht, wann immer m\u00f6glich, optimal genutzt wird, sondern auch besondere Sorgfalt auf die Umgebung gelegt wird, indem ihr Endzustand \u00fcberpr\u00fcft wird, um sie im gleichen oder besseren Zustand als vor der Show zu hinterlassen.<\/p>\t\t\t\t\t\t\t\t<\/div>\n\t\t\t\t<\/div>\n\t\t\t\t<div class=\"elementor-element elementor-element-8802c4f elementor-hidden-desktop elementor-hidden-tablet elementor-hidden-mobile elementor-widget-divider--view-line elementor-widget elementor-widget-divider\" data-id=\"8802c4f\" data-element_type=\"widget\" data-e-type=\"widget\" data-widget_type=\"divider.default\">\n\t\t\t\t<div class=\"elementor-widget-container\">\n\t\t\t\t\t\t\t<div class=\"elementor-divider\">\n\t\t\t<span class=\"elementor-divider-separator\">\n\t\t\t\t\t\t<\/span>\n\t\t<\/div>\n\t\t\t\t\t\t<\/div>\n\t\t\t\t<\/div>\n\t\t\t\t<div class=\"elementor-element elementor-element-221dd42 elementor-hidden-desktop elementor-hidden-tablet elementor-hidden-mobile elementor-widget elementor-widget-heading\" data-id=\"221dd42\" data-element_type=\"widget\" data-e-type=\"widget\" data-widget_type=\"heading.default\">\n\t\t\t\t<div class=\"elementor-widget-container\">\n\t\t\t\t\t<h2 class=\"elementor-heading-title elementor-size-default\">Werden Sie Teil der BioVaso-Bewegung<\/h2>\t\t\t\t<\/div>\n\t\t\t\t<\/div>\n\t\t\t\t<div class=\"elementor-element elementor-element-918f25a elementor-hidden-desktop elementor-hidden-tablet elementor-hidden-mobile elementor-widget elementor-widget-image\" data-id=\"918f25a\" data-element_type=\"widget\" data-e-type=\"widget\" data-widget_type=\"image.default\">\n\t\t\t\t<div class=\"elementor-widget-container\">\n\t\t\t\t\t\t\t\t\t\t\t\t\t\t\t<img decoding=\"async\" data-attachment-id=\"6476\" data-permalink=\"https:\/\/festivalinternacionalclownbaret.com\/de\/sostenibilidad\/biovaso\/\" data-orig-file=\"https:\/\/festivalinternacionalclownbaret.com\/wp-content\/uploads\/2025\/07\/biovaso.jpg\" data-orig-size=\"1000,1129\" data-comments-opened=\"1\" data-image-meta=\"{&quot;aperture&quot;:&quot;0&quot;,&quot;credit&quot;:&quot;&quot;,&quot;camera&quot;:&quot;&quot;,&quot;caption&quot;:&quot;&quot;,&quot;created_timestamp&quot;:&quot;0&quot;,&quot;copyright&quot;:&quot;&quot;,&quot;focal_length&quot;:&quot;0&quot;,&quot;iso&quot;:&quot;0&quot;,&quot;shutter_speed&quot;:&quot;0&quot;,&quot;title&quot;:&quot;&quot;,&quot;orientation&quot;:&quot;0&quot;}\" data-image-title=\"biovaso\" data-image-description=\"\" data-image-caption=\"\" data-large-file=\"https:\/\/festivalinternacionalclownbaret.com\/wp-content\/uploads\/2025\/07\/biovaso-907x1024.jpg\" width=\"800\" height=\"903\" src=\"https:\/\/festivalinternacionalclownbaret.com\/wp-content\/uploads\/2025\/07\/biovaso-907x1024.jpg\" class=\"attachment-large size-large wp-image-6476\" alt=\"\" srcset=\"https:\/\/festivalinternacionalclownbaret.com\/wp-content\/uploads\/2025\/07\/biovaso-907x1024.jpg 907w, https:\/\/festivalinternacionalclownbaret.com\/wp-content\/uploads\/2025\/07\/biovaso-266x300.jpg 266w, https:\/\/festivalinternacionalclownbaret.com\/wp-content\/uploads\/2025\/07\/biovaso-768x867.jpg 768w, https:\/\/festivalinternacionalclownbaret.com\/wp-content\/uploads\/2025\/07\/biovaso-11x12.jpg 11w, https:\/\/festivalinternacionalclownbaret.com\/wp-content\/uploads\/2025\/07\/biovaso.jpg 1000w\" sizes=\"(max-width: 800px) 100vw, 800px\" \/>\t\t\t\t\t\t\t\t\t\t\t\t\t\t\t<\/div>\n\t\t\t\t<\/div>\n\t\t\t\t<div class=\"elementor-element elementor-element-cc880f0 elementor-hidden-desktop elementor-hidden-tablet elementor-hidden-mobile elementor-widget elementor-widget-text-editor\" data-id=\"cc880f0\" data-element_type=\"widget\" data-e-type=\"widget\" data-widget_type=\"text-editor.default\">\n\t\t\t\t<div class=\"elementor-widget-container\">\n\t\t\t\t\t\t\t\t\t<p>Die BioVaso-Bewegung ist eine kreisf\u00f6rmige, direkte und replizierbare Initiative mit dem Ziel, bei Kultur- und Sportveranstaltungen wiederverwendbare Plastikbecher durch kompostierbare, wasserdichte Pappbecher zu ersetzen. Diese von TROPIBATT INNOVACI\u00d3N INTEGRAL entwickelte Bewegung ist sich der Auswirkungen dieser Abf\u00e4lle bewusst und pl\u00e4diert f\u00fcr einen Paradigmenwechsel im Verh\u00e4ltnis zwischen Freizeit und Umwelt.<\/p>\t\t\t\t\t\t\t\t<\/div>\n\t\t\t\t<\/div>\n\t\t\t\t\t<\/div>\n\t\t<\/div>\n\t\t\t\t<div class=\"elementor-column elementor-col-50 elementor-top-column elementor-element elementor-element-a39f756\" data-id=\"a39f756\" data-element_type=\"column\" data-e-type=\"column\">\n\t\t\t<div class=\"elementor-widget-wrap elementor-element-populated\">\n\t\t\t\t\t\t<div class=\"elementor-element elementor-element-81a5038 elementor-widget elementor-widget-heading\" data-id=\"81a5038\" data-element_type=\"widget\" data-e-type=\"widget\" data-widget_type=\"heading.default\">\n\t\t\t\t<div class=\"elementor-widget-container\">\n\t\t\t\t\t<h2 class=\"elementor-heading-title elementor-size-default\">MOBILIT\u00c4T UND TRANSPORT FIC<\/h2>\t\t\t\t<\/div>\n\t\t\t\t<\/div>\n\t\t\t\t<div class=\"elementor-element elementor-element-d0b03c8 elementor-widget elementor-widget-text-editor\" data-id=\"d0b03c8\" data-element_type=\"widget\" data-e-type=\"widget\" data-widget_type=\"text-editor.default\">\n\t\t\t\t<div class=\"elementor-widget-container\">\n\t\t\t\t\t\t\t\t\t<p>Mobilit\u00e4t und Transport sind einer der gro\u00dfen Nachteile der Kanarischen Inseln als Region in \u00e4u\u00dferster Randlage. Zu der Komplexit\u00e4t der Reisen zu und zwischen den Inseln kommen noch die Besonderheiten der Mobilit\u00e4t im \u00f6ffentlichen Verkehr auf jeder Insel hinzu.<\/p><p>Das FIC achtet auf Effizienz bei der Bef\u00f6rderung von K\u00fcnstlern, indem die Anzahl der Auftritte pro Flugreise maximiert wird. Wir bevorzugen den Einsatz von Videotelefonaten, um die Anzahl der Reisen f\u00fcr Koordinationssitzungen zu reduzieren und so den CO2-Fu\u00dfabdruck zu verringern.<\/p><p>Die Teilnehmer werden auch eingeladen, mit \u00f6ffentlichen Verkehrsmitteln anzureisen oder sich mit dem Fahrrad oder Roller in der Stadt fortzubewegen. Dies geschieht \u00fcber die sozialen Netzwerke der Veranstaltung und die allgemeine Kommunikation, die vom Festival und unserem Kommunikationsteam angeboten wird.<\/p><p>Die Dezentralisierung des FIC erm\u00f6glicht es den Teilnehmern, die Veranstaltung in der N\u00e4he ihres Wohnorts zu Fu\u00df zu erreichen, und tr\u00e4gt so dazu bei, Kultur in weiter entfernte Umgebungen zu bringen und Reisen zu vermeiden.<\/p><p>Denken Sie daran, dass Sie, wenn Sie zum FIC kommen, mit den \u00f6ffentlichen Verkehrsmitteln von Titsa \u00fcberall hin gelangen, wo Sie hin m\u00fcssen. Alle Informationen finden Sie unter: <a href=\"https:\/\/www.titsa.com\" target=\"_blank\" rel=\"noopener\">titsa.com<\/a><\/p>\t\t\t\t\t\t\t\t<\/div>\n\t\t\t\t<\/div>\n\t\t\t\t<div class=\"elementor-element elementor-element-a6849d1 elementor-widget elementor-widget-image\" data-id=\"a6849d1\" data-element_type=\"widget\" data-e-type=\"widget\" data-widget_type=\"image.default\">\n\t\t\t\t<div class=\"elementor-widget-container\">\n\t\t\t\t\t\t\t\t\t\t\t\t\t\t\t<img decoding=\"async\" data-attachment-id=\"5689\" data-permalink=\"https:\/\/festivalinternacionalclownbaret.com\/de\/fic2024\/ojete\/\" data-orig-file=\"https:\/\/festivalinternacionalclownbaret.com\/wp-content\/uploads\/2025\/07\/ojete.png\" data-orig-size=\"210,413\" data-comments-opened=\"1\" data-image-meta=\"{&quot;aperture&quot;:&quot;0&quot;,&quot;credit&quot;:&quot;&quot;,&quot;camera&quot;:&quot;&quot;,&quot;caption&quot;:&quot;&quot;,&quot;created_timestamp&quot;:&quot;0&quot;,&quot;copyright&quot;:&quot;&quot;,&quot;focal_length&quot;:&quot;0&quot;,&quot;iso&quot;:&quot;0&quot;,&quot;shutter_speed&quot;:&quot;0&quot;,&quot;title&quot;:&quot;&quot;,&quot;orientation&quot;:&quot;0&quot;}\" data-image-title=\"ojete\" data-image-description=\"\" data-image-caption=\"\" data-large-file=\"https:\/\/festivalinternacionalclownbaret.com\/wp-content\/uploads\/2025\/07\/ojete.png\" width=\"210\" height=\"413\" src=\"https:\/\/festivalinternacionalclownbaret.com\/wp-content\/uploads\/2025\/07\/ojete.png\" class=\"attachment-full size-full wp-image-5689\" alt=\"\" srcset=\"https:\/\/festivalinternacionalclownbaret.com\/wp-content\/uploads\/2025\/07\/ojete.png 210w, https:\/\/festivalinternacionalclownbaret.com\/wp-content\/uploads\/2025\/07\/ojete-153x300.png 153w, https:\/\/festivalinternacionalclownbaret.com\/wp-content\/uploads\/2025\/07\/ojete-6x12.png 6w\" sizes=\"(max-width: 210px) 100vw, 210px\" \/>\t\t\t\t\t\t\t\t\t\t\t\t\t\t\t<\/div>\n\t\t\t\t<\/div>\n\t\t\t\t<div class=\"elementor-element elementor-element-cd700d0 elementor-widget-divider--view-line elementor-widget elementor-widget-divider\" data-id=\"cd700d0\" data-element_type=\"widget\" data-e-type=\"widget\" data-widget_type=\"divider.default\">\n\t\t\t\t<div class=\"elementor-widget-container\">\n\t\t\t\t\t\t\t<div class=\"elementor-divider\">\n\t\t\t<span class=\"elementor-divider-separator\">\n\t\t\t\t\t\t<\/span>\n\t\t<\/div>\n\t\t\t\t\t\t<\/div>\n\t\t\t\t<\/div>\n\t\t\t\t<div class=\"elementor-element elementor-element-019fdaa elementor-widget elementor-widget-heading\" data-id=\"019fdaa\" data-element_type=\"widget\" data-e-type=\"widget\" data-widget_type=\"heading.default\">\n\t\t\t\t<div class=\"elementor-widget-container\">\n\t\t\t\t\t<h2 class=\"elementor-heading-title elementor-size-default\">MITTEILUNG FIC 2026<\/h2>\t\t\t\t<\/div>\n\t\t\t\t<\/div>\n\t\t\t\t<div class=\"elementor-element elementor-element-ccb818e elementor-widget elementor-widget-text-editor\" data-id=\"ccb818e\" data-element_type=\"widget\" data-e-type=\"widget\" data-widget_type=\"text-editor.default\">\n\t\t\t\t<div class=\"elementor-widget-container\">\n\t\t\t\t\t\t\t\t\t<p>Wir kommunizieren verantwortungsbewusst und verzichten, wann immer m\u00f6glich, auf gedruckte Materialien. Wir nutzen das Internet und digitale Technologien, um FIC 2025 zu f\u00f6rdern und zu organisieren und erreichen so unser Ziel einer papierlosen Veranstaltung.<\/p><p>Wir haben eine im Vorfeld der Veranstaltung entwickelte Sensibilisierungskampagne \u00fcber die digitalen Medien verbreitet, um die Effizienz der durchgef\u00fchrten Ma\u00dfnahmen zu verbessern und einen h\u00f6heren Erfolgsgrad bei der angestrebten Reduzierung von Druckerzeugnissen zu erreichen.<\/p><p>Wir erf\u00fcllen Minimierungsziele und ermutigen die Teilnehmer, ihre Gewohnheiten \u00fcber die Grenzen der Veranstaltung hinaus zu \u00e4ndern.<\/p>\t\t\t\t\t\t\t\t<\/div>\n\t\t\t\t<\/div>\n\t\t\t\t<div class=\"elementor-element elementor-element-829eb68 elementor-hidden-desktop elementor-hidden-tablet elementor-hidden-mobile elementor-widget-divider--view-line elementor-widget elementor-widget-divider\" data-id=\"829eb68\" data-element_type=\"widget\" data-e-type=\"widget\" data-widget_type=\"divider.default\">\n\t\t\t\t<div class=\"elementor-widget-container\">\n\t\t\t\t\t\t\t<div class=\"elementor-divider\">\n\t\t\t<span class=\"elementor-divider-separator\">\n\t\t\t\t\t\t<\/span>\n\t\t<\/div>\n\t\t\t\t\t\t<\/div>\n\t\t\t\t<\/div>\n\t\t\t\t<div class=\"elementor-element elementor-element-7efec74 elementor-hidden-desktop elementor-hidden-tablet elementor-hidden-mobile elementor-widget elementor-widget-heading\" data-id=\"7efec74\" data-element_type=\"widget\" data-e-type=\"widget\" data-widget_type=\"heading.default\">\n\t\t\t\t<div class=\"elementor-widget-container\">\n\t\t\t\t\t<h2 class=\"elementor-heading-title elementor-size-default\">SOZIALE INKLUSION<\/h2>\t\t\t\t<\/div>\n\t\t\t\t<\/div>\n\t\t\t\t<div class=\"elementor-element elementor-element-afd24ea elementor-hidden-desktop elementor-hidden-tablet elementor-hidden-mobile elementor-widget elementor-widget-image\" data-id=\"afd24ea\" data-element_type=\"widget\" data-e-type=\"widget\" data-widget_type=\"image.default\">\n\t\t\t\t<div class=\"elementor-widget-container\">\n\t\t\t\t\t\t\t\t\t\t\t\t\t\t\t<img loading=\"lazy\" decoding=\"async\" data-attachment-id=\"6472\" data-permalink=\"https:\/\/festivalinternacionalclownbaret.com\/de\/sostenibilidad\/cultura-cuida\/\" data-orig-file=\"https:\/\/festivalinternacionalclownbaret.com\/wp-content\/uploads\/2025\/07\/cultura-cuida.jpg\" data-orig-size=\"1000,501\" data-comments-opened=\"1\" data-image-meta=\"{&quot;aperture&quot;:&quot;0&quot;,&quot;credit&quot;:&quot;&quot;,&quot;camera&quot;:&quot;&quot;,&quot;caption&quot;:&quot;&quot;,&quot;created_timestamp&quot;:&quot;0&quot;,&quot;copyright&quot;:&quot;&quot;,&quot;focal_length&quot;:&quot;0&quot;,&quot;iso&quot;:&quot;0&quot;,&quot;shutter_speed&quot;:&quot;0&quot;,&quot;title&quot;:&quot;&quot;,&quot;orientation&quot;:&quot;0&quot;}\" data-image-title=\"cultura-cuida\" data-image-description=\"\" data-image-caption=\"\" data-large-file=\"https:\/\/festivalinternacionalclownbaret.com\/wp-content\/uploads\/2025\/07\/cultura-cuida.jpg\" width=\"800\" height=\"401\" src=\"https:\/\/festivalinternacionalclownbaret.com\/wp-content\/uploads\/2025\/07\/cultura-cuida.jpg\" class=\"attachment-large size-large wp-image-6472\" alt=\"\" srcset=\"https:\/\/festivalinternacionalclownbaret.com\/wp-content\/uploads\/2025\/07\/cultura-cuida.jpg 1000w, https:\/\/festivalinternacionalclownbaret.com\/wp-content\/uploads\/2025\/07\/cultura-cuida-300x150.jpg 300w, https:\/\/festivalinternacionalclownbaret.com\/wp-content\/uploads\/2025\/07\/cultura-cuida-768x385.jpg 768w, https:\/\/festivalinternacionalclownbaret.com\/wp-content\/uploads\/2025\/07\/cultura-cuida-18x9.jpg 18w\" sizes=\"(max-width: 800px) 100vw, 800px\" \/>\t\t\t\t\t\t\t\t\t\t\t\t\t\t\t<\/div>\n\t\t\t\t<\/div>\n\t\t\t\t<div class=\"elementor-element elementor-element-8702a8b elementor-hidden-desktop elementor-hidden-tablet elementor-hidden-mobile elementor-widget elementor-widget-text-editor\" data-id=\"8702a8b\" data-element_type=\"widget\" data-e-type=\"widget\" data-widget_type=\"text-editor.default\">\n\t\t\t\t<div class=\"elementor-widget-container\">\n\t\t\t\t\t\t\t\t\t<p>Wir m\u00f6chten hervorheben, dass das soziale Engagement des FIC durch die k\u00fcrzlich erfolgte Aufnahme in die Auszeichnung \u201eCaring Culture\u201c, ein Solidarit\u00e4tssiegel von AFES Mental Health, gest\u00e4rkt wird. Diese Anerkennung unterstreicht die Arbeit des Festivals zur F\u00f6rderung von Inklusion, Zug\u00e4nglichkeit und zur Bek\u00e4mpfung der Stigmatisierung psychischer Erkrankungen. Die Zusammenarbeit mit AFES Salud Mental, einer Organisation, die sich der Unterst\u00fctzung von Menschen mit psychischen Problemen und deren Familien widmet, zeigt, wie wichtig die F\u00f6rderung einer nachhaltigen und integrativen Kultur ist.<\/p>\t\t\t\t\t\t\t\t<\/div>\n\t\t\t\t<\/div>\n\t\t\t\t\t<\/div>\n\t\t<\/div>\n\t\t\t\t\t<\/div>\n\t\t<\/section>\n\t\t\t\t<section class=\"elementor-section elementor-top-section elementor-element elementor-element-87ae61a elementor-section-boxed elementor-section-height-default elementor-section-height-default\" data-id=\"87ae61a\" data-element_type=\"section\" data-e-type=\"section\">\n\t\t\t\t\t\t<div class=\"elementor-container elementor-column-gap-default\">\n\t\t\t\t\t<div class=\"elementor-column elementor-col-100 elementor-top-column elementor-element elementor-element-9b7ccc8\" data-id=\"9b7ccc8\" data-element_type=\"column\" data-e-type=\"column\">\n\t\t\t<div class=\"elementor-widget-wrap elementor-element-populated\">\n\t\t\t\t\t\t<div class=\"elementor-element elementor-element-e249371 elementor-widget-divider--view-line elementor-widget elementor-widget-divider\" data-id=\"e249371\" data-element_type=\"widget\" data-e-type=\"widget\" data-widget_type=\"divider.default\">\n\t\t\t\t<div class=\"elementor-widget-container\">\n\t\t\t\t\t\t\t<div class=\"elementor-divider\">\n\t\t\t<span class=\"elementor-divider-separator\">\n\t\t\t\t\t\t<\/span>\n\t\t<\/div>\n\t\t\t\t\t\t<\/div>\n\t\t\t\t<\/div>\n\t\t\t\t<div class=\"elementor-element elementor-element-e89321a elementor-widget elementor-widget-heading\" data-id=\"e89321a\" data-element_type=\"widget\" data-e-type=\"widget\" data-widget_type=\"heading.default\">\n\t\t\t\t<div class=\"elementor-widget-container\">\n\t\t\t\t\t<h2 class=\"elementor-heading-title elementor-size-default\">Der nachhaltige FIC<\/h2>\t\t\t\t<\/div>\n\t\t\t\t<\/div>\n\t\t\t\t<div class=\"elementor-element elementor-element-14d5472 elementor-widget__width-initial elementor-widget elementor-widget-text-editor\" data-id=\"14d5472\" data-element_type=\"widget\" data-e-type=\"widget\" data-widget_type=\"text-editor.default\">\n\t\t\t\t<div class=\"elementor-widget-container\">\n\t\t\t\t\t\t\t\t\t<p>Die Ziele f\u00fcr nachhaltige Entwicklung sind mit all diesen Punkten verkn\u00fcpft und werden im gesamten Erscheinungsbild des Festivals erw\u00e4hnt. Auf diese Weise k\u00f6nnen wir das Umweltbewusstsein der \u00d6ffentlichkeit st\u00e4rken.<\/p><p>Wir legen auch Wert auf andere Aspekte wie die Nutzung der von uns der \u00d6ffentlichkeit zur Verf\u00fcgung gestellten Container, den allgemeinen Zugang zur Kultur, Workshops zum Umweltbewusstsein und Chancengleichheit f\u00fcr alle.<\/p>\t\t\t\t\t\t\t\t<\/div>\n\t\t\t\t<\/div>\n\t\t\t\t\t<\/div>\n\t\t<\/div>\n\t\t\t\t\t<\/div>\n\t\t<\/section>\n\t\t\t\t<section class=\"elementor-section elementor-top-section elementor-element elementor-element-039b228 elementor-section-boxed elementor-section-height-default elementor-section-height-default\" data-id=\"039b228\" data-element_type=\"section\" data-e-type=\"section\" data-settings=\"{&quot;background_background&quot;:&quot;classic&quot;}\">\n\t\t\t\t\t\t\t<div class=\"elementor-background-overlay\"><\/div>\n\t\t\t\t\t\t\t<div class=\"elementor-container elementor-column-gap-default\">\n\t\t\t\t\t<div class=\"elementor-column elementor-col-100 elementor-top-column elementor-element elementor-element-4474e69\" data-id=\"4474e69\" data-element_type=\"column\" data-e-type=\"column\">\n\t\t\t<div class=\"elementor-widget-wrap elementor-element-populated\">\n\t\t\t\t\t\t<div class=\"elementor-element elementor-element-ed7857c elementor-widget elementor-widget-image\" data-id=\"ed7857c\" data-element_type=\"widget\" data-e-type=\"widget\" data-widget_type=\"image.default\">\n\t\t\t\t<div class=\"elementor-widget-container\">\n\t\t\t\t\t\t\t\t\t\t\t\t\t\t\t<img loading=\"lazy\" decoding=\"async\" data-attachment-id=\"1713\" data-permalink=\"https:\/\/festivalinternacionalclownbaret.com\/de\/sostenibilidad\/plantillas-fic_023_aaff-2\/\" data-orig-file=\"https:\/\/festivalinternacionalclownbaret.com\/wp-content\/uploads\/2023\/09\/ODS_1080x1080px_fic_023-2.jpg\" data-orig-size=\"1803,911\" data-comments-opened=\"1\" data-image-meta=\"{&quot;aperture&quot;:&quot;0&quot;,&quot;credit&quot;:&quot;&quot;,&quot;camera&quot;:&quot;&quot;,&quot;caption&quot;:&quot;&quot;,&quot;created_timestamp&quot;:&quot;0&quot;,&quot;copyright&quot;:&quot;&quot;,&quot;focal_length&quot;:&quot;0&quot;,&quot;iso&quot;:&quot;0&quot;,&quot;shutter_speed&quot;:&quot;0&quot;,&quot;title&quot;:&quot;Plantillas Fic_023_AAFF&quot;,&quot;orientation&quot;:&quot;1&quot;}\" data-image-title=\"Plantillas Fic_023_AAFF\" data-image-description=\"\" data-image-caption=\"\" data-large-file=\"https:\/\/festivalinternacionalclownbaret.com\/wp-content\/uploads\/2023\/09\/ODS_1080x1080px_fic_023-2-1024x517.jpg\" width=\"1803\" height=\"911\" src=\"https:\/\/festivalinternacionalclownbaret.com\/wp-content\/uploads\/2023\/09\/ODS_1080x1080px_fic_023-2.jpg\" class=\"attachment-full size-full wp-image-1713\" alt=\"\" srcset=\"https:\/\/festivalinternacionalclownbaret.com\/wp-content\/uploads\/2023\/09\/ODS_1080x1080px_fic_023-2.jpg 1803w, https:\/\/festivalinternacionalclownbaret.com\/wp-content\/uploads\/2023\/09\/ODS_1080x1080px_fic_023-2-300x152.jpg 300w, https:\/\/festivalinternacionalclownbaret.com\/wp-content\/uploads\/2023\/09\/ODS_1080x1080px_fic_023-2-1024x517.jpg 1024w, https:\/\/festivalinternacionalclownbaret.com\/wp-content\/uploads\/2023\/09\/ODS_1080x1080px_fic_023-2-768x388.jpg 768w, https:\/\/festivalinternacionalclownbaret.com\/wp-content\/uploads\/2023\/09\/ODS_1080x1080px_fic_023-2-1536x776.jpg 1536w, https:\/\/festivalinternacionalclownbaret.com\/wp-content\/uploads\/2023\/09\/ODS_1080x1080px_fic_023-2-1200x606.jpg 1200w\" sizes=\"(max-width: 1803px) 100vw, 1803px\" \/>\t\t\t\t\t\t\t\t\t\t\t\t\t\t\t<\/div>\n\t\t\t\t<\/div>\n\t\t\t\t<div class=\"elementor-element elementor-element-dc02b76 elementor-widget-divider--view-line elementor-widget elementor-widget-divider\" data-id=\"dc02b76\" data-element_type=\"widget\" data-e-type=\"widget\" data-widget_type=\"divider.default\">\n\t\t\t\t<div class=\"elementor-widget-container\">\n\t\t\t\t\t\t\t<div class=\"elementor-divider\">\n\t\t\t<span class=\"elementor-divider-separator\">\n\t\t\t\t\t\t<\/span>\n\t\t<\/div>\n\t\t\t\t\t\t<\/div>\n\t\t\t\t<\/div>\n\t\t\t\t<div class=\"elementor-element elementor-element-ab4b395 elementor-widget__width-initial elementor-hidden-desktop elementor-hidden-tablet elementor-hidden-mobile elementor-widget elementor-widget-video\" data-id=\"ab4b395\" data-element_type=\"widget\" data-e-type=\"widget\" data-settings=\"{&quot;video_type&quot;:&quot;hosted&quot;,&quot;autoplay&quot;:&quot;yes&quot;,&quot;play_on_mobile&quot;:&quot;yes&quot;,&quot;mute&quot;:&quot;yes&quot;,&quot;controls&quot;:&quot;yes&quot;}\" data-widget_type=\"video.default\">\n\t\t\t\t<div class=\"elementor-widget-container\">\n\t\t\t\t\t\t\t<div class=\"e-hosted-video elementor-wrapper elementor-open-inline\">\n\t\t\t\t\t<video class=\"elementor-video\" src=\"https:\/\/videos.files.wordpress.com\/geqIRJGA\/sostenibilidad-fic_v4_def.mp4\" autoplay=\"\" controls=\"\" muted=\"muted\" playsinline=\"\" controlslist=\"nodownload\"><\/video>\n\t\t\t\t<\/div>\n\t\t\t\t\t\t<\/div>\n\t\t\t\t<\/div>\n\t\t\t\t<div class=\"elementor-element elementor-element-ff9f1dd elementor-hidden-desktop elementor-hidden-tablet elementor-hidden-mobile elementor-widget-divider--view-line elementor-widget elementor-widget-divider\" data-id=\"ff9f1dd\" data-element_type=\"widget\" data-e-type=\"widget\" data-widget_type=\"divider.default\">\n\t\t\t\t<div class=\"elementor-widget-container\">\n\t\t\t\t\t\t\t<div class=\"elementor-divider\">\n\t\t\t<span class=\"elementor-divider-separator\">\n\t\t\t\t\t\t<\/span>\n\t\t<\/div>\n\t\t\t\t\t\t<\/div>\n\t\t\t\t<\/div>\n\t\t\t\t<div class=\"elementor-element elementor-element-7b42a32 elementor-widget elementor-widget-image\" data-id=\"7b42a32\" data-element_type=\"widget\" data-e-type=\"widget\" data-widget_type=\"image.default\">\n\t\t\t\t<div class=\"elementor-widget-container\">\n\t\t\t\t\t\t\t\t\t\t\t\t\t\t\t<img loading=\"lazy\" decoding=\"async\" data-attachment-id=\"7866\" data-permalink=\"https:\/\/festivalinternacionalclownbaret.com\/de\/el-festival\/historia-provisional\/\" data-orig-file=\"https:\/\/festivalinternacionalclownbaret.com\/wp-content\/uploads\/2026\/04\/historia-provisional.jpg\" data-orig-size=\"1067,573\" data-comments-opened=\"1\" data-image-meta=\"{&quot;aperture&quot;:&quot;0&quot;,&quot;credit&quot;:&quot;&quot;,&quot;camera&quot;:&quot;&quot;,&quot;caption&quot;:&quot;&quot;,&quot;created_timestamp&quot;:&quot;0&quot;,&quot;copyright&quot;:&quot;&quot;,&quot;focal_length&quot;:&quot;0&quot;,&quot;iso&quot;:&quot;0&quot;,&quot;shutter_speed&quot;:&quot;0&quot;,&quot;title&quot;:&quot;&quot;,&quot;orientation&quot;:&quot;0&quot;}\" data-image-title=\"historia-provisional\" data-image-description=\"\" data-image-caption=\"\" data-large-file=\"https:\/\/festivalinternacionalclownbaret.com\/wp-content\/uploads\/2026\/04\/historia-provisional-1024x550.jpg\" width=\"1067\" height=\"573\" src=\"https:\/\/festivalinternacionalclownbaret.com\/wp-content\/uploads\/2026\/04\/historia-provisional.jpg\" class=\"attachment-full size-full wp-image-7866\" alt=\"\" srcset=\"https:\/\/festivalinternacionalclownbaret.com\/wp-content\/uploads\/2026\/04\/historia-provisional.jpg 1067w, https:\/\/festivalinternacionalclownbaret.com\/wp-content\/uploads\/2026\/04\/historia-provisional-300x161.jpg 300w, https:\/\/festivalinternacionalclownbaret.com\/wp-content\/uploads\/2026\/04\/historia-provisional-1024x550.jpg 1024w, https:\/\/festivalinternacionalclownbaret.com\/wp-content\/uploads\/2026\/04\/historia-provisional-768x412.jpg 768w, https:\/\/festivalinternacionalclownbaret.com\/wp-content\/uploads\/2026\/04\/historia-provisional-18x10.jpg 18w\" sizes=\"(max-width: 1067px) 100vw, 1067px\" \/>\t\t\t\t\t\t\t\t\t\t\t\t\t\t\t<\/div>\n\t\t\t\t<\/div>\n\t\t\t\t\t<\/div>\n\t\t<\/div>\n\t\t\t\t\t<\/div>\n\t\t<\/section>\n\t\t\t\t<\/div>","protected":false},"excerpt":{"rendered":"<p>sostenibilidad El Festival Internacional Clownbaret ha crecido enormemente a lo largo de estos 20 a\u00f1os. Y lo ha hecho de manera sostenible para Canarias. Descentralizando la programaci\u00f3n para llegar a todos y a todas y programando espect\u00e1culos de lenguaje universal. Llegando a hospitales, centros de personas con discapacidad y centros de mayores con sus visitas [&hellip;]<\/p>\n","protected":false},"author":94859360,"featured_media":0,"parent":0,"menu_order":9,"comment_status":"closed","ping_status":"closed","template":"elementor_header_footer","meta":{"_crdt_document":"","footnotes":""},"ubicacion":[],"class_list":["post-1706","page","type-page","status-publish","hentry"],"yoast_head":"<!-- This site is optimized with the Yoast SEO plugin v27.4 - https:\/\/yoast.com\/product\/yoast-seo-wordpress\/ -->\n<title>Sostenibilidad - FIC2026<\/title>\n<meta name=\"robots\" content=\"index, follow, max-snippet:-1, max-image-preview:large, max-video-preview:-1\" \/>\n<link rel=\"canonical\" href=\"https:\/\/festivalinternacionalclownbaret.com\/de\/sostenibilidad\/\" \/>\n<meta property=\"og:locale\" content=\"de_DE\" \/>\n<meta property=\"og:type\" content=\"article\" \/>\n<meta property=\"og:title\" content=\"Sostenibilidad - FIC2026\" \/>\n<meta property=\"og:description\" content=\"sostenibilidad El Festival Internacional Clownbaret ha crecido enormemente a lo largo de estos 20 a\u00f1os. Y lo ha hecho de manera sostenible para Canarias. Descentralizando la programaci\u00f3n para llegar a todos y a todas y programando espect\u00e1culos de lenguaje universal. Llegando a hospitales, centros de personas con discapacidad y centros de mayores con sus visitas [&hellip;]\" \/>\n<meta property=\"og:url\" content=\"https:\/\/festivalinternacionalclownbaret.com\/de\/sostenibilidad\/\" \/>\n<meta property=\"og:site_name\" content=\"FIC2026\" \/>\n<meta property=\"article:publisher\" content=\"https:\/\/www.facebook.com\/FIClownbaret\/\" \/>\n<meta property=\"article:modified_time\" content=\"2026-04-17T07:50:56+00:00\" \/>\n<meta property=\"og:image\" content=\"https:\/\/festivalinternacionalclownbaret.com\/wp-content\/uploads\/2025\/07\/Pegatinas_PV3.jpg\" \/>\n\t<meta property=\"og:image:width\" content=\"500\" \/>\n\t<meta property=\"og:image:height\" content=\"500\" \/>\n\t<meta property=\"og:image:type\" content=\"image\/jpeg\" \/>\n<meta name=\"twitter:card\" content=\"summary_large_image\" \/>\n<meta name=\"twitter:label1\" content=\"Gesch\u00e4tzte Lesezeit\" \/>\n\t<meta name=\"twitter:data1\" content=\"6\u00a0Minuten\" \/>\n<script type=\"application\/ld+json\" class=\"yoast-schema-graph\">{\"@context\":\"https:\\\/\\\/schema.org\",\"@graph\":[{\"@type\":\"WebPage\",\"@id\":\"https:\\\/\\\/festivalinternacionalclownbaret.com\\\/sostenibilidad\\\/\",\"url\":\"https:\\\/\\\/festivalinternacionalclownbaret.com\\\/sostenibilidad\\\/\",\"name\":\"Sostenibilidad - FIC2026\",\"isPartOf\":{\"@id\":\"https:\\\/\\\/festivalinternacionalclownbaret.com\\\/#website\"},\"primaryImageOfPage\":{\"@id\":\"https:\\\/\\\/festivalinternacionalclownbaret.com\\\/sostenibilidad\\\/#primaryimage\"},\"image\":{\"@id\":\"https:\\\/\\\/festivalinternacionalclownbaret.com\\\/sostenibilidad\\\/#primaryimage\"},\"thumbnailUrl\":\"https:\\\/\\\/festivalinternacionalclownbaret.com\\\/wp-content\\\/uploads\\\/2025\\\/07\\\/Pegatinas_PV3.jpg\",\"datePublished\":\"2023-09-15T06:16:43+00:00\",\"dateModified\":\"2026-04-17T07:50:56+00:00\",\"breadcrumb\":{\"@id\":\"https:\\\/\\\/festivalinternacionalclownbaret.com\\\/sostenibilidad\\\/#breadcrumb\"},\"inLanguage\":\"de\",\"potentialAction\":[{\"@type\":\"ReadAction\",\"target\":[\"https:\\\/\\\/festivalinternacionalclownbaret.com\\\/sostenibilidad\\\/\"]}]},{\"@type\":\"ImageObject\",\"inLanguage\":\"de\",\"@id\":\"https:\\\/\\\/festivalinternacionalclownbaret.com\\\/sostenibilidad\\\/#primaryimage\",\"url\":\"https:\\\/\\\/festivalinternacionalclownbaret.com\\\/wp-content\\\/uploads\\\/2025\\\/07\\\/Pegatinas_PV3.jpg\",\"contentUrl\":\"https:\\\/\\\/festivalinternacionalclownbaret.com\\\/wp-content\\\/uploads\\\/2025\\\/07\\\/Pegatinas_PV3.jpg\"},{\"@type\":\"BreadcrumbList\",\"@id\":\"https:\\\/\\\/festivalinternacionalclownbaret.com\\\/sostenibilidad\\\/#breadcrumb\",\"itemListElement\":[{\"@type\":\"ListItem\",\"position\":1,\"name\":\"Portada\",\"item\":\"https:\\\/\\\/festivalinternacionalclownbaret.com\\\/\"},{\"@type\":\"ListItem\",\"position\":2,\"name\":\"Sostenibilidad\"}]},{\"@type\":\"WebSite\",\"@id\":\"https:\\\/\\\/festivalinternacionalclownbaret.com\\\/#website\",\"url\":\"https:\\\/\\\/festivalinternacionalclownbaret.com\\\/\",\"name\":\"FIC2026\",\"description\":\"XIX Festival Internacional Clownbaret\",\"publisher\":{\"@id\":\"https:\\\/\\\/festivalinternacionalclownbaret.com\\\/#organization\"},\"potentialAction\":[{\"@type\":\"SearchAction\",\"target\":{\"@type\":\"EntryPoint\",\"urlTemplate\":\"https:\\\/\\\/festivalinternacionalclownbaret.com\\\/?s={search_term_string}\"},\"query-input\":{\"@type\":\"PropertyValueSpecification\",\"valueRequired\":true,\"valueName\":\"search_term_string\"}}],\"inLanguage\":\"de\"},{\"@type\":\"Organization\",\"@id\":\"https:\\\/\\\/festivalinternacionalclownbaret.com\\\/#organization\",\"name\":\"FIC2026\",\"url\":\"https:\\\/\\\/festivalinternacionalclownbaret.com\\\/\",\"logo\":{\"@type\":\"ImageObject\",\"inLanguage\":\"de\",\"@id\":\"https:\\\/\\\/festivalinternacionalclownbaret.com\\\/#\\\/schema\\\/logo\\\/image\\\/\",\"url\":\"\",\"contentUrl\":\"\",\"caption\":\"FIC2026\"},\"image\":{\"@id\":\"https:\\\/\\\/festivalinternacionalclownbaret.com\\\/#\\\/schema\\\/logo\\\/image\\\/\"},\"sameAs\":[\"https:\\\/\\\/www.facebook.com\\\/FIClownbaret\\\/\"]}]}<\/script>\n<!-- \/ Yoast SEO plugin. -->","yoast_head_json":{"title":"Sostenibilidad - FIC2026","robots":{"index":"index","follow":"follow","max-snippet":"max-snippet:-1","max-image-preview":"max-image-preview:large","max-video-preview":"max-video-preview:-1"},"canonical":"https:\/\/festivalinternacionalclownbaret.com\/de\/sostenibilidad\/","og_locale":"de_DE","og_type":"article","og_title":"Sostenibilidad - FIC2026","og_description":"sostenibilidad El Festival Internacional Clownbaret ha crecido enormemente a lo largo de estos 20 a\u00f1os. Y lo ha hecho de manera sostenible para Canarias. Descentralizando la programaci\u00f3n para llegar a todos y a todas y programando espect\u00e1culos de lenguaje universal. Llegando a hospitales, centros de personas con discapacidad y centros de mayores con sus visitas [&hellip;]","og_url":"https:\/\/festivalinternacionalclownbaret.com\/de\/sostenibilidad\/","og_site_name":"FIC2026","article_publisher":"https:\/\/www.facebook.com\/FIClownbaret\/","article_modified_time":"2026-04-17T07:50:56+00:00","og_image":[{"width":500,"height":500,"url":"https:\/\/festivalinternacionalclownbaret.com\/wp-content\/uploads\/2025\/07\/Pegatinas_PV3.jpg","type":"image\/jpeg"}],"twitter_card":"summary_large_image","twitter_misc":{"Gesch\u00e4tzte Lesezeit":"6\u00a0Minuten"},"schema":{"@context":"https:\/\/schema.org","@graph":[{"@type":"WebPage","@id":"https:\/\/festivalinternacionalclownbaret.com\/sostenibilidad\/","url":"https:\/\/festivalinternacionalclownbaret.com\/sostenibilidad\/","name":"Sostenibilidad - FIC2026","isPartOf":{"@id":"https:\/\/festivalinternacionalclownbaret.com\/#website"},"primaryImageOfPage":{"@id":"https:\/\/festivalinternacionalclownbaret.com\/sostenibilidad\/#primaryimage"},"image":{"@id":"https:\/\/festivalinternacionalclownbaret.com\/sostenibilidad\/#primaryimage"},"thumbnailUrl":"https:\/\/festivalinternacionalclownbaret.com\/wp-content\/uploads\/2025\/07\/Pegatinas_PV3.jpg","datePublished":"2023-09-15T06:16:43+00:00","dateModified":"2026-04-17T07:50:56+00:00","breadcrumb":{"@id":"https:\/\/festivalinternacionalclownbaret.com\/sostenibilidad\/#breadcrumb"},"inLanguage":"de","potentialAction":[{"@type":"ReadAction","target":["https:\/\/festivalinternacionalclownbaret.com\/sostenibilidad\/"]}]},{"@type":"ImageObject","inLanguage":"de","@id":"https:\/\/festivalinternacionalclownbaret.com\/sostenibilidad\/#primaryimage","url":"https:\/\/festivalinternacionalclownbaret.com\/wp-content\/uploads\/2025\/07\/Pegatinas_PV3.jpg","contentUrl":"https:\/\/festivalinternacionalclownbaret.com\/wp-content\/uploads\/2025\/07\/Pegatinas_PV3.jpg"},{"@type":"BreadcrumbList","@id":"https:\/\/festivalinternacionalclownbaret.com\/sostenibilidad\/#breadcrumb","itemListElement":[{"@type":"ListItem","position":1,"name":"Portada","item":"https:\/\/festivalinternacionalclownbaret.com\/"},{"@type":"ListItem","position":2,"name":"Sostenibilidad"}]},{"@type":"WebSite","@id":"https:\/\/festivalinternacionalclownbaret.com\/#website","url":"https:\/\/festivalinternacionalclownbaret.com\/","name":"FIC2026","description":"19. Internationales Clownbaret-Festival","publisher":{"@id":"https:\/\/festivalinternacionalclownbaret.com\/#organization"},"potentialAction":[{"@type":"SearchAction","target":{"@type":"EntryPoint","urlTemplate":"https:\/\/festivalinternacionalclownbaret.com\/?s={search_term_string}"},"query-input":{"@type":"PropertyValueSpecification","valueRequired":true,"valueName":"search_term_string"}}],"inLanguage":"de"},{"@type":"Organization","@id":"https:\/\/festivalinternacionalclownbaret.com\/#organization","name":"FIC2026","url":"https:\/\/festivalinternacionalclownbaret.com\/","logo":{"@type":"ImageObject","inLanguage":"de","@id":"https:\/\/festivalinternacionalclownbaret.com\/#\/schema\/logo\/image\/","url":"","contentUrl":"","caption":"FIC2026"},"image":{"@id":"https:\/\/festivalinternacionalclownbaret.com\/#\/schema\/logo\/image\/"},"sameAs":["https:\/\/www.facebook.com\/FIClownbaret\/"]}]}},"jetpack_likes_enabled":true,"jetpack_sharing_enabled":true,"jetpack_shortlink":"https:\/\/wp.me\/PeY64T-rw","jetpack-related-posts":[{"id":10,"url":"https:\/\/festivalinternacionalclownbaret.com\/de\/","url_meta":{"origin":1706,"position":0},"title":"20. Internationales Clownbaret-Festival","author":"davidujja","date":"30 de Juli de 2023","format":false,"excerpt":"Instagram Facebook Youtube X-twitter Tiktok XIX Festival Internacional Clownbaret Del 29 de septiembre al 12 de octubre de 2025 INICIO El Festival Programa Artistas y compa\u00f1\u00edas Talleres Sostenibilidad Actividades asociadas Patrocinadores Prensa y contacto Dossier de prensa Instagram Facebook Youtube X-twitter Tiktok XX Festival Internacional Clownbaret Del 28 de septiembre\u2026","rel":"","context":"\u00c4hnlicher Beitrag","block_context":{"text":"\u00c4hnlicher Beitrag","link":""},"img":{"alt_text":"","src":"https:\/\/i0.wp.com\/festivalinternacionalclownbaret.com\/wp-content\/uploads\/2026\/04\/logos-movil-2026.jpg?resize=350%2C200&ssl=1","width":350,"height":200,"srcset":"https:\/\/i0.wp.com\/festivalinternacionalclownbaret.com\/wp-content\/uploads\/2026\/04\/logos-movil-2026.jpg?resize=350%2C200&ssl=1 1x, https:\/\/i0.wp.com\/festivalinternacionalclownbaret.com\/wp-content\/uploads\/2026\/04\/logos-movil-2026.jpg?resize=525%2C300&ssl=1 1.5x"},"classes":[]},{"id":525,"url":"https:\/\/festivalinternacionalclownbaret.com\/de\/actividades-asociadas\/","url_meta":{"origin":1706,"position":1},"title":"Zugeh\u00f6rige Aktivit\u00e4ten","author":"davidujja","date":"25 de September de 2023","format":false,"excerpt":"Actividades asociadas FIC 2026 El arte de payaso es una valiosa herramienta que puede utilizarse como recurso terap\u00e9utico, did\u00e1ctico, de reconstrucci\u00f3n del tejido social y recreativo que potencia la inclusi\u00f3n social de colectivos discriminados o en dificultades. EN ESTA XX EDICI\u00d3N DEL FIC SE REALIZAR\u00c1N LAS SIGUIENTES ACTIVIDADES: PAYASOS SOCIALES\u2026","rel":"","context":"\u00c4hnlicher Beitrag","block_context":{"text":"\u00c4hnlicher Beitrag","link":""},"img":{"alt_text":"","src":"https:\/\/i0.wp.com\/festivalinternacionalclownbaret.com\/wp-content\/uploads\/2025\/07\/mayores-1024x576.jpg?resize=350%2C200&ssl=1","width":350,"height":200,"srcset":"https:\/\/i0.wp.com\/festivalinternacionalclownbaret.com\/wp-content\/uploads\/2025\/07\/mayores-1024x576.jpg?resize=350%2C200&ssl=1 1x, https:\/\/i0.wp.com\/festivalinternacionalclownbaret.com\/wp-content\/uploads\/2025\/07\/mayores-1024x576.jpg?resize=525%2C300&ssl=1 1.5x, https:\/\/i0.wp.com\/festivalinternacionalclownbaret.com\/wp-content\/uploads\/2025\/07\/mayores-1024x576.jpg?resize=700%2C400&ssl=1 2x"},"classes":[]},{"id":796,"url":"https:\/\/festivalinternacionalclownbaret.com\/de\/santa-cruz\/","url_meta":{"origin":1706,"position":2},"title":"Santa Cruz","author":"davidujja","date":"15 de September de 2023","format":false,"excerpt":"Fic Santa Cruz Sede principal del FIC 2024 FIC SANTA CRUZ Te conquistamos en la calle La sede principal del FIC se ilumina de clown y circo este octubre. Te esperamos donde siempre.El s\u00e1bado 5 no te pierdas a Leandre Clown con N\u2019imPORTE Quoi en el Teatro Guimer\u00e1, con entrada\u2026","rel":"","context":"\u00c4hnlicher Beitrag","block_context":{"text":"\u00c4hnlicher Beitrag","link":""},"img":{"alt_text":"","src":"https:\/\/i0.wp.com\/festivalinternacionalclownbaret.com\/wp-content\/uploads\/2024\/07\/CIRC2-134.jpg?resize=350%2C200&ssl=1","width":350,"height":200,"srcset":"https:\/\/i0.wp.com\/festivalinternacionalclownbaret.com\/wp-content\/uploads\/2024\/07\/CIRC2-134.jpg?resize=350%2C200&ssl=1 1x, https:\/\/i0.wp.com\/festivalinternacionalclownbaret.com\/wp-content\/uploads\/2024\/07\/CIRC2-134.jpg?resize=525%2C300&ssl=1 1.5x, https:\/\/i0.wp.com\/festivalinternacionalclownbaret.com\/wp-content\/uploads\/2024\/07\/CIRC2-134.jpg?resize=700%2C400&ssl=1 2x, https:\/\/i0.wp.com\/festivalinternacionalclownbaret.com\/wp-content\/uploads\/2024\/07\/CIRC2-134.jpg?resize=1050%2C600&ssl=1 3x, https:\/\/i0.wp.com\/festivalinternacionalclownbaret.com\/wp-content\/uploads\/2024\/07\/CIRC2-134.jpg?resize=1400%2C800&ssl=1 4x"},"classes":[]},{"id":5895,"url":"https:\/\/festivalinternacionalclownbaret.com\/de\/talleres-2024\/","url_meta":{"origin":1706,"position":3},"title":"Werkstatt","author":"Brian Rodr\u00edguez","date":"23 de Juli de 2025","format":false,"excerpt":"TaLlErEs TALLER DE CLOWN CON PETER SHUB INSCRIPCIONES EDAD RECOMENDADA: +18 A\u00d1OS ESPACIO LA GRANJA. SANTA CRUZ DE TENERIFE 6, 7 y 8 de octubre de 17:00 a 21:00 MAKE THEM LAUGH \u2013 Taller de clown y comedia con Peter ShubEl FIC presenta este taller como una oportunidad \u00fanica para\u2026","rel":"","context":"\u00c4hnlicher Beitrag","block_context":{"text":"\u00c4hnlicher Beitrag","link":""},"img":{"alt_text":"","src":"https:\/\/i0.wp.com\/festivalinternacionalclownbaret.com\/wp-content\/uploads\/2026\/04\/SHUB-TALLER-684x1024.jpg?resize=350%2C200&ssl=1","width":350,"height":200,"srcset":"https:\/\/i0.wp.com\/festivalinternacionalclownbaret.com\/wp-content\/uploads\/2026\/04\/SHUB-TALLER-684x1024.jpg?resize=350%2C200&ssl=1 1x, https:\/\/i0.wp.com\/festivalinternacionalclownbaret.com\/wp-content\/uploads\/2026\/04\/SHUB-TALLER-684x1024.jpg?resize=525%2C300&ssl=1 1.5x"},"classes":[]},{"id":3313,"url":"https:\/\/festivalinternacionalclownbaret.com\/de\/payasos-en-ruta-guia-de-isora\/","url_meta":{"origin":1706,"position":4},"title":"Payasos en ruta Gu\u00eda de Isora","author":"davidujja","date":"17 de Juli de 2024","format":false,"excerpt":"PAYASOS EN RUTA TENERIFE Descargar programa GU\u00cdA DE ISORA Jueves 3 de octubre. 11:00 45 min VAYA CIRCO (funci\u00f3n escolar) CIRCOBAYA 11:00 - 45 min + 5 a\u00f1os AUDIT. Gu\u00eda de Isora Con m\u00e1s de 500 funciones en una decena de pa\u00edses, Vaya Circo aterriza en el FIC de la\u2026","rel":"","context":"\u00c4hnlicher Beitrag","block_context":{"text":"\u00c4hnlicher Beitrag","link":""},"img":{"alt_text":"","src":"","width":0,"height":0},"classes":[]},{"id":3315,"url":"https:\/\/festivalinternacionalclownbaret.com\/de\/payasos-en-ruta-santiago-del-teide\/","url_meta":{"origin":1706,"position":5},"title":"Payasos en ruta Santiago del Teide","author":"davidujja","date":"17 de Juli de 2024","format":false,"excerpt":"PAYASOS EN RUTA TENERIFE Descargar programa Santiago del teide Viernes 11 de octubre. 18:30 45 min insomni Dudu Arnalot 18:30 - 45 min Familiar Plaza Norberto Garc\u00eda (La Vigil\u00eda) Una plaza con una cama antigua y un payaso preparado para dormir. Con este punto de partida se presenta Dudu Arnalot\u2026","rel":"","context":"\u00c4hnlicher Beitrag","block_context":{"text":"\u00c4hnlicher Beitrag","link":""},"img":{"alt_text":"","src":"","width":0,"height":0},"classes":[]}],"_links":{"self":[{"href":"https:\/\/festivalinternacionalclownbaret.com\/de\/wp-json\/wp\/v2\/pages\/1706","targetHints":{"allow":["GET"]}}],"collection":[{"href":"https:\/\/festivalinternacionalclownbaret.com\/de\/wp-json\/wp\/v2\/pages"}],"about":[{"href":"https:\/\/festivalinternacionalclownbaret.com\/de\/wp-json\/wp\/v2\/types\/page"}],"author":[{"embeddable":true,"href":"https:\/\/festivalinternacionalclownbaret.com\/de\/wp-json\/wp\/v2\/users\/94859360"}],"replies":[{"embeddable":true,"href":"https:\/\/festivalinternacionalclownbaret.com\/de\/wp-json\/wp\/v2\/comments?post=1706"}],"version-history":[{"count":100,"href":"https:\/\/festivalinternacionalclownbaret.com\/de\/wp-json\/wp\/v2\/pages\/1706\/revisions"}],"predecessor-version":[{"id":7989,"href":"https:\/\/festivalinternacionalclownbaret.com\/de\/wp-json\/wp\/v2\/pages\/1706\/revisions\/7989"}],"wp:attachment":[{"href":"https:\/\/festivalinternacionalclownbaret.com\/de\/wp-json\/wp\/v2\/media?parent=1706"}],"wp:term":[{"taxonomy":"ubicacion","embeddable":true,"href":"https:\/\/festivalinternacionalclownbaret.com\/de\/wp-json\/wp\/v2\/ubicacion?post=1706"}],"curies":[{"name":"wp","href":"https:\/\/api.w.org\/{rel}","templated":true}]}}