{"id":525,"date":"2023-09-25T21:44:07","date_gmt":"2023-09-25T20:44:07","guid":{"rendered":"https:\/\/festivalinternacionalclownbaret.com\/?page_id=525"},"modified":"2026-04-16T13:43:34","modified_gmt":"2026-04-16T12:43:34","slug":"actividades-asociadas","status":"publish","type":"page","link":"https:\/\/festivalinternacionalclownbaret.com\/de\/actividades-asociadas\/","title":{"rendered":"Zugeh\u00f6rige Aktivit\u00e4ten"},"content":{"rendered":"<div data-elementor-type=\"wp-page\" data-elementor-id=\"525\" class=\"elementor elementor-525\" data-elementor-post-type=\"page\">\n\t\t\t\t\t\t<section class=\"elementor-section elementor-top-section elementor-element elementor-element-5fc7bf3 elementor-section-boxed elementor-section-height-default elementor-section-height-default\" data-id=\"5fc7bf3\" data-element_type=\"section\" data-e-type=\"section\">\n\t\t\t\t\t\t<div class=\"elementor-container elementor-column-gap-default\">\n\t\t\t\t\t<div class=\"elementor-column elementor-col-100 elementor-top-column elementor-element elementor-element-fc8b922\" data-id=\"fc8b922\" data-element_type=\"column\" data-e-type=\"column\">\n\t\t\t<div class=\"elementor-widget-wrap elementor-element-populated\">\n\t\t\t\t\t\t<div class=\"elementor-element elementor-element-539721e elementor-widget elementor-widget-heading\" data-id=\"539721e\" data-element_type=\"widget\" data-e-type=\"widget\" data-widget_type=\"heading.default\">\n\t\t\t\t<div class=\"elementor-widget-container\">\n\t\t\t\t\t<h2 class=\"elementor-heading-title elementor-size-default\">Zugeh\u00f6rige Aktivit\u00e4ten<\/h2>\t\t\t\t<\/div>\n\t\t\t\t<\/div>\n\t\t\t\t<div class=\"elementor-element elementor-element-4cb67fc elementor-widget-divider--view-line elementor-widget elementor-widget-divider\" data-id=\"4cb67fc\" data-element_type=\"widget\" data-e-type=\"widget\" data-widget_type=\"divider.default\">\n\t\t\t\t<div class=\"elementor-widget-container\">\n\t\t\t\t\t\t\t<div class=\"elementor-divider\">\n\t\t\t<span class=\"elementor-divider-separator\">\n\t\t\t\t\t\t<\/span>\n\t\t<\/div>\n\t\t\t\t\t\t<\/div>\n\t\t\t\t<\/div>\n\t\t\t\t\t<\/div>\n\t\t<\/div>\n\t\t\t\t\t<\/div>\n\t\t<\/section>\n\t\t\t\t<section class=\"elementor-section elementor-top-section elementor-element elementor-element-857c12e elementor-section-boxed elementor-section-height-default elementor-section-height-default\" data-id=\"857c12e\" data-element_type=\"section\" data-e-type=\"section\" data-settings=\"{&quot;background_background&quot;:&quot;classic&quot;}\">\n\t\t\t\t\t\t\t<div class=\"elementor-background-overlay\"><\/div>\n\t\t\t\t\t\t\t<div class=\"elementor-container elementor-column-gap-default\">\n\t\t\t\t\t<div class=\"elementor-column elementor-col-100 elementor-top-column elementor-element elementor-element-553ccd8\" data-id=\"553ccd8\" data-element_type=\"column\" data-e-type=\"column\">\n\t\t\t<div class=\"elementor-widget-wrap elementor-element-populated\">\n\t\t\t\t\t\t<div class=\"elementor-element elementor-element-a38818e elementor-widget elementor-widget-heading\" data-id=\"a38818e\" data-element_type=\"widget\" data-e-type=\"widget\" data-widget_type=\"heading.default\">\n\t\t\t\t<div class=\"elementor-widget-container\">\n\t\t\t\t\t<h2 class=\"elementor-heading-title elementor-size-default\">FIC 2026<\/h2>\t\t\t\t<\/div>\n\t\t\t\t<\/div>\n\t\t\t\t<div class=\"elementor-element elementor-element-fb289a1 elementor-widget elementor-widget-text-editor\" data-id=\"fb289a1\" data-element_type=\"widget\" data-e-type=\"widget\" data-widget_type=\"text-editor.default\">\n\t\t\t\t<div class=\"elementor-widget-container\">\n\t\t\t\t\t\t\t\t\t<p>Die Kunst des Clownings ist ein wertvolles Instrument, das als therapeutische, p\u00e4dagogische, sozial rekonstruierende und Freizeitressource eingesetzt werden kann und die soziale Eingliederung diskriminierter oder benachteiligter Gruppen f\u00f6rdert.<\/p>\t\t\t\t\t\t\t\t<\/div>\n\t\t\t\t<\/div>\n\t\t\t\t<div class=\"elementor-element elementor-element-c209d82 elementor-widget elementor-widget-heading\" data-id=\"c209d82\" data-element_type=\"widget\" data-e-type=\"widget\" data-widget_type=\"heading.default\">\n\t\t\t\t<div class=\"elementor-widget-container\">\n\t\t\t\t\t<h2 class=\"elementor-heading-title elementor-size-default\">IM RAHMEN DIESER 20. AUSGABE DES FIC FINDEN FOLGENDE VERANSTALTUNGEN STATT:<\/h2>\t\t\t\t<\/div>\n\t\t\t\t<\/div>\n\t\t\t\t<section class=\"elementor-section elementor-inner-section elementor-element elementor-element-393a291 elementor-section-boxed elementor-section-height-default elementor-section-height-default\" data-id=\"393a291\" data-element_type=\"section\" data-e-type=\"section\">\n\t\t\t\t\t\t<div class=\"elementor-container elementor-column-gap-default\">\n\t\t\t\t\t<div class=\"elementor-column elementor-col-50 elementor-inner-column elementor-element elementor-element-5a2d122\" data-id=\"5a2d122\" data-element_type=\"column\" data-e-type=\"column\">\n\t\t\t<div class=\"elementor-widget-wrap elementor-element-populated\">\n\t\t\t\t\t\t<div class=\"elementor-element elementor-element-d161da4 elementor-widget-divider--view-line elementor-widget elementor-widget-divider\" data-id=\"d161da4\" data-element_type=\"widget\" data-e-type=\"widget\" data-widget_type=\"divider.default\">\n\t\t\t\t<div class=\"elementor-widget-container\">\n\t\t\t\t\t\t\t<div class=\"elementor-divider\">\n\t\t\t<span class=\"elementor-divider-separator\">\n\t\t\t\t\t\t<\/span>\n\t\t<\/div>\n\t\t\t\t\t\t<\/div>\n\t\t\t\t<\/div>\n\t\t\t\t<div class=\"elementor-element elementor-element-3f5fbc0 elementor-widget elementor-widget-heading\" data-id=\"3f5fbc0\" data-element_type=\"widget\" data-e-type=\"widget\" data-widget_type=\"heading.default\">\n\t\t\t\t<div class=\"elementor-widget-container\">\n\t\t\t\t\t<h2 class=\"elementor-heading-title elementor-size-default\">Soziale Clowns<\/h2>\t\t\t\t<\/div>\n\t\t\t\t<\/div>\n\t\t\t\t<div class=\"elementor-element elementor-element-b79b182 elementor-widget elementor-widget-image\" data-id=\"b79b182\" data-element_type=\"widget\" data-e-type=\"widget\" data-widget_type=\"image.default\">\n\t\t\t\t<div class=\"elementor-widget-container\">\n\t\t\t\t\t\t\t\t\t\t\t\t\t\t\t\t<a href=\"https:\/\/festivalinternacionalclownbaret.com\/wp-content\/uploads\/2025\/07\/mayores.jpg\" data-elementor-open-lightbox=\"yes\" data-elementor-lightbox-title=\"mayores\" data-e-action-hash=\"#elementor-action%3Aaction%3Dlightbox%26settings%3DeyJpZCI6NzA0MCwidXJsIjoiaHR0cHM6XC9cL2Zlc3RpdmFsaW50ZXJuYWNpb25hbGNsb3duYmFyZXQuY29tXC93cC1jb250ZW50XC91cGxvYWRzXC8yMDI1XC8wN1wvbWF5b3Jlcy5qcGcifQ%3D%3D\">\n\t\t\t\t\t\t\t<img fetchpriority=\"high\" decoding=\"async\" data-attachment-id=\"7040\" data-permalink=\"https:\/\/festivalinternacionalclownbaret.com\/de\/actividades-asociadas\/mayores\/\" data-orig-file=\"https:\/\/festivalinternacionalclownbaret.com\/wp-content\/uploads\/2025\/07\/mayores.jpg\" data-orig-size=\"1280,720\" data-comments-opened=\"1\" data-image-meta=\"{&quot;aperture&quot;:&quot;0&quot;,&quot;credit&quot;:&quot;&quot;,&quot;camera&quot;:&quot;&quot;,&quot;caption&quot;:&quot;&quot;,&quot;created_timestamp&quot;:&quot;0&quot;,&quot;copyright&quot;:&quot;&quot;,&quot;focal_length&quot;:&quot;0&quot;,&quot;iso&quot;:&quot;0&quot;,&quot;shutter_speed&quot;:&quot;0&quot;,&quot;title&quot;:&quot;&quot;,&quot;orientation&quot;:&quot;0&quot;}\" data-image-title=\"mayores\" data-image-description=\"\" data-image-caption=\"\" data-large-file=\"https:\/\/festivalinternacionalclownbaret.com\/wp-content\/uploads\/2025\/07\/mayores-1024x576.jpg\" width=\"800\" height=\"450\" src=\"https:\/\/festivalinternacionalclownbaret.com\/wp-content\/uploads\/2025\/07\/mayores-1024x576.jpg\" class=\"attachment-large size-large wp-image-7040\" alt=\"\" srcset=\"https:\/\/festivalinternacionalclownbaret.com\/wp-content\/uploads\/2025\/07\/mayores-1024x576.jpg 1024w, https:\/\/festivalinternacionalclownbaret.com\/wp-content\/uploads\/2025\/07\/mayores-300x169.jpg 300w, https:\/\/festivalinternacionalclownbaret.com\/wp-content\/uploads\/2025\/07\/mayores-768x432.jpg 768w, https:\/\/festivalinternacionalclownbaret.com\/wp-content\/uploads\/2025\/07\/mayores-18x10.jpg 18w, https:\/\/festivalinternacionalclownbaret.com\/wp-content\/uploads\/2025\/07\/mayores.jpg 1280w\" sizes=\"(max-width: 800px) 100vw, 800px\" \/>\t\t\t\t\t\t\t\t<\/a>\n\t\t\t\t\t\t\t\t\t\t\t\t\t\t\t<\/div>\n\t\t\t\t<\/div>\n\t\t\t\t<div class=\"elementor-element elementor-element-db59fc9 elementor-widget elementor-widget-text-editor\" data-id=\"db59fc9\" data-element_type=\"widget\" data-e-type=\"widget\" data-widget_type=\"text-editor.default\">\n\t\t\t\t<div class=\"elementor-widget-container\">\n\t\t\t\t\t\t\t\t\t<p><strong>Neun soziale Clowns des FIC mit Fachkr\u00e4ften, die auf Teneriffa und La Palma in therapeutischem Clownspiel ausgebildet wurden<\/strong>. Das FIC engagiert sich in Krankenh\u00e4usern, Pflegeeinrichtungen und Seniorenheimen und leistet dort einen Beitrag zur sozialen Arbeit dieser Einrichtungen.<\/p>\t\t\t\t\t\t\t\t<\/div>\n\t\t\t\t<\/div>\n\t\t\t\t<div class=\"elementor-element elementor-element-1637aef elementor-widget-divider--view-line elementor-widget elementor-widget-divider\" data-id=\"1637aef\" data-element_type=\"widget\" data-e-type=\"widget\" data-widget_type=\"divider.default\">\n\t\t\t\t<div class=\"elementor-widget-container\">\n\t\t\t\t\t\t\t<div class=\"elementor-divider\">\n\t\t\t<span class=\"elementor-divider-separator\">\n\t\t\t\t\t\t<\/span>\n\t\t<\/div>\n\t\t\t\t\t\t<\/div>\n\t\t\t\t<\/div>\n\t\t\t\t<div class=\"elementor-element elementor-element-15def66 elementor-widget elementor-widget-heading\" data-id=\"15def66\" data-element_type=\"widget\" data-e-type=\"widget\" data-widget_type=\"heading.default\">\n\t\t\t\t<div class=\"elementor-widget-container\">\n\t\t\t\t\t<h2 class=\"elementor-heading-title elementor-size-default\">TREFFEN MIT STUDENTEN AM EAC<\/h2>\t\t\t\t<\/div>\n\t\t\t\t<\/div>\n\t\t\t\t<div class=\"elementor-element elementor-element-3ddaf55 elementor-widget elementor-widget-text-editor\" data-id=\"3ddaf55\" data-element_type=\"widget\" data-e-type=\"widget\" data-widget_type=\"text-editor.default\">\n\t\t\t\t<div class=\"elementor-widget-container\">\n\t\t\t\t\t\t\t\t\t<p><strong>Ein Treffen mit Sch\u00fclern der EAC, der Schauspielschule der Kanarischen Inseln, unter der Leitung von Peter Shub<\/strong>. Ein internationaler K\u00fcnstler des FIC 2026, der in die Klassenzimmer kommt, um mit angehenden K\u00fcnstlern zu sprechen und ihnen alle wichtigen Informationen \u00fcber den Beruf zu vermitteln.<\/p>\t\t\t\t\t\t\t\t<\/div>\n\t\t\t\t<\/div>\n\t\t\t\t\t<\/div>\n\t\t<\/div>\n\t\t\t\t<div class=\"elementor-column elementor-col-50 elementor-inner-column elementor-element elementor-element-b4d2dc1\" data-id=\"b4d2dc1\" data-element_type=\"column\" data-e-type=\"column\">\n\t\t\t<div class=\"elementor-widget-wrap elementor-element-populated\">\n\t\t\t\t\t\t<div class=\"elementor-element elementor-element-b809db5 elementor-widget-divider--view-line elementor-widget elementor-widget-divider\" data-id=\"b809db5\" data-element_type=\"widget\" data-e-type=\"widget\" data-widget_type=\"divider.default\">\n\t\t\t\t<div class=\"elementor-widget-container\">\n\t\t\t\t\t\t\t<div class=\"elementor-divider\">\n\t\t\t<span class=\"elementor-divider-separator\">\n\t\t\t\t\t\t<\/span>\n\t\t<\/div>\n\t\t\t\t\t\t<\/div>\n\t\t\t\t<\/div>\n\t\t\t\t<div class=\"elementor-element elementor-element-df3b19e elementor-widget elementor-widget-heading\" data-id=\"df3b19e\" data-element_type=\"widget\" data-e-type=\"widget\" data-widget_type=\"heading.default\">\n\t\t\t\t<div class=\"elementor-widget-container\">\n\t\t\t\t\t<h2 class=\"elementor-heading-title elementor-size-default\">ZIRKUS-WORKSHOPS<\/h2>\t\t\t\t<\/div>\n\t\t\t\t<\/div>\n\t\t\t\t<div class=\"elementor-element elementor-element-d3cf647 elementor-widget elementor-widget-text-editor\" data-id=\"d3cf647\" data-element_type=\"widget\" data-e-type=\"widget\" data-widget_type=\"text-editor.default\">\n\t\t\t\t<div class=\"elementor-widget-container\">\n\t\t\t\t\t\t\t\t\t<p><strong>Zehn Zirkusworkshops f\u00fcr Sch\u00fcler an verschiedenen Grundschulen auf Teneriffa und auf La Palma<\/strong>. Im Rahmen dieser Initiative werden sowohl die theoretischen als auch die praktischen Aspekte des k\u00fcnstlerischen Wissens behandelt. Auf diese Weise soll k\u00fcnftigen Generationen eine Grundausbildung geboten werden, die zu einem besseren Verst\u00e4ndnis der Zirkusk\u00fcnste beitr\u00e4gt.<\/p><p><strong>Ein Clown-Workshop unter der Leitung von Peter Shub<\/strong> das Event findet im Espacio La Granja statt und richtet sich an Profis der darstellenden K\u00fcnste und erfahrene Amateure.<\/p>\t\t\t\t\t\t\t\t<\/div>\n\t\t\t\t<\/div>\n\t\t\t\t<div class=\"elementor-element elementor-element-7f2ff1f elementor-widget elementor-widget-image\" data-id=\"7f2ff1f\" data-element_type=\"widget\" data-e-type=\"widget\" data-widget_type=\"image.default\">\n\t\t\t\t<div class=\"elementor-widget-container\">\n\t\t\t\t\t\t\t\t\t\t\t\t\t\t\t\t<a href=\"https:\/\/festivalinternacionalclownbaret.com\/wp-content\/uploads\/2025\/07\/talleres-reales.jpg\" data-elementor-open-lightbox=\"yes\" data-elementor-lightbox-title=\"talleres-reales\" data-e-action-hash=\"#elementor-action%3Aaction%3Dlightbox%26settings%3DeyJpZCI6NzA0NCwidXJsIjoiaHR0cHM6XC9cL2Zlc3RpdmFsaW50ZXJuYWNpb25hbGNsb3duYmFyZXQuY29tXC93cC1jb250ZW50XC91cGxvYWRzXC8yMDI1XC8wN1wvdGFsbGVyZXMtcmVhbGVzLmpwZyJ9\">\n\t\t\t\t\t\t\t<img decoding=\"async\" data-attachment-id=\"7044\" data-permalink=\"https:\/\/festivalinternacionalclownbaret.com\/de\/actividades-asociadas\/talleres-reales\/\" data-orig-file=\"https:\/\/festivalinternacionalclownbaret.com\/wp-content\/uploads\/2025\/07\/talleres-reales.jpg\" data-orig-size=\"1280,854\" data-comments-opened=\"1\" data-image-meta=\"{&quot;aperture&quot;:&quot;0&quot;,&quot;credit&quot;:&quot;&quot;,&quot;camera&quot;:&quot;&quot;,&quot;caption&quot;:&quot;&quot;,&quot;created_timestamp&quot;:&quot;0&quot;,&quot;copyright&quot;:&quot;&quot;,&quot;focal_length&quot;:&quot;0&quot;,&quot;iso&quot;:&quot;0&quot;,&quot;shutter_speed&quot;:&quot;0&quot;,&quot;title&quot;:&quot;&quot;,&quot;orientation&quot;:&quot;0&quot;}\" data-image-title=\"talleres-reales\" data-image-description=\"\" data-image-caption=\"\" data-large-file=\"https:\/\/festivalinternacionalclownbaret.com\/wp-content\/uploads\/2025\/07\/talleres-reales-1024x683.jpg\" width=\"800\" height=\"534\" src=\"https:\/\/festivalinternacionalclownbaret.com\/wp-content\/uploads\/2025\/07\/talleres-reales-1024x683.jpg\" class=\"attachment-large size-large wp-image-7044\" alt=\"\" srcset=\"https:\/\/festivalinternacionalclownbaret.com\/wp-content\/uploads\/2025\/07\/talleres-reales-1024x683.jpg 1024w, https:\/\/festivalinternacionalclownbaret.com\/wp-content\/uploads\/2025\/07\/talleres-reales-300x200.jpg 300w, https:\/\/festivalinternacionalclownbaret.com\/wp-content\/uploads\/2025\/07\/talleres-reales-768x512.jpg 768w, https:\/\/festivalinternacionalclownbaret.com\/wp-content\/uploads\/2025\/07\/talleres-reales-18x12.jpg 18w, https:\/\/festivalinternacionalclownbaret.com\/wp-content\/uploads\/2025\/07\/talleres-reales.jpg 1280w\" sizes=\"(max-width: 800px) 100vw, 800px\" \/>\t\t\t\t\t\t\t\t<\/a>\n\t\t\t\t\t\t\t\t\t\t\t\t\t\t\t<\/div>\n\t\t\t\t<\/div>\n\t\t\t\t<div class=\"elementor-element elementor-element-f2ac755 elementor-hidden-desktop elementor-hidden-tablet elementor-hidden-mobile elementor-widget elementor-widget-image\" data-id=\"f2ac755\" data-element_type=\"widget\" data-e-type=\"widget\" data-widget_type=\"image.default\">\n\t\t\t\t<div class=\"elementor-widget-container\">\n\t\t\t\t\t\t\t\t\t\t\t\t\t\t\t<img decoding=\"async\" data-attachment-id=\"5749\" data-permalink=\"https:\/\/festivalinternacionalclownbaret.com\/de\/fic2024\/azulin-peque\/\" data-orig-file=\"https:\/\/festivalinternacionalclownbaret.com\/wp-content\/uploads\/2025\/07\/azulin-peque.png\" data-orig-size=\"500,869\" data-comments-opened=\"1\" data-image-meta=\"{&quot;aperture&quot;:&quot;0&quot;,&quot;credit&quot;:&quot;&quot;,&quot;camera&quot;:&quot;&quot;,&quot;caption&quot;:&quot;&quot;,&quot;created_timestamp&quot;:&quot;0&quot;,&quot;copyright&quot;:&quot;&quot;,&quot;focal_length&quot;:&quot;0&quot;,&quot;iso&quot;:&quot;0&quot;,&quot;shutter_speed&quot;:&quot;0&quot;,&quot;title&quot;:&quot;&quot;,&quot;orientation&quot;:&quot;0&quot;}\" data-image-title=\"azulin-peque\" data-image-description=\"\" data-image-caption=\"\" data-large-file=\"https:\/\/festivalinternacionalclownbaret.com\/wp-content\/uploads\/2025\/07\/azulin-peque.png\" width=\"500\" height=\"869\" src=\"https:\/\/festivalinternacionalclownbaret.com\/wp-content\/uploads\/2025\/07\/azulin-peque.png\" class=\"attachment-full size-full wp-image-5749\" alt=\"\" srcset=\"https:\/\/festivalinternacionalclownbaret.com\/wp-content\/uploads\/2025\/07\/azulin-peque.png 500w, https:\/\/festivalinternacionalclownbaret.com\/wp-content\/uploads\/2025\/07\/azulin-peque-173x300.png 173w, https:\/\/festivalinternacionalclownbaret.com\/wp-content\/uploads\/2025\/07\/azulin-peque-7x12.png 7w\" sizes=\"(max-width: 500px) 100vw, 500px\" \/>\t\t\t\t\t\t\t\t\t\t\t\t\t\t\t<\/div>\n\t\t\t\t<\/div>\n\t\t\t\t\t<\/div>\n\t\t<\/div>\n\t\t\t\t\t<\/div>\n\t\t<\/section>\n\t\t\t\t<div class=\"elementor-element elementor-element-2392c35 elementor-widget-divider--view-line elementor-widget elementor-widget-divider\" data-id=\"2392c35\" data-element_type=\"widget\" data-e-type=\"widget\" data-widget_type=\"divider.default\">\n\t\t\t\t<div class=\"elementor-widget-container\">\n\t\t\t\t\t\t\t<div class=\"elementor-divider\">\n\t\t\t<span class=\"elementor-divider-separator\">\n\t\t\t\t\t\t<\/span>\n\t\t<\/div>\n\t\t\t\t\t\t<\/div>\n\t\t\t\t<\/div>\n\t\t\t\t<section class=\"elementor-section elementor-inner-section elementor-element elementor-element-6af3f30 elementor-section-boxed elementor-section-height-default elementor-section-height-default\" data-id=\"6af3f30\" data-element_type=\"section\" data-e-type=\"section\">\n\t\t\t\t\t\t<div class=\"elementor-container elementor-column-gap-default\">\n\t\t\t\t\t<div class=\"elementor-column elementor-col-50 elementor-inner-column elementor-element elementor-element-eca7753\" data-id=\"eca7753\" data-element_type=\"column\" data-e-type=\"column\">\n\t\t\t<div class=\"elementor-widget-wrap elementor-element-populated\">\n\t\t\t\t\t\t<div class=\"elementor-element elementor-element-48b0255 elementor-widget elementor-widget-elementskit-tablepress\" data-id=\"48b0255\" data-element_type=\"widget\" data-e-type=\"widget\" data-widget_type=\"elementskit-tablepress.default\">\n\t\t\t\t<div class=\"elementor-widget-container\">\n\t\t\t\t\t<div class=\"elemenetskit-tablepress ekit-wid-con\" id=\"ekit_tablepress_48b0255\">\n<table id=\"tablepress-1\" class=\"tablepress tablepress-id-1\">\n<thead>\n<tr class=\"row-1\">\n\t<th class=\"column-1\">ZIRKUS-WORKSHOPS<\/th>\n<\/tr>\n<\/thead>\n<tbody class=\"row-hover\">\n<tr class=\"row-2\">\n\t<td class=\"column-1\">SANTA CRUZ DE TENERIFE<\/td>\n<\/tr>\n<tr class=\"row-3\">\n\t<td class=\"column-1\">SANTIAGO DEL TEIDE<\/td>\n<\/tr>\n<tr class=\"row-4\">\n\t<td class=\"column-1\">GU\u00cdA DE ISORA<\/td>\n<\/tr>\n<tr class=\"row-5\">\n\t<td class=\"column-1\">ICOD DE LOS VINOS<\/td>\n<\/tr>\n<tr class=\"row-6\">\n\t<td class=\"column-1\">LA PALMA<\/td>\n<\/tr>\n<\/tbody>\n<\/table>\n<\/div>\t\t\t\t<\/div>\n\t\t\t\t<\/div>\n\t\t\t\t\t<\/div>\n\t\t<\/div>\n\t\t\t\t<div class=\"elementor-column elementor-col-50 elementor-inner-column elementor-element elementor-element-def9404\" data-id=\"def9404\" data-element_type=\"column\" data-e-type=\"column\">\n\t\t\t<div class=\"elementor-widget-wrap elementor-element-populated\">\n\t\t\t\t\t\t<div class=\"elementor-element elementor-element-0c3d504 elementor-widget elementor-widget-elementskit-tablepress\" data-id=\"0c3d504\" data-element_type=\"widget\" data-e-type=\"widget\" data-widget_type=\"elementskit-tablepress.default\">\n\t\t\t\t<div class=\"elementor-widget-container\">\n\t\t\t\t\t<div class=\"elemenetskit-tablepress ekit-wid-con\" id=\"ekit_tablepress_0c3d504\">\n<table id=\"tablepress-2\" class=\"tablepress tablepress-id-2\">\n<thead>\n<tr class=\"row-1\">\n\t<th class=\"column-1\">CLOWNS-GESELLSCHAFTSBESUCH<\/th>\n<\/tr>\n<\/thead>\n<tbody class=\"row-striping row-hover\">\n<tr class=\"row-2\">\n\t<td class=\"column-1\">SANTA CRUZ DE TENERIFE<\/td>\n<\/tr>\n<tr class=\"row-3\">\n\t<td class=\"column-1\">LA LAGUNA<\/td>\n<\/tr>\n<tr class=\"row-4\">\n\t<td class=\"column-1\">SANTIAGO DEL TEIDE<\/td>\n<\/tr>\n<tr class=\"row-5\">\n\t<td class=\"column-1\">GU\u00cdA DE ISORA<\/td>\n<\/tr>\n<tr class=\"row-6\">\n\t<td class=\"column-1\">ICOD DE LOS VINOS<\/td>\n<\/tr>\n<tr class=\"row-7\">\n\t<td class=\"column-1\">TEGUESTE<\/td>\n<\/tr>\n<tr class=\"row-8\">\n\t<td class=\"column-1\">TACORONTE<\/td>\n<\/tr>\n<tr class=\"row-9\">\n\t<td class=\"column-1\">LA PALMA<\/td>\n<\/tr>\n<\/tbody>\n<\/table>\n<\/div>\t\t\t\t<\/div>\n\t\t\t\t<\/div>\n\t\t\t\t\t<\/div>\n\t\t<\/div>\n\t\t\t\t\t<\/div>\n\t\t<\/section>\n\t\t\t\t\t<\/div>\n\t\t<\/div>\n\t\t\t\t\t<\/div>\n\t\t<\/section>\n\t\t\t\t<section class=\"elementor-section elementor-top-section elementor-element elementor-element-fe13b12 elementor-section-boxed elementor-section-height-default elementor-section-height-default\" data-id=\"fe13b12\" data-element_type=\"section\" data-e-type=\"section\">\n\t\t\t\t\t\t<div class=\"elementor-container elementor-column-gap-default\">\n\t\t\t\t\t<div class=\"elementor-column elementor-col-50 elementor-top-column elementor-element elementor-element-f19c461\" data-id=\"f19c461\" data-element_type=\"column\" data-e-type=\"column\">\n\t\t\t<div class=\"elementor-widget-wrap elementor-element-populated\">\n\t\t\t\t\t\t<div class=\"elementor-element elementor-element-81d8636 elementor-widget elementor-widget-heading\" data-id=\"81d8636\" data-element_type=\"widget\" data-e-type=\"widget\" data-widget_type=\"heading.default\">\n\t\t\t\t<div class=\"elementor-widget-container\">\n\t\t\t\t\t<h2 class=\"elementor-heading-title elementor-size-default\">TALLER DE CLOWN CON PETER SHUB<\/h2>\t\t\t\t<\/div>\n\t\t\t\t<\/div>\n\t\t\t\t<div class=\"elementor-element elementor-element-85ffea3 elementor-widget-divider--view-line elementor-widget elementor-widget-divider\" data-id=\"85ffea3\" data-element_type=\"widget\" data-e-type=\"widget\" data-widget_type=\"divider.default\">\n\t\t\t\t<div class=\"elementor-widget-container\">\n\t\t\t\t\t\t\t<div class=\"elementor-divider\">\n\t\t\t<span class=\"elementor-divider-separator\">\n\t\t\t\t\t\t<\/span>\n\t\t<\/div>\n\t\t\t\t\t\t<\/div>\n\t\t\t\t<\/div>\n\t\t\t\t<div class=\"elementor-element elementor-element-47d4085 elementor-widget elementor-widget-image\" data-id=\"47d4085\" data-element_type=\"widget\" data-e-type=\"widget\" data-widget_type=\"image.default\">\n\t\t\t\t<div class=\"elementor-widget-container\">\n\t\t\t\t\t\t\t\t\t\t\t\t\t\t\t<img loading=\"lazy\" decoding=\"async\" data-attachment-id=\"7891\" data-permalink=\"https:\/\/festivalinternacionalclownbaret.com\/de\/actividades-asociadas\/shub-taller\/\" data-orig-file=\"https:\/\/festivalinternacionalclownbaret.com\/wp-content\/uploads\/2026\/04\/SHUB-TALLER.jpg\" data-orig-size=\"800,1198\" data-comments-opened=\"1\" data-image-meta=\"{&quot;aperture&quot;:&quot;0&quot;,&quot;credit&quot;:&quot;&quot;,&quot;camera&quot;:&quot;&quot;,&quot;caption&quot;:&quot;&quot;,&quot;created_timestamp&quot;:&quot;0&quot;,&quot;copyright&quot;:&quot;Moritz K\\u00fcstner&quot;,&quot;focal_length&quot;:&quot;0&quot;,&quot;iso&quot;:&quot;0&quot;,&quot;shutter_speed&quot;:&quot;0&quot;,&quot;title&quot;:&quot;&quot;,&quot;orientation&quot;:&quot;0&quot;}\" data-image-title=\"SHUB-TALLER\" data-image-description=\"\" data-image-caption=\"\" data-large-file=\"https:\/\/festivalinternacionalclownbaret.com\/wp-content\/uploads\/2026\/04\/SHUB-TALLER-684x1024.jpg\" width=\"684\" height=\"1024\" src=\"https:\/\/festivalinternacionalclownbaret.com\/wp-content\/uploads\/2026\/04\/SHUB-TALLER-684x1024.jpg\" class=\"attachment-large size-large wp-image-7891\" alt=\"\" srcset=\"https:\/\/festivalinternacionalclownbaret.com\/wp-content\/uploads\/2026\/04\/SHUB-TALLER-684x1024.jpg 684w, https:\/\/festivalinternacionalclownbaret.com\/wp-content\/uploads\/2026\/04\/SHUB-TALLER-200x300.jpg 200w, https:\/\/festivalinternacionalclownbaret.com\/wp-content\/uploads\/2026\/04\/SHUB-TALLER-768x1150.jpg 768w, https:\/\/festivalinternacionalclownbaret.com\/wp-content\/uploads\/2026\/04\/SHUB-TALLER-8x12.jpg 8w, https:\/\/festivalinternacionalclownbaret.com\/wp-content\/uploads\/2026\/04\/SHUB-TALLER.jpg 800w\" sizes=\"(max-width: 684px) 100vw, 684px\" \/>\t\t\t\t\t\t\t\t\t\t\t\t\t\t\t<\/div>\n\t\t\t\t<\/div>\n\t\t\t\t<div class=\"elementor-element elementor-element-076c59b elementor-align-justify elementor-hidden-desktop elementor-hidden-tablet elementor-hidden-mobile elementor-widget elementor-widget-button\" data-id=\"076c59b\" data-element_type=\"widget\" data-e-type=\"widget\" data-widget_type=\"button.default\">\n\t\t\t\t<div class=\"elementor-widget-container\">\n\t\t\t\t\t\t\t\t\t<div class=\"elementor-button-wrapper\">\n\t\t\t\t\t<a class=\"elementor-button elementor-button-link elementor-size-sm\" href=\"https:\/\/tickety.es\/event\/fic-2025-taller-de-clown-con-anatoli-akerman\" target=\"_blank\">\n\t\t\t\t\t\t<span class=\"elementor-button-content-wrapper\">\n\t\t\t\t\t\t\t\t\t<span class=\"elementor-button-text\">ANMELDUNGEN<\/span>\n\t\t\t\t\t<\/span>\n\t\t\t\t\t<\/a>\n\t\t\t\t<\/div>\n\t\t\t\t\t\t\t\t<\/div>\n\t\t\t\t<\/div>\n\t\t\t\t\t<\/div>\n\t\t<\/div>\n\t\t\t\t<div class=\"elementor-column elementor-col-50 elementor-top-column elementor-element elementor-element-8882d1c\" data-id=\"8882d1c\" data-element_type=\"column\" data-e-type=\"column\">\n\t\t\t<div class=\"elementor-widget-wrap elementor-element-populated\">\n\t\t\t\t\t\t<div class=\"elementor-element elementor-element-cb7a5a1 elementor-icon-list--layout-traditional elementor-list-item-link-full_width elementor-widget elementor-widget-icon-list\" data-id=\"cb7a5a1\" data-element_type=\"widget\" data-e-type=\"widget\" data-widget_type=\"icon-list.default\">\n\t\t\t\t<div class=\"elementor-widget-container\">\n\t\t\t\t\t\t\t<ul class=\"elementor-icon-list-items\">\n\t\t\t\t\t\t\t<li class=\"elementor-icon-list-item\">\n\t\t\t\t\t\t\t\t\t\t\t<span class=\"elementor-icon-list-icon\">\n\t\t\t\t\t\t\t<i aria-hidden=\"true\" class=\"fas fa-baby-carriage\"><\/i>\t\t\t\t\t\t<\/span>\n\t\t\t\t\t\t\t\t\t\t<span class=\"elementor-icon-list-text\">ALTERSGRUPPE: +18 JAHRE<\/span>\n\t\t\t\t\t\t\t\t\t<\/li>\n\t\t\t\t\t\t\t\t<li class=\"elementor-icon-list-item\">\n\t\t\t\t\t\t\t\t\t\t\t<span class=\"elementor-icon-list-icon\">\n\t\t\t\t\t\t\t<i aria-hidden=\"true\" class=\"fas fa-map-marker-alt\"><\/i>\t\t\t\t\t\t<\/span>\n\t\t\t\t\t\t\t\t\t\t<span class=\"elementor-icon-list-text\">ESPACIO LA GRANJA. SANTA CRUZ DE TENERIFE<\/span>\n\t\t\t\t\t\t\t\t\t<\/li>\n\t\t\t\t\t\t\t\t<li class=\"elementor-icon-list-item\">\n\t\t\t\t\t\t\t\t\t\t\t<span class=\"elementor-icon-list-icon\">\n\t\t\t\t\t\t\t<i aria-hidden=\"true\" class=\"fas fa-calendar-alt\"><\/i>\t\t\t\t\t\t<\/span>\n\t\t\t\t\t\t\t\t\t\t<span class=\"elementor-icon-list-text\">6., 7. und 8. Oktober von 17:00 bis 21:00 Uhr<\/span>\n\t\t\t\t\t\t\t\t\t<\/li>\n\t\t\t\t\t\t<\/ul>\n\t\t\t\t\t\t<\/div>\n\t\t\t\t<\/div>\n\t\t\t\t<div class=\"elementor-element elementor-element-262e470 elementor-widget elementor-widget-text-editor\" data-id=\"262e470\" data-element_type=\"widget\" data-e-type=\"widget\" data-widget_type=\"text-editor.default\">\n\t\t\t\t<div class=\"elementor-widget-container\">\n\t\t\t\t\t\t\t\t\t<p>MAKE THEM LAUGH \u2013 Clown- und Comedy-Workshop mit Peter Shub<\/p><p>Das FIC pr\u00e4sentiert diesen Workshop als einmalige Gelegenheit, unter Anleitung eines Profis mit \u00fcber 30 Jahren internationaler Erfahrung in die Kunst des Lachens einzutauchen. Das Angebot richtet sich sowohl an K\u00fcnstler als auch an Clown-Liebhaber, wobei keine Vorkenntnisse erforderlich sind, und l\u00e4dt dazu ein, durch Spiel und Achtsamkeit die B\u00fchnenpr\u00e4senz, Authentizit\u00e4t und Menschlichkeit zu erkunden.<\/p><p>Der Workshop ist so konzipiert, dass er sich an unterschiedliche Zielgruppen anpasst: von Dolmetschern \u00fcber Sch\u00fcler von Theater- oder Clownschulen bis hin zu Vereinen, Unternehmen oder inklusiven Theatergruppen. Dank seines praktischen und leicht zug\u00e4nglichen Ansatzes kann jeder Teilnehmer seine eigenen Ausdrucksmittel entdecken.<\/p><p>Im Laufe der Sitzungen werden grundlegende Fragen behandelt: Warum lachen wir? Was l\u00f6st Lachen aus? Wie k\u00f6nnen wir andere zum Lachen bringen? Durch Beobachtung und \u00dcbung werden die Grundprinzipien der Kom\u00f6die erarbeitet, die nicht nur auf der B\u00fchne, sondern auch im Alltag Anwendung finden.<\/p><p>Der Kurs umfasst Techniken und Ausdrucksformen wie Slapstick, K\u00f6rperkomik, Clownerie, schwarzen Humor oder Parodie. Es werden klassische Mittel wie \u00dcbertreibung, Wiederholung, Umkehrung oder der Aufbau von Gags behandelt, wodurch den Teilnehmern ein echtes \u201elebendiges Handbuch\u201c der Kom\u00f6die geboten wird.<\/p><p>Die Methodik st\u00fctzt sich auf Peters langj\u00e4hrige Erfahrung als K\u00fcnstler und Dozent an international renommierten Institutionen wie dem Cirque du Soleil, der August-Everding-Akademie, der ZHDK in Z\u00fcrich oder dem Max-Reinhardt-Seminar. In diesem Workshop vermittelt er auf anschauliche und dynamische Weise die Werkzeuge, die er im Laufe seiner Karriere entwickelt hat, um das Lachen zu verstehen und hervorzurufen.<\/p><p>Dar\u00fcber hinaus behandelt der Workshop Humor als wirkungsvolles Instrument der Kommunikation und F\u00fchrung und befasst sich dabei mit Aspekten wie B\u00fchnenpr\u00e4senz, Zuh\u00f6ren, Authentizit\u00e4t und dem Umgang mit Fehlern, die sowohl auf der B\u00fchne als auch im beruflichen und privaten Umfeld Anwendung finden.<\/p>\t\t\t\t\t\t\t\t<\/div>\n\t\t\t\t<\/div>\n\t\t\t\t\t<\/div>\n\t\t<\/div>\n\t\t\t\t\t<\/div>\n\t\t<\/section>\n\t\t\t\t<section class=\"elementor-section elementor-top-section elementor-element elementor-element-e307dc8 elementor-section-boxed elementor-section-height-default elementor-section-height-default\" data-id=\"e307dc8\" data-element_type=\"section\" data-e-type=\"section\">\n\t\t\t\t\t\t<div class=\"elementor-container elementor-column-gap-default\">\n\t\t\t\t\t<div class=\"elementor-column elementor-col-100 elementor-top-column elementor-element elementor-element-7abba93\" data-id=\"7abba93\" data-element_type=\"column\" data-e-type=\"column\">\n\t\t\t<div class=\"elementor-widget-wrap elementor-element-populated\">\n\t\t\t\t\t\t<div class=\"elementor-element elementor-element-43455c0 elementor-widget elementor-widget-image\" data-id=\"43455c0\" data-element_type=\"widget\" data-e-type=\"widget\" data-widget_type=\"image.default\">\n\t\t\t\t<div class=\"elementor-widget-container\">\n\t\t\t\t\t\t\t\t\t\t\t\t\t\t\t<img decoding=\"async\" src=\"https:\/\/festivalinternacionalclownbaret.com\/wp-content\/uploads\/2025\/07\/cuidas-logo.png\" title=\"cuidas-logo\" alt=\"cuidas-logo\" loading=\"lazy\" \/>\t\t\t\t\t\t\t\t\t\t\t\t\t\t\t<\/div>\n\t\t\t\t<\/div>\n\t\t\t\t\t<\/div>\n\t\t<\/div>\n\t\t\t\t\t<\/div>\n\t\t<\/section>\n\t\t\t\t<\/div>","protected":false},"excerpt":{"rendered":"<p>Actividades asociadas FIC 2026 El arte de payaso es una valiosa herramienta que puede utilizarse como recurso terap\u00e9utico, did\u00e1ctico, de reconstrucci\u00f3n del tejido social y recreativo que potencia la inclusi\u00f3n social de colectivos discriminados o en dificultades. EN ESTA XX EDICI\u00d3N DEL FIC SE REALIZAR\u00c1N LAS SIGUIENTES ACTIVIDADES: PAYASOS SOCIALES Nueve Payasos sociales FIC con [&hellip;]<\/p>\n","protected":false},"author":94859360,"featured_media":0,"parent":0,"menu_order":6,"comment_status":"closed","ping_status":"closed","template":"elementor_header_footer","meta":{"_crdt_document":"","footnotes":""},"ubicacion":[],"class_list":["post-525","page","type-page","status-publish","hentry"],"yoast_head":"<!-- This site is optimized with the Yoast SEO plugin v27.5 - https:\/\/yoast.com\/product\/yoast-seo-wordpress\/ -->\n<title>Actividades asociadas - FIC2026<\/title>\n<meta name=\"robots\" content=\"index, follow, max-snippet:-1, max-image-preview:large, max-video-preview:-1\" \/>\n<link rel=\"canonical\" href=\"https:\/\/festivalinternacionalclownbaret.com\/de\/actividades-asociadas\/\" \/>\n<meta property=\"og:locale\" content=\"de_DE\" \/>\n<meta property=\"og:type\" content=\"article\" \/>\n<meta property=\"og:title\" content=\"Actividades asociadas - FIC2026\" \/>\n<meta property=\"og:description\" content=\"Actividades asociadas FIC 2026 El arte de payaso es una valiosa herramienta que puede utilizarse como recurso terap\u00e9utico, did\u00e1ctico, de reconstrucci\u00f3n del tejido social y recreativo que potencia la inclusi\u00f3n social de colectivos discriminados o en dificultades. EN ESTA XX EDICI\u00d3N DEL FIC SE REALIZAR\u00c1N LAS SIGUIENTES ACTIVIDADES: PAYASOS SOCIALES Nueve Payasos sociales FIC con [&hellip;]\" \/>\n<meta property=\"og:url\" content=\"https:\/\/festivalinternacionalclownbaret.com\/de\/actividades-asociadas\/\" \/>\n<meta property=\"og:site_name\" content=\"FIC2026\" \/>\n<meta property=\"article:publisher\" content=\"https:\/\/www.facebook.com\/FIClownbaret\/\" \/>\n<meta property=\"article:modified_time\" content=\"2026-04-16T12:43:34+00:00\" \/>\n<meta property=\"og:image\" content=\"https:\/\/festivalinternacionalclownbaret.com\/wp-content\/uploads\/2025\/07\/mayores.jpg\" \/>\n\t<meta property=\"og:image:width\" content=\"1280\" \/>\n\t<meta property=\"og:image:height\" content=\"720\" \/>\n\t<meta property=\"og:image:type\" content=\"image\/jpeg\" \/>\n<meta name=\"twitter:card\" content=\"summary_large_image\" \/>\n<meta name=\"twitter:label1\" content=\"Gesch\u00e4tzte Lesezeit\" \/>\n\t<meta name=\"twitter:data1\" content=\"4\u00a0Minuten\" \/>\n<script type=\"application\/ld+json\" class=\"yoast-schema-graph\">{\"@context\":\"https:\\\/\\\/schema.org\",\"@graph\":[{\"@type\":\"WebPage\",\"@id\":\"https:\\\/\\\/festivalinternacionalclownbaret.com\\\/actividades-asociadas\\\/\",\"url\":\"https:\\\/\\\/festivalinternacionalclownbaret.com\\\/actividades-asociadas\\\/\",\"name\":\"Actividades asociadas - FIC2026\",\"isPartOf\":{\"@id\":\"https:\\\/\\\/festivalinternacionalclownbaret.com\\\/#website\"},\"primaryImageOfPage\":{\"@id\":\"https:\\\/\\\/festivalinternacionalclownbaret.com\\\/actividades-asociadas\\\/#primaryimage\"},\"image\":{\"@id\":\"https:\\\/\\\/festivalinternacionalclownbaret.com\\\/actividades-asociadas\\\/#primaryimage\"},\"thumbnailUrl\":\"https:\\\/\\\/festivalinternacionalclownbaret.com\\\/wp-content\\\/uploads\\\/2025\\\/07\\\/mayores-1024x576.jpg\",\"datePublished\":\"2023-09-25T20:44:07+00:00\",\"dateModified\":\"2026-04-16T12:43:34+00:00\",\"breadcrumb\":{\"@id\":\"https:\\\/\\\/festivalinternacionalclownbaret.com\\\/actividades-asociadas\\\/#breadcrumb\"},\"inLanguage\":\"de\",\"potentialAction\":[{\"@type\":\"ReadAction\",\"target\":[\"https:\\\/\\\/festivalinternacionalclownbaret.com\\\/actividades-asociadas\\\/\"]}]},{\"@type\":\"ImageObject\",\"inLanguage\":\"de\",\"@id\":\"https:\\\/\\\/festivalinternacionalclownbaret.com\\\/actividades-asociadas\\\/#primaryimage\",\"url\":\"https:\\\/\\\/festivalinternacionalclownbaret.com\\\/wp-content\\\/uploads\\\/2025\\\/07\\\/mayores-1024x576.jpg\",\"contentUrl\":\"https:\\\/\\\/festivalinternacionalclownbaret.com\\\/wp-content\\\/uploads\\\/2025\\\/07\\\/mayores-1024x576.jpg\"},{\"@type\":\"BreadcrumbList\",\"@id\":\"https:\\\/\\\/festivalinternacionalclownbaret.com\\\/actividades-asociadas\\\/#breadcrumb\",\"itemListElement\":[{\"@type\":\"ListItem\",\"position\":1,\"name\":\"Portada\",\"item\":\"https:\\\/\\\/festivalinternacionalclownbaret.com\\\/\"},{\"@type\":\"ListItem\",\"position\":2,\"name\":\"Actividades asociadas\"}]},{\"@type\":\"WebSite\",\"@id\":\"https:\\\/\\\/festivalinternacionalclownbaret.com\\\/#website\",\"url\":\"https:\\\/\\\/festivalinternacionalclownbaret.com\\\/\",\"name\":\"FIC2026\",\"description\":\"XIX Festival Internacional Clownbaret\",\"publisher\":{\"@id\":\"https:\\\/\\\/festivalinternacionalclownbaret.com\\\/#organization\"},\"potentialAction\":[{\"@type\":\"SearchAction\",\"target\":{\"@type\":\"EntryPoint\",\"urlTemplate\":\"https:\\\/\\\/festivalinternacionalclownbaret.com\\\/?s={search_term_string}\"},\"query-input\":{\"@type\":\"PropertyValueSpecification\",\"valueRequired\":true,\"valueName\":\"search_term_string\"}}],\"inLanguage\":\"de\"},{\"@type\":\"Organization\",\"@id\":\"https:\\\/\\\/festivalinternacionalclownbaret.com\\\/#organization\",\"name\":\"FIC2026\",\"url\":\"https:\\\/\\\/festivalinternacionalclownbaret.com\\\/\",\"logo\":{\"@type\":\"ImageObject\",\"inLanguage\":\"de\",\"@id\":\"https:\\\/\\\/festivalinternacionalclownbaret.com\\\/#\\\/schema\\\/logo\\\/image\\\/\",\"url\":\"\",\"contentUrl\":\"\",\"caption\":\"FIC2026\"},\"image\":{\"@id\":\"https:\\\/\\\/festivalinternacionalclownbaret.com\\\/#\\\/schema\\\/logo\\\/image\\\/\"},\"sameAs\":[\"https:\\\/\\\/www.facebook.com\\\/FIClownbaret\\\/\"]}]}<\/script>\n<!-- \/ Yoast SEO plugin. -->","yoast_head_json":{"title":"Actividades asociadas - FIC2026","robots":{"index":"index","follow":"follow","max-snippet":"max-snippet:-1","max-image-preview":"max-image-preview:large","max-video-preview":"max-video-preview:-1"},"canonical":"https:\/\/festivalinternacionalclownbaret.com\/de\/actividades-asociadas\/","og_locale":"de_DE","og_type":"article","og_title":"Actividades asociadas - FIC2026","og_description":"Actividades asociadas FIC 2026 El arte de payaso es una valiosa herramienta que puede utilizarse como recurso terap\u00e9utico, did\u00e1ctico, de reconstrucci\u00f3n del tejido social y recreativo que potencia la inclusi\u00f3n social de colectivos discriminados o en dificultades. EN ESTA XX EDICI\u00d3N DEL FIC SE REALIZAR\u00c1N LAS SIGUIENTES ACTIVIDADES: PAYASOS SOCIALES Nueve Payasos sociales FIC con [&hellip;]","og_url":"https:\/\/festivalinternacionalclownbaret.com\/de\/actividades-asociadas\/","og_site_name":"FIC2026","article_publisher":"https:\/\/www.facebook.com\/FIClownbaret\/","article_modified_time":"2026-04-16T12:43:34+00:00","og_image":[{"width":1280,"height":720,"url":"https:\/\/festivalinternacionalclownbaret.com\/wp-content\/uploads\/2025\/07\/mayores.jpg","type":"image\/jpeg"}],"twitter_card":"summary_large_image","twitter_misc":{"Gesch\u00e4tzte Lesezeit":"4\u00a0Minuten"},"schema":{"@context":"https:\/\/schema.org","@graph":[{"@type":"WebPage","@id":"https:\/\/festivalinternacionalclownbaret.com\/actividades-asociadas\/","url":"https:\/\/festivalinternacionalclownbaret.com\/actividades-asociadas\/","name":"Actividades asociadas - FIC2026","isPartOf":{"@id":"https:\/\/festivalinternacionalclownbaret.com\/#website"},"primaryImageOfPage":{"@id":"https:\/\/festivalinternacionalclownbaret.com\/actividades-asociadas\/#primaryimage"},"image":{"@id":"https:\/\/festivalinternacionalclownbaret.com\/actividades-asociadas\/#primaryimage"},"thumbnailUrl":"https:\/\/festivalinternacionalclownbaret.com\/wp-content\/uploads\/2025\/07\/mayores-1024x576.jpg","datePublished":"2023-09-25T20:44:07+00:00","dateModified":"2026-04-16T12:43:34+00:00","breadcrumb":{"@id":"https:\/\/festivalinternacionalclownbaret.com\/actividades-asociadas\/#breadcrumb"},"inLanguage":"de","potentialAction":[{"@type":"ReadAction","target":["https:\/\/festivalinternacionalclownbaret.com\/actividades-asociadas\/"]}]},{"@type":"ImageObject","inLanguage":"de","@id":"https:\/\/festivalinternacionalclownbaret.com\/actividades-asociadas\/#primaryimage","url":"https:\/\/festivalinternacionalclownbaret.com\/wp-content\/uploads\/2025\/07\/mayores-1024x576.jpg","contentUrl":"https:\/\/festivalinternacionalclownbaret.com\/wp-content\/uploads\/2025\/07\/mayores-1024x576.jpg"},{"@type":"BreadcrumbList","@id":"https:\/\/festivalinternacionalclownbaret.com\/actividades-asociadas\/#breadcrumb","itemListElement":[{"@type":"ListItem","position":1,"name":"Portada","item":"https:\/\/festivalinternacionalclownbaret.com\/"},{"@type":"ListItem","position":2,"name":"Actividades asociadas"}]},{"@type":"WebSite","@id":"https:\/\/festivalinternacionalclownbaret.com\/#website","url":"https:\/\/festivalinternacionalclownbaret.com\/","name":"FIC2026","description":"19. Internationales Clownbaret-Festival","publisher":{"@id":"https:\/\/festivalinternacionalclownbaret.com\/#organization"},"potentialAction":[{"@type":"SearchAction","target":{"@type":"EntryPoint","urlTemplate":"https:\/\/festivalinternacionalclownbaret.com\/?s={search_term_string}"},"query-input":{"@type":"PropertyValueSpecification","valueRequired":true,"valueName":"search_term_string"}}],"inLanguage":"de"},{"@type":"Organization","@id":"https:\/\/festivalinternacionalclownbaret.com\/#organization","name":"FIC2026","url":"https:\/\/festivalinternacionalclownbaret.com\/","logo":{"@type":"ImageObject","inLanguage":"de","@id":"https:\/\/festivalinternacionalclownbaret.com\/#\/schema\/logo\/image\/","url":"","contentUrl":"","caption":"FIC2026"},"image":{"@id":"https:\/\/festivalinternacionalclownbaret.com\/#\/schema\/logo\/image\/"},"sameAs":["https:\/\/www.facebook.com\/FIClownbaret\/"]}]}},"jetpack_likes_enabled":true,"jetpack_sharing_enabled":true,"jetpack_shortlink":"https:\/\/wp.me\/PeY64T-8t","jetpack-related-posts":[{"id":1865,"url":"https:\/\/festivalinternacionalclownbaret.com\/de\/payasos-en-ruta-la-gomera\/","url_meta":{"origin":525,"position":0},"title":"Payasos en ruta La Gomera","author":"davidujja","date":"17 de September de 2023","format":false,"excerpt":"Fic LA GOMERA Descargar programa Viernes 2 de octubre Caricatos LA BELLE \u00c9COLE 18:00 50 minutos Todos los p\u00fablicos Plaza de la Constituci\u00f3n. Vallehermoso Ver m\u00e1s","rel":"","context":"\u00c4hnlicher Beitrag","block_context":{"text":"\u00c4hnlicher Beitrag","link":""},"img":{"alt_text":"","src":"https:\/\/i0.wp.com\/festivalinternacionalclownbaret.com\/wp-content\/uploads\/2026\/04\/belle-artista-1-1024x682.jpg?resize=350%2C200&ssl=1","width":350,"height":200,"srcset":"https:\/\/i0.wp.com\/festivalinternacionalclownbaret.com\/wp-content\/uploads\/2026\/04\/belle-artista-1-1024x682.jpg?resize=350%2C200&ssl=1 1x, https:\/\/i0.wp.com\/festivalinternacionalclownbaret.com\/wp-content\/uploads\/2026\/04\/belle-artista-1-1024x682.jpg?resize=525%2C300&ssl=1 1.5x, https:\/\/i0.wp.com\/festivalinternacionalclownbaret.com\/wp-content\/uploads\/2026\/04\/belle-artista-1-1024x682.jpg?resize=700%2C400&ssl=1 2x"},"classes":[]},{"id":3313,"url":"https:\/\/festivalinternacionalclownbaret.com\/de\/payasos-en-ruta-guia-de-isora\/","url_meta":{"origin":525,"position":1},"title":"Payasos en ruta Gu\u00eda de Isora","author":"davidujja","date":"17 de Juli de 2024","format":false,"excerpt":"PAYASOS EN RUTA TENERIFE Descargar programa GU\u00cdA DE ISORA Jueves 3 de octubre. 11:00 45 min VAYA CIRCO (funci\u00f3n escolar) CIRCOBAYA 11:00 - 45 min + 5 a\u00f1os AUDIT. Gu\u00eda de Isora Con m\u00e1s de 500 funciones en una decena de pa\u00edses, Vaya Circo aterriza en el FIC de la\u2026","rel":"","context":"\u00c4hnlicher Beitrag","block_context":{"text":"\u00c4hnlicher Beitrag","link":""},"img":{"alt_text":"","src":"","width":0,"height":0},"classes":[]},{"id":3315,"url":"https:\/\/festivalinternacionalclownbaret.com\/de\/payasos-en-ruta-santiago-del-teide\/","url_meta":{"origin":525,"position":2},"title":"Payasos en ruta Santiago del Teide","author":"davidujja","date":"17 de Juli de 2024","format":false,"excerpt":"PAYASOS EN RUTA TENERIFE Descargar programa Santiago del teide Viernes 11 de octubre. 18:30 45 min insomni Dudu Arnalot 18:30 - 45 min Familiar Plaza Norberto Garc\u00eda (La Vigil\u00eda) Una plaza con una cama antigua y un payaso preparado para dormir. Con este punto de partida se presenta Dudu Arnalot\u2026","rel":"","context":"\u00c4hnlicher Beitrag","block_context":{"text":"\u00c4hnlicher Beitrag","link":""},"img":{"alt_text":"","src":"","width":0,"height":0},"classes":[]},{"id":10,"url":"https:\/\/festivalinternacionalclownbaret.com\/de\/","url_meta":{"origin":525,"position":3},"title":"20. Internationales Clownbaret-Festival","author":"davidujja","date":"30 de Juli de 2023","format":false,"excerpt":"Instagram Facebook Youtube X-twitter Tiktok XIX Festival Internacional Clownbaret Del 29 de septiembre al 12 de octubre de 2025 INICIO El Festival Programa Artistas y compa\u00f1\u00edas Talleres Sostenibilidad Actividades asociadas Patrocinadores Prensa y contacto Dossier de prensa Instagram Facebook Youtube X-twitter Tiktok XX Festival Internacional Clownbaret Del 28 de septiembre\u2026","rel":"","context":"\u00c4hnlicher Beitrag","block_context":{"text":"\u00c4hnlicher Beitrag","link":""},"img":{"alt_text":"","src":"https:\/\/i0.wp.com\/festivalinternacionalclownbaret.com\/wp-content\/uploads\/2026\/04\/logos-movil-2026.jpg?resize=350%2C200&ssl=1","width":350,"height":200,"srcset":"https:\/\/i0.wp.com\/festivalinternacionalclownbaret.com\/wp-content\/uploads\/2026\/04\/logos-movil-2026.jpg?resize=350%2C200&ssl=1 1x, https:\/\/i0.wp.com\/festivalinternacionalclownbaret.com\/wp-content\/uploads\/2026\/04\/logos-movil-2026.jpg?resize=525%2C300&ssl=1 1.5x"},"classes":[]},{"id":141,"url":"https:\/\/festivalinternacionalclownbaret.com\/de\/el-festival\/","url_meta":{"origin":525,"position":4},"title":"Das Fest","author":"davidujja","date":"3 de August de 2023","format":false,"excerpt":"El FeStIvAl FIC 2026 La vig\u00e9sima edici\u00f3n del Festival Internacional Clownbaret, FIC 2026 regresa a Canarias del 28 de septiembre al 11 de octubre con una programaci\u00f3n extraordinaria con 17 compa\u00f1\u00edas y artistas de primer nivel internacional. Un total de 74 funciones y actividades que te invitan a descubrir, sentir\u2026","rel":"","context":"\u00c4hnlicher Beitrag","block_context":{"text":"\u00c4hnlicher Beitrag","link":""},"img":{"alt_text":"","src":"https:\/\/i0.wp.com\/festivalinternacionalclownbaret.com\/wp-content\/uploads\/2025\/07\/payasetes-02-1024x983.png?resize=350%2C200&ssl=1","width":350,"height":200,"srcset":"https:\/\/i0.wp.com\/festivalinternacionalclownbaret.com\/wp-content\/uploads\/2025\/07\/payasetes-02-1024x983.png?resize=350%2C200&ssl=1 1x, https:\/\/i0.wp.com\/festivalinternacionalclownbaret.com\/wp-content\/uploads\/2025\/07\/payasetes-02-1024x983.png?resize=525%2C300&ssl=1 1.5x, https:\/\/i0.wp.com\/festivalinternacionalclownbaret.com\/wp-content\/uploads\/2025\/07\/payasetes-02-1024x983.png?resize=700%2C400&ssl=1 2x"},"classes":[]},{"id":1706,"url":"https:\/\/festivalinternacionalclownbaret.com\/de\/sostenibilidad\/","url_meta":{"origin":525,"position":5},"title":"Nachhaltigkeit","author":"davidujja","date":"15 de September de 2023","format":false,"excerpt":"sostenibilidad El Festival Internacional Clownbaret ha crecido enormemente a lo largo de estos 20 a\u00f1os. Y lo ha hecho de manera sostenible para Canarias. Descentralizando la programaci\u00f3n para llegar a todos y a todas y programando espect\u00e1culos de lenguaje universal. Llegando a hospitales, centros de personas con discapacidad y centros\u2026","rel":"","context":"\u00c4hnlicher Beitrag","block_context":{"text":"\u00c4hnlicher Beitrag","link":""},"img":{"alt_text":"","src":"https:\/\/i0.wp.com\/festivalinternacionalclownbaret.com\/wp-content\/uploads\/2025\/07\/cultura-cuida.jpg?resize=350%2C200&ssl=1","width":350,"height":200,"srcset":"https:\/\/i0.wp.com\/festivalinternacionalclownbaret.com\/wp-content\/uploads\/2025\/07\/cultura-cuida.jpg?resize=350%2C200&ssl=1 1x, https:\/\/i0.wp.com\/festivalinternacionalclownbaret.com\/wp-content\/uploads\/2025\/07\/cultura-cuida.jpg?resize=525%2C300&ssl=1 1.5x, https:\/\/i0.wp.com\/festivalinternacionalclownbaret.com\/wp-content\/uploads\/2025\/07\/cultura-cuida.jpg?resize=700%2C400&ssl=1 2x"},"classes":[]}],"_links":{"self":[{"href":"https:\/\/festivalinternacionalclownbaret.com\/de\/wp-json\/wp\/v2\/pages\/525","targetHints":{"allow":["GET"]}}],"collection":[{"href":"https:\/\/festivalinternacionalclownbaret.com\/de\/wp-json\/wp\/v2\/pages"}],"about":[{"href":"https:\/\/festivalinternacionalclownbaret.com\/de\/wp-json\/wp\/v2\/types\/page"}],"author":[{"embeddable":true,"href":"https:\/\/festivalinternacionalclownbaret.com\/de\/wp-json\/wp\/v2\/users\/94859360"}],"replies":[{"embeddable":true,"href":"https:\/\/festivalinternacionalclownbaret.com\/de\/wp-json\/wp\/v2\/comments?post=525"}],"version-history":[{"count":100,"href":"https:\/\/festivalinternacionalclownbaret.com\/de\/wp-json\/wp\/v2\/pages\/525\/revisions"}],"predecessor-version":[{"id":7897,"href":"https:\/\/festivalinternacionalclownbaret.com\/de\/wp-json\/wp\/v2\/pages\/525\/revisions\/7897"}],"wp:attachment":[{"href":"https:\/\/festivalinternacionalclownbaret.com\/de\/wp-json\/wp\/v2\/media?parent=525"}],"wp:term":[{"taxonomy":"ubicacion","embeddable":true,"href":"https:\/\/festivalinternacionalclownbaret.com\/de\/wp-json\/wp\/v2\/ubicacion?post=525"}],"curies":[{"name":"wp","href":"https:\/\/api.w.org\/{rel}","templated":true}]}}