{"id":141,"date":"2023-08-03T10:22:06","date_gmt":"2023-08-03T09:22:06","guid":{"rendered":"https:\/\/festivalinternacionalclownbaret.com\/?page_id=141"},"modified":"2026-04-16T13:02:22","modified_gmt":"2026-04-16T12:02:22","slug":"el-festival","status":"publish","type":"page","link":"https:\/\/festivalinternacionalclownbaret.com\/fr\/el-festival\/","title":{"rendered":"Le Festival"},"content":{"rendered":"<div data-elementor-type=\"wp-page\" data-elementor-id=\"141\" class=\"elementor elementor-141\" data-elementor-post-type=\"page\">\n\t\t\t\t\t\t<section class=\"elementor-section elementor-top-section elementor-element elementor-element-c3b4ee7 elementor-section-boxed elementor-section-height-default elementor-section-height-default\" data-id=\"c3b4ee7\" data-element_type=\"section\" data-e-type=\"section\">\n\t\t\t\t\t\t<div class=\"elementor-container elementor-column-gap-default\">\n\t\t\t\t\t<div class=\"elementor-column elementor-col-100 elementor-top-column elementor-element elementor-element-f9cc36a\" data-id=\"f9cc36a\" data-element_type=\"column\" data-e-type=\"column\">\n\t\t\t<div class=\"elementor-widget-wrap elementor-element-populated\">\n\t\t\t\t\t\t<div class=\"elementor-element elementor-element-ab45300 elementor-widget elementor-widget-heading\" data-id=\"ab45300\" data-element_type=\"widget\" data-e-type=\"widget\" data-widget_type=\"heading.default\">\n\t\t\t\t<div class=\"elementor-widget-container\">\n\t\t\t\t\t<h2 class=\"elementor-heading-title elementor-size-default\">Le festival<\/h2>\t\t\t\t<\/div>\n\t\t\t\t<\/div>\n\t\t\t\t<div class=\"elementor-element elementor-element-ad6e93b elementor-widget-divider--view-line elementor-widget elementor-widget-divider\" data-id=\"ad6e93b\" data-element_type=\"widget\" data-e-type=\"widget\" data-widget_type=\"divider.default\">\n\t\t\t\t<div class=\"elementor-widget-container\">\n\t\t\t\t\t\t\t<div class=\"elementor-divider\">\n\t\t\t<span class=\"elementor-divider-separator\">\n\t\t\t\t\t\t<\/span>\n\t\t<\/div>\n\t\t\t\t\t\t<\/div>\n\t\t\t\t<\/div>\n\t\t\t\t\t<\/div>\n\t\t<\/div>\n\t\t\t\t\t<\/div>\n\t\t<\/section>\n\t\t\t\t<section class=\"elementor-section elementor-top-section elementor-element elementor-element-e3eee7f elementor-section-boxed elementor-section-height-default elementor-section-height-default\" data-id=\"e3eee7f\" data-element_type=\"section\" data-e-type=\"section\" data-settings=\"{&quot;background_background&quot;:&quot;classic&quot;}\">\n\t\t\t\t\t\t<div class=\"elementor-container elementor-column-gap-default\">\n\t\t\t\t\t<div class=\"elementor-column elementor-col-100 elementor-top-column elementor-element elementor-element-19d77c4\" data-id=\"19d77c4\" data-element_type=\"column\" data-e-type=\"column\">\n\t\t\t<div class=\"elementor-widget-wrap elementor-element-populated\">\n\t\t\t\t\t\t<section class=\"elementor-section elementor-inner-section elementor-element elementor-element-93c0601 elementor-section-boxed elementor-section-height-default elementor-section-height-default\" data-id=\"93c0601\" data-element_type=\"section\" data-e-type=\"section\" data-settings=\"{&quot;background_background&quot;:&quot;classic&quot;}\">\n\t\t\t\t\t\t<div class=\"elementor-container elementor-column-gap-default\">\n\t\t\t\t\t<div class=\"elementor-column elementor-col-50 elementor-inner-column elementor-element elementor-element-b760125\" data-id=\"b760125\" data-element_type=\"column\" data-e-type=\"column\" data-settings=\"{&quot;background_background&quot;:&quot;slideshow&quot;,&quot;background_slideshow_gallery&quot;:[],&quot;background_slideshow_loop&quot;:&quot;yes&quot;,&quot;background_slideshow_slide_duration&quot;:5000,&quot;background_slideshow_slide_transition&quot;:&quot;fade&quot;,&quot;background_slideshow_transition_duration&quot;:500}\">\n\t\t\t<div class=\"elementor-widget-wrap elementor-element-populated\">\n\t\t\t\t\t\t<div class=\"elementor-element elementor-element-588bb96 elementor-widget__width-initial elementor-widget elementor-widget-heading\" data-id=\"588bb96\" data-element_type=\"widget\" data-e-type=\"widget\" data-widget_type=\"heading.default\">\n\t\t\t\t<div class=\"elementor-widget-container\">\n\t\t\t\t\t<h2 class=\"elementor-heading-title elementor-size-default\">FIC 2026<\/h2>\t\t\t\t<\/div>\n\t\t\t\t<\/div>\n\t\t\t\t<div class=\"elementor-element elementor-element-aa85de2 elementor-widget-divider--view-line elementor-widget elementor-widget-divider\" data-id=\"aa85de2\" data-element_type=\"widget\" data-e-type=\"widget\" data-widget_type=\"divider.default\">\n\t\t\t\t<div class=\"elementor-widget-container\">\n\t\t\t\t\t\t\t<div class=\"elementor-divider\">\n\t\t\t<span class=\"elementor-divider-separator\">\n\t\t\t\t\t\t<\/span>\n\t\t<\/div>\n\t\t\t\t\t\t<\/div>\n\t\t\t\t<\/div>\n\t\t\t\t<div class=\"elementor-element elementor-element-40123ac elementor-widget__width-initial elementor-widget elementor-widget-text-editor\" data-id=\"40123ac\" data-element_type=\"widget\" data-e-type=\"widget\" data-widget_type=\"text-editor.default\">\n\t\t\t\t<div class=\"elementor-widget-container\">\n\t\t\t\t\t\t\t\t\t<p>La vingti\u00e8me \u00e9dition du Festival international Clownbaret, FIC 2026, revient aux Canaries du 28 septembre au 11 octobre avec une programmation exceptionnelle r\u00e9unissant 17 compagnies et artistes de renomm\u00e9e internationale. Au total, 74 spectacles et activit\u00e9s vous invitent \u00e0 d\u00e9couvrir, ressentir et entrer en contact avec l'univers fascinant du clown et des arts du cirque. De plus, nous parcourrons 12 communes des Canaries afin que la magie du festival touche tous les coins de l'archipel.<\/p><p>Une programmation con\u00e7ue pour surprendre, \u00e9mouvoir et faire rire un public de tous \u00e2ges. Nous c\u00e9l\u00e9brons avec vous l'art du clown et du cirque \u00e0 travers des spectacles de la plus haute qualit\u00e9, pr\u00e9sent\u00e9s par des artistes venus d'Allemagne, d'Italie, du Royaume-Uni et de France, aux c\u00f4t\u00e9s de grands noms de la sc\u00e8ne nationale et de talents issus de nos \u00eeles. Et nous relan\u00e7ons le Cabaret FIC avec une repr\u00e9sentation r\u00e9unissant tous les artistes qui participent \u00e0 cette grande f\u00eate. Ne manquez pas \u00e7a !<\/p>\t\t\t\t\t\t\t\t<\/div>\n\t\t\t\t<\/div>\n\t\t\t\t<div class=\"elementor-element elementor-element-acf2e35 elementor-hidden-mobile elementor-widget elementor-widget-image\" data-id=\"acf2e35\" data-element_type=\"widget\" data-e-type=\"widget\" data-widget_type=\"image.default\">\n\t\t\t\t<div class=\"elementor-widget-container\">\n\t\t\t\t\t\t\t\t\t\t\t\t\t\t\t<img fetchpriority=\"high\" decoding=\"async\" data-attachment-id=\"5688\" data-permalink=\"https:\/\/festivalinternacionalclownbaret.com\/fr\/fic2024\/payasetes-02\/\" data-orig-file=\"https:\/\/festivalinternacionalclownbaret.com\/wp-content\/uploads\/2025\/07\/payasetes-02.png\" data-orig-size=\"1280,1229\" data-comments-opened=\"1\" data-image-meta=\"{&quot;aperture&quot;:&quot;0&quot;,&quot;credit&quot;:&quot;&quot;,&quot;camera&quot;:&quot;&quot;,&quot;caption&quot;:&quot;&quot;,&quot;created_timestamp&quot;:&quot;0&quot;,&quot;copyright&quot;:&quot;&quot;,&quot;focal_length&quot;:&quot;0&quot;,&quot;iso&quot;:&quot;0&quot;,&quot;shutter_speed&quot;:&quot;0&quot;,&quot;title&quot;:&quot;&quot;,&quot;orientation&quot;:&quot;0&quot;}\" data-image-title=\"payasetes-02\" data-image-description=\"\" data-image-caption=\"\" data-large-file=\"https:\/\/festivalinternacionalclownbaret.com\/wp-content\/uploads\/2025\/07\/payasetes-02-1024x983.png\" width=\"800\" height=\"768\" src=\"https:\/\/festivalinternacionalclownbaret.com\/wp-content\/uploads\/2025\/07\/payasetes-02-1024x983.png\" class=\"attachment-large size-large wp-image-5688\" alt=\"\" srcset=\"https:\/\/festivalinternacionalclownbaret.com\/wp-content\/uploads\/2025\/07\/payasetes-02-1024x983.png 1024w, https:\/\/festivalinternacionalclownbaret.com\/wp-content\/uploads\/2025\/07\/payasetes-02-300x288.png 300w, https:\/\/festivalinternacionalclownbaret.com\/wp-content\/uploads\/2025\/07\/payasetes-02-768x737.png 768w, https:\/\/festivalinternacionalclownbaret.com\/wp-content\/uploads\/2025\/07\/payasetes-02-12x12.png 12w, https:\/\/festivalinternacionalclownbaret.com\/wp-content\/uploads\/2025\/07\/payasetes-02.png 1280w\" sizes=\"(max-width: 800px) 100vw, 800px\" \/>\t\t\t\t\t\t\t\t\t\t\t\t\t\t\t<\/div>\n\t\t\t\t<\/div>\n\t\t\t\t\t<\/div>\n\t\t<\/div>\n\t\t\t\t<div class=\"elementor-column elementor-col-50 elementor-inner-column elementor-element elementor-element-7ce2444\" data-id=\"7ce2444\" data-element_type=\"column\" data-e-type=\"column\" data-settings=\"{&quot;background_background&quot;:&quot;slideshow&quot;,&quot;background_slideshow_gallery&quot;:[],&quot;background_slideshow_loop&quot;:&quot;yes&quot;,&quot;background_slideshow_slide_duration&quot;:5000,&quot;background_slideshow_slide_transition&quot;:&quot;fade&quot;,&quot;background_slideshow_transition_duration&quot;:500}\">\n\t\t\t<div class=\"elementor-widget-wrap elementor-element-populated\">\n\t\t\t\t\t\t<div class=\"elementor-element elementor-element-de5793c elementor-widget elementor-widget-image\" data-id=\"de5793c\" data-element_type=\"widget\" data-e-type=\"widget\" data-widget_type=\"image.default\">\n\t\t\t\t<div class=\"elementor-widget-container\">\n\t\t\t\t\t\t\t\t\t\t\t\t\t\t\t<img decoding=\"async\" data-attachment-id=\"7862\" data-permalink=\"https:\/\/festivalinternacionalclownbaret.com\/fr\/el-festival\/cartel-2026-provisional\/\" data-orig-file=\"https:\/\/festivalinternacionalclownbaret.com\/wp-content\/uploads\/2026\/04\/cartel-2026-provisional.jpg\" data-orig-size=\"1131,1600\" data-comments-opened=\"1\" data-image-meta=\"{&quot;aperture&quot;:&quot;0&quot;,&quot;credit&quot;:&quot;&quot;,&quot;camera&quot;:&quot;&quot;,&quot;caption&quot;:&quot;&quot;,&quot;created_timestamp&quot;:&quot;0&quot;,&quot;copyright&quot;:&quot;&quot;,&quot;focal_length&quot;:&quot;0&quot;,&quot;iso&quot;:&quot;0&quot;,&quot;shutter_speed&quot;:&quot;0&quot;,&quot;title&quot;:&quot;&quot;,&quot;orientation&quot;:&quot;0&quot;}\" data-image-title=\"cartel-2026-provisional\" data-image-description=\"\" data-image-caption=\"\" data-large-file=\"https:\/\/festivalinternacionalclownbaret.com\/wp-content\/uploads\/2026\/04\/cartel-2026-provisional-724x1024.jpg\" width=\"724\" height=\"1024\" src=\"https:\/\/festivalinternacionalclownbaret.com\/wp-content\/uploads\/2026\/04\/cartel-2026-provisional-724x1024.jpg\" class=\"attachment-large size-large wp-image-7862\" alt=\"\" srcset=\"https:\/\/festivalinternacionalclownbaret.com\/wp-content\/uploads\/2026\/04\/cartel-2026-provisional-724x1024.jpg 724w, https:\/\/festivalinternacionalclownbaret.com\/wp-content\/uploads\/2026\/04\/cartel-2026-provisional-212x300.jpg 212w, https:\/\/festivalinternacionalclownbaret.com\/wp-content\/uploads\/2026\/04\/cartel-2026-provisional-768x1086.jpg 768w, https:\/\/festivalinternacionalclownbaret.com\/wp-content\/uploads\/2026\/04\/cartel-2026-provisional-1086x1536.jpg 1086w, https:\/\/festivalinternacionalclownbaret.com\/wp-content\/uploads\/2026\/04\/cartel-2026-provisional-8x12.jpg 8w, https:\/\/festivalinternacionalclownbaret.com\/wp-content\/uploads\/2026\/04\/cartel-2026-provisional.jpg 1131w\" sizes=\"(max-width: 724px) 100vw, 724px\" \/>\t\t\t\t\t\t\t\t\t\t\t\t\t\t\t<\/div>\n\t\t\t\t<\/div>\n\t\t\t\t\t<\/div>\n\t\t<\/div>\n\t\t\t\t\t<\/div>\n\t\t<\/section>\n\t\t\t\t\t<\/div>\n\t\t<\/div>\n\t\t\t\t\t<\/div>\n\t\t<\/section>\n\t\t\t\t<section class=\"elementor-section elementor-top-section elementor-element elementor-element-ce06233 elementor-section-boxed elementor-section-height-default elementor-section-height-default\" data-id=\"ce06233\" data-element_type=\"section\" data-e-type=\"section\" data-settings=\"{&quot;shape_divider_top&quot;:&quot;waves&quot;,&quot;shape_divider_bottom&quot;:&quot;waves&quot;}\">\n\t\t\t\t\t<div class=\"elementor-shape elementor-shape-top\" aria-hidden=\"true\" data-negative=\"false\">\n\t\t\t<svg xmlns=\"http:\/\/www.w3.org\/2000\/svg\" viewbox=\"0 0 1000 100\" preserveaspectratio=\"none\">\n\t<path class=\"elementor-shape-fill\" d=\"M421.9,6.5c22.6-2.5,51.5,0.4,75.5,5.3c23.6,4.9,70.9,23.5,100.5,35.7c75.8,32.2,133.7,44.5,192.6,49.7\tc23.6,2.1,48.7,3.5,103.4-2.5c54.7-6,106.2-25.6,106.2-25.6V0H0v30.3c0,0,72,32.6,158.4,30.5c39.2-0.7,92.8-6.7,134-22.4\tc21.2-8.1,52.2-18.2,79.7-24.2C399.3,7.9,411.6,7.5,421.9,6.5z\"\/>\n<\/svg>\t\t<\/div>\n\t\t\t\t<div class=\"elementor-shape elementor-shape-bottom\" aria-hidden=\"true\" data-negative=\"false\">\n\t\t\t<svg xmlns=\"http:\/\/www.w3.org\/2000\/svg\" viewbox=\"0 0 1000 100\" preserveaspectratio=\"none\">\n\t<path class=\"elementor-shape-fill\" d=\"M421.9,6.5c22.6-2.5,51.5,0.4,75.5,5.3c23.6,4.9,70.9,23.5,100.5,35.7c75.8,32.2,133.7,44.5,192.6,49.7\tc23.6,2.1,48.7,3.5,103.4-2.5c54.7-6,106.2-25.6,106.2-25.6V0H0v30.3c0,0,72,32.6,158.4,30.5c39.2-0.7,92.8-6.7,134-22.4\tc21.2-8.1,52.2-18.2,79.7-24.2C399.3,7.9,411.6,7.5,421.9,6.5z\"\/>\n<\/svg>\t\t<\/div>\n\t\t\t\t\t<div class=\"elementor-container elementor-column-gap-default\">\n\t\t\t\t\t<div class=\"elementor-column elementor-col-100 elementor-top-column elementor-element elementor-element-36a7f5e\" data-id=\"36a7f5e\" data-element_type=\"column\" data-e-type=\"column\" data-settings=\"{&quot;background_background&quot;:&quot;classic&quot;}\">\n\t\t\t<div class=\"elementor-widget-wrap elementor-element-populated\">\n\t\t\t\t\t\t<div class=\"elementor-element elementor-element-8bccad8 elementor-widget__width-initial elementor-widget elementor-widget-heading\" data-id=\"8bccad8\" data-element_type=\"widget\" data-e-type=\"widget\" data-widget_type=\"heading.default\">\n\t\t\t\t<div class=\"elementor-widget-container\">\n\t\t\t\t\t<h2 class=\"elementor-heading-title elementor-size-default\">HISTOIRE<\/h2>\t\t\t\t<\/div>\n\t\t\t\t<\/div>\n\t\t\t\t<div class=\"elementor-element elementor-element-3c3b9e7 e-transform elementor-absolute elementor-widget elementor-widget-image\" data-id=\"3c3b9e7\" data-element_type=\"widget\" data-e-type=\"widget\" data-settings=\"{&quot;_transform_flipX_effect&quot;:&quot;transform&quot;,&quot;_position&quot;:&quot;absolute&quot;}\" data-widget_type=\"image.default\">\n\t\t\t\t<div class=\"elementor-widget-container\">\n\t\t\t\t\t\t\t\t\t\t\t\t\t\t\t<img decoding=\"async\" data-attachment-id=\"3254\" data-permalink=\"https:\/\/festivalinternacionalclownbaret.com\/fr\/fic2024\/chica-sentada\/\" data-orig-file=\"https:\/\/festivalinternacionalclownbaret.com\/wp-content\/uploads\/2024\/07\/chica-sentada.png\" data-orig-size=\"449,497\" data-comments-opened=\"1\" data-image-meta=\"{&quot;aperture&quot;:&quot;0&quot;,&quot;credit&quot;:&quot;&quot;,&quot;camera&quot;:&quot;&quot;,&quot;caption&quot;:&quot;&quot;,&quot;created_timestamp&quot;:&quot;0&quot;,&quot;copyright&quot;:&quot;&quot;,&quot;focal_length&quot;:&quot;0&quot;,&quot;iso&quot;:&quot;0&quot;,&quot;shutter_speed&quot;:&quot;0&quot;,&quot;title&quot;:&quot;&quot;,&quot;orientation&quot;:&quot;0&quot;}\" data-image-title=\"chica sentada\" data-image-description=\"\" data-image-caption=\"\" data-large-file=\"https:\/\/festivalinternacionalclownbaret.com\/wp-content\/uploads\/2024\/07\/chica-sentada.png\" width=\"449\" height=\"497\" src=\"https:\/\/festivalinternacionalclownbaret.com\/wp-content\/uploads\/2024\/07\/chica-sentada.png\" class=\"attachment-large size-large wp-image-3254\" alt=\"\" srcset=\"https:\/\/festivalinternacionalclownbaret.com\/wp-content\/uploads\/2024\/07\/chica-sentada.png 449w, https:\/\/festivalinternacionalclownbaret.com\/wp-content\/uploads\/2024\/07\/chica-sentada-271x300.png 271w, https:\/\/festivalinternacionalclownbaret.com\/wp-content\/uploads\/2024\/07\/chica-sentada-11x12.png 11w\" sizes=\"(max-width: 449px) 100vw, 449px\" \/>\t\t\t\t\t\t\t\t\t\t\t\t\t\t\t<\/div>\n\t\t\t\t<\/div>\n\t\t\t\t<div class=\"elementor-element elementor-element-2260ffc elementor-widget-divider--view-line elementor-widget elementor-widget-divider\" data-id=\"2260ffc\" data-element_type=\"widget\" data-e-type=\"widget\" data-widget_type=\"divider.default\">\n\t\t\t\t<div class=\"elementor-widget-container\">\n\t\t\t\t\t\t\t<div class=\"elementor-divider\">\n\t\t\t<span class=\"elementor-divider-separator\">\n\t\t\t\t\t\t<\/span>\n\t\t<\/div>\n\t\t\t\t\t\t<\/div>\n\t\t\t\t<\/div>\n\t\t\t\t<div class=\"elementor-element elementor-element-b5334d3 elementor-widget__width-initial elementor-widget elementor-widget-text-editor\" data-id=\"b5334d3\" data-element_type=\"widget\" data-e-type=\"widget\" data-widget_type=\"text-editor.default\">\n\t\t\t\t<div class=\"elementor-widget-container\">\n\t\t\t\t\t\t\t\t\t<p>Le FIC vous ouvre ses portes pour vous faire d\u00e9couvrir le talent des professionnels du clown et du cirque qui, ann\u00e9e apr\u00e8s ann\u00e9e, font partie de sa programmation aux Canaries. Leurs spectacles r\u00e9v\u00e8lent une extraordinaire diversit\u00e9 de disciplines, allant du th\u00e9\u00e2tre gestuel et du mime \u00e0 la musique, en passant par la magie, le jonglage ou l'acrobatie, offrant ainsi un panorama complet de l'univers du cirque.<\/p><p>Cr\u00e9\u00e9 en 2006, le FIC est n\u00e9 pour pallier la pr\u00e9sence limit\u00e9e du clown et du cirque dans la programmation culturelle des \u00eeles, tant dans les th\u00e9\u00e2tres que dans les festivals. Depuis lors, son d\u00e9veloppement a \u00e9t\u00e9 \u00e9troitement li\u00e9 au travail de Lasal, la soci\u00e9t\u00e9 de production \u00e0 l'origine et le moteur du projet, dont l'engagement et la vision ont \u00e9t\u00e9 essentiels pour consolider le festival au fil du temps. Sous la direction artistique de Brian Rodr\u00edguez, professionnel du clown, le festival s'est d\u00e9velopp\u00e9 pour devenir une plateforme de r\u00e9f\u00e9rence permettant de faire d\u00e9couvrir aux Canaries le travail de cr\u00e9ateurs internationaux d\u00e9di\u00e9s \u00e0 cette discipline ancestrale.<\/p><p>Gr\u00e2ce \u00e0 l'exp\u00e9rience et au d\u00e9vouement de Lasal, le Festival international Clownbaret s'est impos\u00e9 comme un rendez-vous incontournable du calendrier culturel du mois d'octobre, r\u00e9unissant chaque ann\u00e9e public et artistes autour des arts de la sc\u00e8ne.<\/p><p>Pionnier dans son domaine au sein du paysage culturel canarien, le FIC a su ouvrir de nouvelles voies dans l'offre artistique des \u00eeles. Sa pr\u00e9sence tant dans les salles de th\u00e9\u00e2tre que dans la rue, associ\u00e9e \u00e0 une programmation s'\u00e9tendant sur diff\u00e9rents territoires, a contribu\u00e9 \u00e0 mettre en valeur l'art du clown et ses multiples expressions sc\u00e9niques, circassiennes et cin\u00e9matographiques.<\/p><p>Parmi les moments forts du festival figure ce qui fut malheureusement la derni\u00e8re repr\u00e9sentation du ma\u00eetre Carlo Colombaioni, connu pour sa collaboration avec Federico Fellini dans le film \u00ab Il Clowns \u00bb. Le festival a \u00e9galement accueilli de grandes figures du monde du clown aujourd\u2019hui disparues, telles que Monti ou Jango Edwards, dont le souvenir reste grav\u00e9 dans la m\u00e9moire du public.<\/p><p>Tout au long de son histoire, le FIC a r\u00e9uni des artistes de renom, tant nationaux qu'internationaux, parmi lesquels Umbilical Brothers, Avner el Exc\u00e9ntrico, Les Founambules, Peter Shub, Carlo Colombaioni, Faemino y Cansado, Pepe Viyuela, Gardi Hutter, Tortell Poltrona, Laura Herts, Aga-boom, Leandre Clown, Pepa Plana ou encore Fraser Hooper, pour n'en citer que quelques-uns.<\/p><p>Le festival s'enrichit d'initiatives telles que \u00ab Payasos en Ruta \u00bb, mise en place en collaboration avec le Cabildo de Tenerife et diff\u00e9rentes mairies, ainsi qu'avec des institutions de La Palma et de La Gomera. Ce programme parall\u00e8le permet de proposer des spectacles, des ateliers, des actions de clown social et des activit\u00e9s familiales dans d'autres coins de l'archipel. Tout cela est possible gr\u00e2ce \u00e0 l'engagement de l'\u00e9quipe de Lasal, des professionnels impliqu\u00e9s et au soutien des organismes publics et priv\u00e9s qui appuient ce projet culturel.<\/p>\t\t\t\t\t\t\t\t<\/div>\n\t\t\t\t<\/div>\n\t\t\t\t\t<\/div>\n\t\t<\/div>\n\t\t\t\t\t<\/div>\n\t\t<\/section>\n\t\t\t\t<section class=\"elementor-section elementor-top-section elementor-element elementor-element-9daa387 elementor-section-full_width elementor-section-height-default elementor-section-height-default\" data-id=\"9daa387\" data-element_type=\"section\" data-e-type=\"section\">\n\t\t\t\t\t\t<div class=\"elementor-container elementor-column-gap-default\">\n\t\t\t\t\t<div class=\"elementor-column elementor-col-100 elementor-top-column elementor-element elementor-element-3b98a88\" data-id=\"3b98a88\" data-element_type=\"column\" data-e-type=\"column\">\n\t\t\t<div class=\"elementor-widget-wrap elementor-element-populated\">\n\t\t\t\t\t\t<div class=\"elementor-element elementor-element-bef10b4 elementor-widget elementor-widget-image\" data-id=\"bef10b4\" data-element_type=\"widget\" data-e-type=\"widget\" data-widget_type=\"image.default\">\n\t\t\t\t<div class=\"elementor-widget-container\">\n\t\t\t\t\t\t\t\t\t\t\t\t\t\t\t<img loading=\"lazy\" decoding=\"async\" data-attachment-id=\"7866\" data-permalink=\"https:\/\/festivalinternacionalclownbaret.com\/fr\/el-festival\/historia-provisional\/\" data-orig-file=\"https:\/\/festivalinternacionalclownbaret.com\/wp-content\/uploads\/2026\/04\/historia-provisional.jpg\" data-orig-size=\"1067,573\" data-comments-opened=\"1\" data-image-meta=\"{&quot;aperture&quot;:&quot;0&quot;,&quot;credit&quot;:&quot;&quot;,&quot;camera&quot;:&quot;&quot;,&quot;caption&quot;:&quot;&quot;,&quot;created_timestamp&quot;:&quot;0&quot;,&quot;copyright&quot;:&quot;&quot;,&quot;focal_length&quot;:&quot;0&quot;,&quot;iso&quot;:&quot;0&quot;,&quot;shutter_speed&quot;:&quot;0&quot;,&quot;title&quot;:&quot;&quot;,&quot;orientation&quot;:&quot;0&quot;}\" data-image-title=\"historia-provisional\" data-image-description=\"\" data-image-caption=\"\" data-large-file=\"https:\/\/festivalinternacionalclownbaret.com\/wp-content\/uploads\/2026\/04\/historia-provisional-1024x550.jpg\" width=\"800\" height=\"430\" src=\"https:\/\/festivalinternacionalclownbaret.com\/wp-content\/uploads\/2026\/04\/historia-provisional-1024x550.jpg\" class=\"attachment-large size-large wp-image-7866\" alt=\"\" srcset=\"https:\/\/festivalinternacionalclownbaret.com\/wp-content\/uploads\/2026\/04\/historia-provisional-1024x550.jpg 1024w, https:\/\/festivalinternacionalclownbaret.com\/wp-content\/uploads\/2026\/04\/historia-provisional-300x161.jpg 300w, https:\/\/festivalinternacionalclownbaret.com\/wp-content\/uploads\/2026\/04\/historia-provisional-768x412.jpg 768w, https:\/\/festivalinternacionalclownbaret.com\/wp-content\/uploads\/2026\/04\/historia-provisional-18x10.jpg 18w, https:\/\/festivalinternacionalclownbaret.com\/wp-content\/uploads\/2026\/04\/historia-provisional.jpg 1067w\" sizes=\"(max-width: 800px) 100vw, 800px\" \/>\t\t\t\t\t\t\t\t\t\t\t\t\t\t\t<\/div>\n\t\t\t\t<\/div>\n\t\t\t\t\t<\/div>\n\t\t<\/div>\n\t\t\t\t\t<\/div>\n\t\t<\/section>\n\t\t\t\t<section class=\"elementor-section elementor-top-section elementor-element elementor-element-438d49b elementor-section-boxed elementor-section-height-default elementor-section-height-default\" data-id=\"438d49b\" data-element_type=\"section\" data-e-type=\"section\" data-settings=\"{&quot;background_background&quot;:&quot;classic&quot;}\">\n\t\t\t\t\t\t<div class=\"elementor-container elementor-column-gap-default\">\n\t\t\t\t\t<div class=\"elementor-column elementor-col-100 elementor-top-column elementor-element elementor-element-ed8a47c\" data-id=\"ed8a47c\" data-element_type=\"column\" data-e-type=\"column\">\n\t\t\t<div class=\"elementor-widget-wrap elementor-element-populated\">\n\t\t\t\t\t\t<div class=\"elementor-element elementor-element-1cd3f64 elementor-widget elementor-widget-heading\" data-id=\"1cd3f64\" data-element_type=\"widget\" data-e-type=\"widget\" data-widget_type=\"heading.default\">\n\t\t\t\t<div class=\"elementor-widget-container\">\n\t\t\t\t\t<h2 class=\"elementor-heading-title elementor-size-default\">Dans les num\u00e9ros pr\u00e9c\u00e9dents...<\/h2>\t\t\t\t<\/div>\n\t\t\t\t<\/div>\n\t\t\t\t<div class=\"elementor-element elementor-element-a1622d2 elementor-widget-divider--view-line elementor-widget elementor-widget-divider\" data-id=\"a1622d2\" data-element_type=\"widget\" data-e-type=\"widget\" data-widget_type=\"divider.default\">\n\t\t\t\t<div class=\"elementor-widget-container\">\n\t\t\t\t\t\t\t<div class=\"elementor-divider\">\n\t\t\t<span class=\"elementor-divider-separator\">\n\t\t\t\t\t\t<\/span>\n\t\t<\/div>\n\t\t\t\t\t\t<\/div>\n\t\t\t\t<\/div>\n\t\t\t\t\t<\/div>\n\t\t<\/div>\n\t\t\t\t\t<\/div>\n\t\t<\/section>\n\t\t\t\t<section class=\"elementor-section elementor-top-section elementor-element elementor-element-544afae elementor-section-boxed elementor-section-height-default elementor-section-height-default\" data-id=\"544afae\" data-element_type=\"section\" data-e-type=\"section\" data-settings=\"{&quot;background_background&quot;:&quot;classic&quot;}\">\n\t\t\t\t\t\t<div class=\"elementor-container elementor-column-gap-default\">\n\t\t\t\t\t<div class=\"elementor-column elementor-col-100 elementor-top-column elementor-element elementor-element-92680bf\" data-id=\"92680bf\" data-element_type=\"column\" data-e-type=\"column\">\n\t\t\t<div class=\"elementor-widget-wrap elementor-element-populated\">\n\t\t\t\t\t\t<div class=\"elementor-element elementor-element-ed3b24d elementor-widget elementor-widget-gallery\" data-id=\"ed3b24d\" data-element_type=\"widget\" data-e-type=\"widget\" data-settings=\"{&quot;gallery_layout&quot;:&quot;justified&quot;,&quot;ideal_row_height&quot;:{&quot;unit&quot;:&quot;px&quot;,&quot;size&quot;:300,&quot;sizes&quot;:[]},&quot;lazyload&quot;:&quot;yes&quot;,&quot;ideal_row_height_tablet&quot;:{&quot;unit&quot;:&quot;px&quot;,&quot;size&quot;:150,&quot;sizes&quot;:[]},&quot;ideal_row_height_mobile&quot;:{&quot;unit&quot;:&quot;px&quot;,&quot;size&quot;:150,&quot;sizes&quot;:[]},&quot;gap&quot;:{&quot;unit&quot;:&quot;px&quot;,&quot;size&quot;:10,&quot;sizes&quot;:[]},&quot;gap_tablet&quot;:{&quot;unit&quot;:&quot;px&quot;,&quot;size&quot;:10,&quot;sizes&quot;:[]},&quot;gap_mobile&quot;:{&quot;unit&quot;:&quot;px&quot;,&quot;size&quot;:10,&quot;sizes&quot;:[]},&quot;link_to&quot;:&quot;file&quot;,&quot;overlay_background&quot;:&quot;yes&quot;,&quot;content_hover_animation&quot;:&quot;fade-in&quot;}\" data-widget_type=\"gallery.default\">\n\t\t\t\t<div class=\"elementor-widget-container\">\n\t\t\t\t\t\t\t<div class=\"elementor-gallery__container\">\n\t\t\t\t\t\t\t<a class=\"e-gallery-item elementor-gallery-item elementor-animated-content\" href=\"https:\/\/festivalinternacionalclownbaret.com\/wp-content\/uploads\/2025\/07\/cartel-2024.jpg\" data-elementor-open-lightbox=\"yes\" data-elementor-lightbox-slideshow=\"ed3b24d\" data-elementor-lightbox-title=\"cartel-2024\" data-e-action-hash=\"#elementor-action%3Aaction%3Dlightbox%26settings%3DeyJpZCI6NTYzMywidXJsIjoiaHR0cHM6XC9cL2Zlc3RpdmFsaW50ZXJuYWNpb25hbGNsb3duYmFyZXQuY29tXC93cC1jb250ZW50XC91cGxvYWRzXC8yMDI1XC8wN1wvY2FydGVsLTIwMjQuanBnIiwic2xpZGVzaG93IjoiZWQzYjI0ZCJ9\">\n\t\t\t\t\t<div class=\"e-gallery-image elementor-gallery-item__image\" data-thumbnail=\"https:\/\/festivalinternacionalclownbaret.com\/wp-content\/uploads\/2025\/07\/cartel-2024-213x300.jpg\" data-width=\"213\" data-height=\"300\" aria-label=\"\" role=\"img\" ><\/div>\n\t\t\t\t\t\t\t\t\t\t\t<div class=\"elementor-gallery-item__overlay\"><\/div>\n\t\t\t\t\t\t\t\t\t\t\t\t\t\t<\/a>\n\t\t\t\t\t\t\t<a class=\"e-gallery-item elementor-gallery-item elementor-animated-content\" href=\"https:\/\/festivalinternacionalclownbaret.com\/wp-content\/uploads\/2025\/07\/cartel-2023.jpg\" data-elementor-open-lightbox=\"yes\" data-elementor-lightbox-slideshow=\"ed3b24d\" data-elementor-lightbox-title=\"cartel-2023\" data-e-action-hash=\"#elementor-action%3Aaction%3Dlightbox%26settings%3DeyJpZCI6NjkyMCwidXJsIjoiaHR0cHM6XC9cL2Zlc3RpdmFsaW50ZXJuYWNpb25hbGNsb3duYmFyZXQuY29tXC93cC1jb250ZW50XC91cGxvYWRzXC8yMDI1XC8wN1wvY2FydGVsLTIwMjMuanBnIiwic2xpZGVzaG93IjoiZWQzYjI0ZCJ9\">\n\t\t\t\t\t<div class=\"e-gallery-image elementor-gallery-item__image\" data-thumbnail=\"https:\/\/festivalinternacionalclownbaret.com\/wp-content\/uploads\/2025\/07\/cartel-2023-212x300.jpg\" data-width=\"212\" data-height=\"300\" aria-label=\"\" role=\"img\" ><\/div>\n\t\t\t\t\t\t\t\t\t\t\t<div class=\"elementor-gallery-item__overlay\"><\/div>\n\t\t\t\t\t\t\t\t\t\t\t\t\t\t<\/a>\n\t\t\t\t\t\t\t<a class=\"e-gallery-item elementor-gallery-item elementor-animated-content\" href=\"https:\/\/festivalinternacionalclownbaret.com\/wp-content\/uploads\/2023\/08\/cartel-A3_AAFF_fic_2022.jpg\" data-elementor-open-lightbox=\"yes\" data-elementor-lightbox-slideshow=\"ed3b24d\" data-elementor-lightbox-title=\"cartel A3_AAFF_fic_2022\" data-e-action-hash=\"#elementor-action%3Aaction%3Dlightbox%26settings%3DeyJpZCI6Nzg3LCJ1cmwiOiJodHRwczpcL1wvZmVzdGl2YWxpbnRlcm5hY2lvbmFsY2xvd25iYXJldC5jb21cL3dwLWNvbnRlbnRcL3VwbG9hZHNcLzIwMjNcLzA4XC9jYXJ0ZWwtQTNfQUFGRl9maWNfMjAyMi5qcGciLCJzbGlkZXNob3ciOiJlZDNiMjRkIn0%3D\">\n\t\t\t\t\t<div class=\"e-gallery-image elementor-gallery-item__image\" data-thumbnail=\"https:\/\/festivalinternacionalclownbaret.com\/wp-content\/uploads\/2023\/08\/cartel-A3_AAFF_fic_2022-212x300.jpg\" data-width=\"212\" data-height=\"300\" aria-label=\"\" role=\"img\" ><\/div>\n\t\t\t\t\t\t\t\t\t\t\t<div class=\"elementor-gallery-item__overlay\"><\/div>\n\t\t\t\t\t\t\t\t\t\t\t\t\t\t<\/a>\n\t\t\t\t\t\t\t<a class=\"e-gallery-item elementor-gallery-item elementor-animated-content\" href=\"https:\/\/festivalinternacionalclownbaret.com\/wp-content\/uploads\/2024\/08\/WhatsApp-Image-2024-08-29-at-11.56.46-1.jpeg\" data-elementor-open-lightbox=\"yes\" data-elementor-lightbox-slideshow=\"ed3b24d\" data-elementor-lightbox-title=\"Cartel 2021\" data-e-action-hash=\"#elementor-action%3Aaction%3Dlightbox%26settings%3DeyJpZCI6NDQ3MSwidXJsIjoiaHR0cHM6XC9cL2Zlc3RpdmFsaW50ZXJuYWNpb25hbGNsb3duYmFyZXQuY29tXC93cC1jb250ZW50XC91cGxvYWRzXC8yMDI0XC8wOFwvV2hhdHNBcHAtSW1hZ2UtMjAyNC0wOC0yOS1hdC0xMS41Ni40Ni0xLmpwZWciLCJzbGlkZXNob3ciOiJlZDNiMjRkIn0%3D\">\n\t\t\t\t\t<div class=\"e-gallery-image elementor-gallery-item__image\" data-thumbnail=\"https:\/\/festivalinternacionalclownbaret.com\/wp-content\/uploads\/2024\/08\/WhatsApp-Image-2024-08-29-at-11.56.46-1-212x300.jpeg\" data-width=\"212\" data-height=\"300\" aria-label=\"\" role=\"img\" ><\/div>\n\t\t\t\t\t\t\t\t\t\t\t<div class=\"elementor-gallery-item__overlay\"><\/div>\n\t\t\t\t\t\t\t\t\t\t\t\t\t\t<\/a>\n\t\t\t\t\t\t\t<a class=\"e-gallery-item elementor-gallery-item elementor-animated-content\" href=\"https:\/\/festivalinternacionalclownbaret.com\/wp-content\/uploads\/2024\/08\/WhatsApp-Image-2024-08-29-at-11.45.36.jpeg\" data-elementor-open-lightbox=\"yes\" data-elementor-lightbox-slideshow=\"ed3b24d\" data-elementor-lightbox-title=\"Cartel 2020\" data-e-action-hash=\"#elementor-action%3Aaction%3Dlightbox%26settings%3DeyJpZCI6NDQ1MiwidXJsIjoiaHR0cHM6XC9cL2Zlc3RpdmFsaW50ZXJuYWNpb25hbGNsb3duYmFyZXQuY29tXC93cC1jb250ZW50XC91cGxvYWRzXC8yMDI0XC8wOFwvV2hhdHNBcHAtSW1hZ2UtMjAyNC0wOC0yOS1hdC0xMS40NS4zNi5qcGVnIiwic2xpZGVzaG93IjoiZWQzYjI0ZCJ9\">\n\t\t\t\t\t<div class=\"e-gallery-image elementor-gallery-item__image\" data-thumbnail=\"https:\/\/festivalinternacionalclownbaret.com\/wp-content\/uploads\/2024\/08\/WhatsApp-Image-2024-08-29-at-11.45.36-213x300.jpeg\" data-width=\"213\" data-height=\"300\" aria-label=\"\" role=\"img\" ><\/div>\n\t\t\t\t\t\t\t\t\t\t\t<div class=\"elementor-gallery-item__overlay\"><\/div>\n\t\t\t\t\t\t\t\t\t\t\t\t\t\t<\/a>\n\t\t\t\t\t\t\t<a class=\"e-gallery-item elementor-gallery-item elementor-animated-content\" href=\"https:\/\/festivalinternacionalclownbaret.com\/wp-content\/uploads\/2024\/08\/WhatsApp-Image-2024-08-29-at-11.58.17.jpeg\" data-elementor-open-lightbox=\"yes\" data-elementor-lightbox-slideshow=\"ed3b24d\" data-elementor-lightbox-title=\"Cartel 2019\" data-e-action-hash=\"#elementor-action%3Aaction%3Dlightbox%26settings%3DeyJpZCI6NDQ3MiwidXJsIjoiaHR0cHM6XC9cL2Zlc3RpdmFsaW50ZXJuYWNpb25hbGNsb3duYmFyZXQuY29tXC93cC1jb250ZW50XC91cGxvYWRzXC8yMDI0XC8wOFwvV2hhdHNBcHAtSW1hZ2UtMjAyNC0wOC0yOS1hdC0xMS41OC4xNy5qcGVnIiwic2xpZGVzaG93IjoiZWQzYjI0ZCJ9\">\n\t\t\t\t\t<div class=\"e-gallery-image elementor-gallery-item__image\" data-thumbnail=\"https:\/\/festivalinternacionalclownbaret.com\/wp-content\/uploads\/2024\/08\/WhatsApp-Image-2024-08-29-at-11.58.17-212x300.jpeg\" data-width=\"212\" data-height=\"300\" aria-label=\"\" role=\"img\" ><\/div>\n\t\t\t\t\t\t\t\t\t\t\t<div class=\"elementor-gallery-item__overlay\"><\/div>\n\t\t\t\t\t\t\t\t\t\t\t\t\t\t<\/a>\n\t\t\t\t\t\t\t<a class=\"e-gallery-item elementor-gallery-item elementor-animated-content\" href=\"https:\/\/festivalinternacionalclownbaret.com\/wp-content\/uploads\/2024\/08\/WhatsApp-Image-2024-08-29-at-11.54.48.jpeg\" data-elementor-open-lightbox=\"yes\" data-elementor-lightbox-slideshow=\"ed3b24d\" data-elementor-lightbox-title=\"WhatsApp Image 2024-08-29 at 11.54.48\" data-e-action-hash=\"#elementor-action%3Aaction%3Dlightbox%26settings%3DeyJpZCI6NDQ2OCwidXJsIjoiaHR0cHM6XC9cL2Zlc3RpdmFsaW50ZXJuYWNpb25hbGNsb3duYmFyZXQuY29tXC93cC1jb250ZW50XC91cGxvYWRzXC8yMDI0XC8wOFwvV2hhdHNBcHAtSW1hZ2UtMjAyNC0wOC0yOS1hdC0xMS41NC40OC5qcGVnIiwic2xpZGVzaG93IjoiZWQzYjI0ZCJ9\">\n\t\t\t\t\t<div class=\"e-gallery-image elementor-gallery-item__image\" data-thumbnail=\"https:\/\/festivalinternacionalclownbaret.com\/wp-content\/uploads\/2024\/08\/WhatsApp-Image-2024-08-29-at-11.54.48-213x300.jpeg\" data-width=\"213\" data-height=\"300\" aria-label=\"\" role=\"img\" ><\/div>\n\t\t\t\t\t\t\t\t\t\t\t<div class=\"elementor-gallery-item__overlay\"><\/div>\n\t\t\t\t\t\t\t\t\t\t\t\t\t\t<\/a>\n\t\t\t\t\t\t\t<a class=\"e-gallery-item elementor-gallery-item elementor-animated-content\" href=\"https:\/\/festivalinternacionalclownbaret.com\/wp-content\/uploads\/2023\/08\/FIC17_CARTEL-GENERICO_REDES_v11_web_alta.jpg\" data-elementor-open-lightbox=\"yes\" data-elementor-lightbox-slideshow=\"ed3b24d\" data-elementor-lightbox-title=\"FIC17_CARTEL GENERICO_REDES_v11_web_alta\" data-e-action-hash=\"#elementor-action%3Aaction%3Dlightbox%26settings%3DeyJpZCI6NjcxLCJ1cmwiOiJodHRwczpcL1wvZmVzdGl2YWxpbnRlcm5hY2lvbmFsY2xvd25iYXJldC5jb21cL3dwLWNvbnRlbnRcL3VwbG9hZHNcLzIwMjNcLzA4XC9GSUMxN19DQVJURUwtR0VORVJJQ09fUkVERVNfdjExX3dlYl9hbHRhLmpwZyIsInNsaWRlc2hvdyI6ImVkM2IyNGQifQ%3D%3D\">\n\t\t\t\t\t<div class=\"e-gallery-image elementor-gallery-item__image\" data-thumbnail=\"https:\/\/festivalinternacionalclownbaret.com\/wp-content\/uploads\/2023\/08\/FIC17_CARTEL-GENERICO_REDES_v11_web_alta-212x300.jpg\" data-width=\"212\" data-height=\"300\" aria-label=\"\" role=\"img\" ><\/div>\n\t\t\t\t\t\t\t\t\t\t\t<div class=\"elementor-gallery-item__overlay\"><\/div>\n\t\t\t\t\t\t\t\t\t\t\t\t\t\t<\/a>\n\t\t\t\t\t\t\t<a class=\"e-gallery-item elementor-gallery-item elementor-animated-content\" href=\"https:\/\/festivalinternacionalclownbaret.com\/wp-content\/uploads\/2023\/08\/Cartel_FIC_A3_RGB_OK.jpg\" data-elementor-open-lightbox=\"yes\" data-elementor-lightbox-slideshow=\"ed3b24d\" data-elementor-lightbox-title=\"Cartel_FIC_A3_RGB_OK\" data-e-action-hash=\"#elementor-action%3Aaction%3Dlightbox%26settings%3DeyJpZCI6NjY4LCJ1cmwiOiJodHRwczpcL1wvZmVzdGl2YWxpbnRlcm5hY2lvbmFsY2xvd25iYXJldC5jb21cL3dwLWNvbnRlbnRcL3VwbG9hZHNcLzIwMjNcLzA4XC9DYXJ0ZWxfRklDX0EzX1JHQl9PSy5qcGciLCJzbGlkZXNob3ciOiJlZDNiMjRkIn0%3D\">\n\t\t\t\t\t<div class=\"e-gallery-image elementor-gallery-item__image\" data-thumbnail=\"https:\/\/festivalinternacionalclownbaret.com\/wp-content\/uploads\/2023\/08\/Cartel_FIC_A3_RGB_OK-212x300.jpg\" data-width=\"212\" data-height=\"300\" aria-label=\"\" role=\"img\" ><\/div>\n\t\t\t\t\t\t\t\t\t\t\t<div class=\"elementor-gallery-item__overlay\"><\/div>\n\t\t\t\t\t\t\t\t\t\t\t\t\t\t<\/a>\n\t\t\t\t\t\t\t<a class=\"e-gallery-item elementor-gallery-item elementor-animated-content\" href=\"https:\/\/festivalinternacionalclownbaret.com\/wp-content\/uploads\/2023\/08\/cartel-FIC2015_WEB.jpg\" data-elementor-open-lightbox=\"yes\" data-elementor-lightbox-slideshow=\"ed3b24d\" data-elementor-lightbox-title=\"cartel FIC2015_WEB\" data-e-action-hash=\"#elementor-action%3Aaction%3Dlightbox%26settings%3DeyJpZCI6NjY2LCJ1cmwiOiJodHRwczpcL1wvZmVzdGl2YWxpbnRlcm5hY2lvbmFsY2xvd25iYXJldC5jb21cL3dwLWNvbnRlbnRcL3VwbG9hZHNcLzIwMjNcLzA4XC9jYXJ0ZWwtRklDMjAxNV9XRUIuanBnIiwic2xpZGVzaG93IjoiZWQzYjI0ZCJ9\">\n\t\t\t\t\t<div class=\"e-gallery-image elementor-gallery-item__image\" data-thumbnail=\"https:\/\/festivalinternacionalclownbaret.com\/wp-content\/uploads\/2023\/08\/cartel-FIC2015_WEB-214x300.jpg\" data-width=\"214\" data-height=\"300\" aria-label=\"\" role=\"img\" ><\/div>\n\t\t\t\t\t\t\t\t\t\t\t<div class=\"elementor-gallery-item__overlay\"><\/div>\n\t\t\t\t\t\t\t\t\t\t\t\t\t\t<\/a>\n\t\t\t\t\t\t\t<a class=\"e-gallery-item elementor-gallery-item elementor-animated-content\" href=\"https:\/\/festivalinternacionalclownbaret.com\/wp-content\/uploads\/2023\/08\/CARTEL-FIC-ARONA.jpg\" data-elementor-open-lightbox=\"yes\" data-elementor-lightbox-slideshow=\"ed3b24d\" data-elementor-lightbox-title=\"CARTEL FIC ARONA\" data-e-action-hash=\"#elementor-action%3Aaction%3Dlightbox%26settings%3DeyJpZCI6NjYxLCJ1cmwiOiJodHRwczpcL1wvZmVzdGl2YWxpbnRlcm5hY2lvbmFsY2xvd25iYXJldC5jb21cL3dwLWNvbnRlbnRcL3VwbG9hZHNcLzIwMjNcLzA4XC9DQVJURUwtRklDLUFST05BLmpwZyIsInNsaWRlc2hvdyI6ImVkM2IyNGQifQ%3D%3D\">\n\t\t\t\t\t<div class=\"e-gallery-image elementor-gallery-item__image\" data-thumbnail=\"https:\/\/festivalinternacionalclownbaret.com\/wp-content\/uploads\/2023\/08\/CARTEL-FIC-ARONA-212x300.jpg\" data-width=\"212\" data-height=\"300\" aria-label=\"\" role=\"img\" ><\/div>\n\t\t\t\t\t\t\t\t\t\t\t<div class=\"elementor-gallery-item__overlay\"><\/div>\n\t\t\t\t\t\t\t\t\t\t\t\t\t\t<\/a>\n\t\t\t\t\t\t\t<a class=\"e-gallery-item elementor-gallery-item elementor-animated-content\" href=\"https:\/\/festivalinternacionalclownbaret.com\/wp-content\/uploads\/2023\/08\/cartel-FIC13_horz_web.jpg\" data-elementor-open-lightbox=\"yes\" data-elementor-lightbox-slideshow=\"ed3b24d\" data-elementor-lightbox-title=\"cartel-FIC13_horz_web\" data-e-action-hash=\"#elementor-action%3Aaction%3Dlightbox%26settings%3DeyJpZCI6NjY5LCJ1cmwiOiJodHRwczpcL1wvZmVzdGl2YWxpbnRlcm5hY2lvbmFsY2xvd25iYXJldC5jb21cL3dwLWNvbnRlbnRcL3VwbG9hZHNcLzIwMjNcLzA4XC9jYXJ0ZWwtRklDMTNfaG9yel93ZWIuanBnIiwic2xpZGVzaG93IjoiZWQzYjI0ZCJ9\">\n\t\t\t\t\t<div class=\"e-gallery-image elementor-gallery-item__image\" data-thumbnail=\"https:\/\/festivalinternacionalclownbaret.com\/wp-content\/uploads\/2023\/08\/cartel-FIC13_horz_web-300x192.jpg\" data-width=\"300\" data-height=\"192\" aria-label=\"\" role=\"img\" ><\/div>\n\t\t\t\t\t\t\t\t\t\t\t<div class=\"elementor-gallery-item__overlay\"><\/div>\n\t\t\t\t\t\t\t\t\t\t\t\t\t\t<\/a>\n\t\t\t\t\t\t\t<a class=\"e-gallery-item elementor-gallery-item elementor-animated-content\" href=\"https:\/\/festivalinternacionalclownbaret.com\/wp-content\/uploads\/2023\/08\/Cartel_ALTA_web.jpg\" data-elementor-open-lightbox=\"yes\" data-elementor-lightbox-slideshow=\"ed3b24d\" data-elementor-lightbox-title=\"Cartel_ALTA_web\" data-e-action-hash=\"#elementor-action%3Aaction%3Dlightbox%26settings%3DeyJpZCI6NjY3LCJ1cmwiOiJodHRwczpcL1wvZmVzdGl2YWxpbnRlcm5hY2lvbmFsY2xvd25iYXJldC5jb21cL3dwLWNvbnRlbnRcL3VwbG9hZHNcLzIwMjNcLzA4XC9DYXJ0ZWxfQUxUQV93ZWIuanBnIiwic2xpZGVzaG93IjoiZWQzYjI0ZCJ9\">\n\t\t\t\t\t<div class=\"e-gallery-image elementor-gallery-item__image\" data-thumbnail=\"https:\/\/festivalinternacionalclownbaret.com\/wp-content\/uploads\/2023\/08\/Cartel_ALTA_web-215x300.jpg\" data-width=\"215\" data-height=\"300\" aria-label=\"\" role=\"img\" ><\/div>\n\t\t\t\t\t\t\t\t\t\t\t<div class=\"elementor-gallery-item__overlay\"><\/div>\n\t\t\t\t\t\t\t\t\t\t\t\t\t\t<\/a>\n\t\t\t\t\t\t\t<a class=\"e-gallery-item elementor-gallery-item elementor-animated-content\" href=\"https:\/\/festivalinternacionalclownbaret.com\/wp-content\/uploads\/2023\/08\/cartelFIC08.jpg\" data-elementor-open-lightbox=\"yes\" data-elementor-lightbox-slideshow=\"ed3b24d\" data-elementor-lightbox-title=\"cartelFIC08\" data-e-action-hash=\"#elementor-action%3Aaction%3Dlightbox%26settings%3DeyJpZCI6NjcwLCJ1cmwiOiJodHRwczpcL1wvZmVzdGl2YWxpbnRlcm5hY2lvbmFsY2xvd25iYXJldC5jb21cL3dwLWNvbnRlbnRcL3VwbG9hZHNcLzIwMjNcLzA4XC9jYXJ0ZWxGSUMwOC5qcGciLCJzbGlkZXNob3ciOiJlZDNiMjRkIn0%3D\">\n\t\t\t\t\t<div class=\"e-gallery-image elementor-gallery-item__image\" data-thumbnail=\"https:\/\/festivalinternacionalclownbaret.com\/wp-content\/uploads\/2023\/08\/cartelFIC08-300x214.jpg\" data-width=\"300\" data-height=\"214\" aria-label=\"\" role=\"img\" ><\/div>\n\t\t\t\t\t\t\t\t\t\t\t<div class=\"elementor-gallery-item__overlay\"><\/div>\n\t\t\t\t\t\t\t\t\t\t\t\t\t\t<\/a>\n\t\t\t\t\t\t\t<a class=\"e-gallery-item elementor-gallery-item elementor-animated-content\" href=\"https:\/\/festivalinternacionalclownbaret.com\/wp-content\/uploads\/2023\/08\/http___abrazosgratis.org_wp-content_uploads_2007_04_fic07.jpg\" data-elementor-open-lightbox=\"yes\" data-elementor-lightbox-slideshow=\"ed3b24d\" data-elementor-lightbox-title=\"http___abrazosgratis.org_wp-content_uploads_2007_04_fic07\" data-e-action-hash=\"#elementor-action%3Aaction%3Dlightbox%26settings%3DeyJpZCI6NjcyLCJ1cmwiOiJodHRwczpcL1wvZmVzdGl2YWxpbnRlcm5hY2lvbmFsY2xvd25iYXJldC5jb21cL3dwLWNvbnRlbnRcL3VwbG9hZHNcLzIwMjNcLzA4XC9odHRwX19fYWJyYXpvc2dyYXRpcy5vcmdfd3AtY29udGVudF91cGxvYWRzXzIwMDdfMDRfZmljMDcuanBnIiwic2xpZGVzaG93IjoiZWQzYjI0ZCJ9\">\n\t\t\t\t\t<div class=\"e-gallery-image elementor-gallery-item__image\" data-thumbnail=\"https:\/\/festivalinternacionalclownbaret.com\/wp-content\/uploads\/2023\/08\/http___abrazosgratis.org_wp-content_uploads_2007_04_fic07-300x214.jpg\" data-width=\"300\" data-height=\"214\" aria-label=\"\" role=\"img\" ><\/div>\n\t\t\t\t\t\t\t\t\t\t\t<div class=\"elementor-gallery-item__overlay\"><\/div>\n\t\t\t\t\t\t\t\t\t\t\t\t\t\t<\/a>\n\t\t\t\t\t<\/div>\n\t\t\t\t\t<\/div>\n\t\t\t\t<\/div>\n\t\t\t\t<div class=\"elementor-element elementor-element-fa18d47 elementor-widget elementor-widget-spacer\" data-id=\"fa18d47\" data-element_type=\"widget\" data-e-type=\"widget\" data-widget_type=\"spacer.default\">\n\t\t\t\t<div class=\"elementor-widget-container\">\n\t\t\t\t\t\t\t<div class=\"elementor-spacer\">\n\t\t\t<div class=\"elementor-spacer-inner\"><\/div>\n\t\t<\/div>\n\t\t\t\t\t\t<\/div>\n\t\t\t\t<\/div>\n\t\t\t\t\t<\/div>\n\t\t<\/div>\n\t\t\t\t\t<\/div>\n\t\t<\/section>\n\t\t\t\t<section class=\"elementor-section elementor-top-section elementor-element elementor-element-63da73b elementor-section-boxed elementor-section-height-default elementor-section-height-default\" data-id=\"63da73b\" data-element_type=\"section\" data-e-type=\"section\">\n\t\t\t\t\t\t<div class=\"elementor-container elementor-column-gap-default\">\n\t\t\t\t\t<div class=\"elementor-column elementor-col-100 elementor-top-column elementor-element elementor-element-30d271e\" data-id=\"30d271e\" data-element_type=\"column\" data-e-type=\"column\">\n\t\t\t<div class=\"elementor-widget-wrap elementor-element-populated\">\n\t\t\t\t\t\t<div class=\"elementor-element elementor-element-ed9dc57 elementor-hidden-desktop elementor-hidden-tablet elementor-hidden-mobile elementor-post-navigation-borders-yes elementor-widget elementor-widget-post-navigation\" data-id=\"ed9dc57\" data-element_type=\"widget\" data-e-type=\"widget\" data-widget_type=\"post-navigation.default\">\n\t\t\t\t<div class=\"elementor-widget-container\">\n\t\t\t\t\t\t\t<div class=\"elementor-post-navigation\" role=\"navigation\" aria-label=\"Post Navigation\">\n\t\t\t<div class=\"elementor-post-navigation__prev elementor-post-navigation__link\">\n\t\t\t\t<a href=\"https:\/\/festivalinternacionalclownbaret.com\/fr\/programa\/\" rel=\"prev\"><span class=\"elementor-post-navigation__link__prev\"><span class=\"post-navigation__prev--label\">Anterior<\/span><\/span><\/a>\t\t\t<\/div>\n\t\t\t\t\t\t\t<div class=\"elementor-post-navigation__separator-wrapper\">\n\t\t\t\t\t<div class=\"elementor-post-navigation__separator\"><\/div>\n\t\t\t\t<\/div>\n\t\t\t\t\t\t<div class=\"elementor-post-navigation__next elementor-post-navigation__link\">\n\t\t\t\t<a href=\"https:\/\/festivalinternacionalclownbaret.com\/fr\/\" rel=\"next\"><span class=\"elementor-post-navigation__link__next\"><span class=\"post-navigation__next--label\">Siguiente<\/span><\/span><\/a>\t\t\t<\/div>\n\t\t<\/div>\n\t\t\t\t\t\t<\/div>\n\t\t\t\t<\/div>\n\t\t\t\t\t<\/div>\n\t\t<\/div>\n\t\t\t\t\t<\/div>\n\t\t<\/section>\n\t\t\t\t<\/div>","protected":false},"excerpt":{"rendered":"<p>El FeStIvAl FIC 2026 La vig\u00e9sima edici\u00f3n del Festival Internacional Clownbaret, FIC 2026 regresa a Canarias del 28 de septiembre al 11 de octubre con una programaci\u00f3n extraordinaria con 17 compa\u00f1\u00edas y artistas de primer nivel internacional. Un total de 74 funciones y actividades que te invitan a descubrir, sentir y conectar con el fascinante [&hellip;]<\/p>\n","protected":false},"author":94859360,"featured_media":0,"parent":0,"menu_order":1,"comment_status":"closed","ping_status":"closed","template":"elementor_theme","meta":{"_crdt_document":"","footnotes":""},"ubicacion":[],"class_list":["post-141","page","type-page","status-publish","hentry"],"yoast_head":"<!-- This site is optimized with the Yoast SEO plugin v27.4 - https:\/\/yoast.com\/product\/yoast-seo-wordpress\/ -->\n<title>El Festival - FIC2026<\/title>\n<meta name=\"robots\" content=\"index, follow, max-snippet:-1, max-image-preview:large, max-video-preview:-1\" \/>\n<link rel=\"canonical\" href=\"https:\/\/festivalinternacionalclownbaret.com\/fr\/el-festival\/\" \/>\n<meta property=\"og:locale\" content=\"fr_FR\" \/>\n<meta property=\"og:type\" content=\"article\" \/>\n<meta property=\"og:title\" content=\"El Festival - FIC2026\" \/>\n<meta property=\"og:description\" content=\"El FeStIvAl FIC 2026 La vig\u00e9sima edici\u00f3n del Festival Internacional Clownbaret, FIC 2026 regresa a Canarias del 28 de septiembre al 11 de octubre con una programaci\u00f3n extraordinaria con 17 compa\u00f1\u00edas y artistas de primer nivel internacional. Un total de 74 funciones y actividades que te invitan a descubrir, sentir y conectar con el fascinante [&hellip;]\" \/>\n<meta property=\"og:url\" content=\"https:\/\/festivalinternacionalclownbaret.com\/fr\/el-festival\/\" \/>\n<meta property=\"og:site_name\" content=\"FIC2026\" \/>\n<meta property=\"article:publisher\" content=\"https:\/\/www.facebook.com\/FIClownbaret\/\" \/>\n<meta property=\"article:modified_time\" content=\"2026-04-16T12:02:22+00:00\" \/>\n<meta property=\"og:image\" content=\"https:\/\/festivalinternacionalclownbaret.com\/wp-content\/uploads\/2025\/07\/payasetes-02.png\" \/>\n\t<meta property=\"og:image:width\" content=\"1280\" \/>\n\t<meta property=\"og:image:height\" content=\"1229\" \/>\n\t<meta property=\"og:image:type\" content=\"image\/png\" \/>\n<meta name=\"twitter:card\" content=\"summary_large_image\" \/>\n<meta name=\"twitter:label1\" content=\"Dur\u00e9e de lecture estim\u00e9e\" \/>\n\t<meta name=\"twitter:data1\" content=\"4 minutes\" \/>\n<script type=\"application\/ld+json\" class=\"yoast-schema-graph\">{\"@context\":\"https:\\\/\\\/schema.org\",\"@graph\":[{\"@type\":\"WebPage\",\"@id\":\"https:\\\/\\\/festivalinternacionalclownbaret.com\\\/el-festival\\\/\",\"url\":\"https:\\\/\\\/festivalinternacionalclownbaret.com\\\/el-festival\\\/\",\"name\":\"El Festival - FIC2026\",\"isPartOf\":{\"@id\":\"https:\\\/\\\/festivalinternacionalclownbaret.com\\\/#website\"},\"primaryImageOfPage\":{\"@id\":\"https:\\\/\\\/festivalinternacionalclownbaret.com\\\/el-festival\\\/#primaryimage\"},\"image\":{\"@id\":\"https:\\\/\\\/festivalinternacionalclownbaret.com\\\/el-festival\\\/#primaryimage\"},\"thumbnailUrl\":\"https:\\\/\\\/festivalinternacionalclownbaret.com\\\/wp-content\\\/uploads\\\/2025\\\/07\\\/payasetes-02-1024x983.png\",\"datePublished\":\"2023-08-03T09:22:06+00:00\",\"dateModified\":\"2026-04-16T12:02:22+00:00\",\"breadcrumb\":{\"@id\":\"https:\\\/\\\/festivalinternacionalclownbaret.com\\\/el-festival\\\/#breadcrumb\"},\"inLanguage\":\"fr-FR\",\"potentialAction\":[{\"@type\":\"ReadAction\",\"target\":[\"https:\\\/\\\/festivalinternacionalclownbaret.com\\\/el-festival\\\/\"]}]},{\"@type\":\"ImageObject\",\"inLanguage\":\"fr-FR\",\"@id\":\"https:\\\/\\\/festivalinternacionalclownbaret.com\\\/el-festival\\\/#primaryimage\",\"url\":\"https:\\\/\\\/festivalinternacionalclownbaret.com\\\/wp-content\\\/uploads\\\/2025\\\/07\\\/payasetes-02-1024x983.png\",\"contentUrl\":\"https:\\\/\\\/festivalinternacionalclownbaret.com\\\/wp-content\\\/uploads\\\/2025\\\/07\\\/payasetes-02-1024x983.png\"},{\"@type\":\"BreadcrumbList\",\"@id\":\"https:\\\/\\\/festivalinternacionalclownbaret.com\\\/el-festival\\\/#breadcrumb\",\"itemListElement\":[{\"@type\":\"ListItem\",\"position\":1,\"name\":\"Portada\",\"item\":\"https:\\\/\\\/festivalinternacionalclownbaret.com\\\/\"},{\"@type\":\"ListItem\",\"position\":2,\"name\":\"El Festival\"}]},{\"@type\":\"WebSite\",\"@id\":\"https:\\\/\\\/festivalinternacionalclownbaret.com\\\/#website\",\"url\":\"https:\\\/\\\/festivalinternacionalclownbaret.com\\\/\",\"name\":\"FIC2026\",\"description\":\"XIX Festival Internacional Clownbaret\",\"publisher\":{\"@id\":\"https:\\\/\\\/festivalinternacionalclownbaret.com\\\/#organization\"},\"potentialAction\":[{\"@type\":\"SearchAction\",\"target\":{\"@type\":\"EntryPoint\",\"urlTemplate\":\"https:\\\/\\\/festivalinternacionalclownbaret.com\\\/?s={search_term_string}\"},\"query-input\":{\"@type\":\"PropertyValueSpecification\",\"valueRequired\":true,\"valueName\":\"search_term_string\"}}],\"inLanguage\":\"fr-FR\"},{\"@type\":\"Organization\",\"@id\":\"https:\\\/\\\/festivalinternacionalclownbaret.com\\\/#organization\",\"name\":\"FIC2026\",\"url\":\"https:\\\/\\\/festivalinternacionalclownbaret.com\\\/\",\"logo\":{\"@type\":\"ImageObject\",\"inLanguage\":\"fr-FR\",\"@id\":\"https:\\\/\\\/festivalinternacionalclownbaret.com\\\/#\\\/schema\\\/logo\\\/image\\\/\",\"url\":\"\",\"contentUrl\":\"\",\"caption\":\"FIC2026\"},\"image\":{\"@id\":\"https:\\\/\\\/festivalinternacionalclownbaret.com\\\/#\\\/schema\\\/logo\\\/image\\\/\"},\"sameAs\":[\"https:\\\/\\\/www.facebook.com\\\/FIClownbaret\\\/\"]}]}<\/script>\n<!-- \/ Yoast SEO plugin. -->","yoast_head_json":{"title":"El Festival - FIC2026","robots":{"index":"index","follow":"follow","max-snippet":"max-snippet:-1","max-image-preview":"max-image-preview:large","max-video-preview":"max-video-preview:-1"},"canonical":"https:\/\/festivalinternacionalclownbaret.com\/fr\/el-festival\/","og_locale":"fr_FR","og_type":"article","og_title":"El Festival - FIC2026","og_description":"El FeStIvAl FIC 2026 La vig\u00e9sima edici\u00f3n del Festival Internacional Clownbaret, FIC 2026 regresa a Canarias del 28 de septiembre al 11 de octubre con una programaci\u00f3n extraordinaria con 17 compa\u00f1\u00edas y artistas de primer nivel internacional. Un total de 74 funciones y actividades que te invitan a descubrir, sentir y conectar con el fascinante [&hellip;]","og_url":"https:\/\/festivalinternacionalclownbaret.com\/fr\/el-festival\/","og_site_name":"FIC2026","article_publisher":"https:\/\/www.facebook.com\/FIClownbaret\/","article_modified_time":"2026-04-16T12:02:22+00:00","og_image":[{"width":1280,"height":1229,"url":"https:\/\/festivalinternacionalclownbaret.com\/wp-content\/uploads\/2025\/07\/payasetes-02.png","type":"image\/png"}],"twitter_card":"summary_large_image","twitter_misc":{"Dur\u00e9e de lecture estim\u00e9e":"4 minutes"},"schema":{"@context":"https:\/\/schema.org","@graph":[{"@type":"WebPage","@id":"https:\/\/festivalinternacionalclownbaret.com\/el-festival\/","url":"https:\/\/festivalinternacionalclownbaret.com\/el-festival\/","name":"El Festival - FIC2026","isPartOf":{"@id":"https:\/\/festivalinternacionalclownbaret.com\/#website"},"primaryImageOfPage":{"@id":"https:\/\/festivalinternacionalclownbaret.com\/el-festival\/#primaryimage"},"image":{"@id":"https:\/\/festivalinternacionalclownbaret.com\/el-festival\/#primaryimage"},"thumbnailUrl":"https:\/\/festivalinternacionalclownbaret.com\/wp-content\/uploads\/2025\/07\/payasetes-02-1024x983.png","datePublished":"2023-08-03T09:22:06+00:00","dateModified":"2026-04-16T12:02:22+00:00","breadcrumb":{"@id":"https:\/\/festivalinternacionalclownbaret.com\/el-festival\/#breadcrumb"},"inLanguage":"fr-FR","potentialAction":[{"@type":"ReadAction","target":["https:\/\/festivalinternacionalclownbaret.com\/el-festival\/"]}]},{"@type":"ImageObject","inLanguage":"fr-FR","@id":"https:\/\/festivalinternacionalclownbaret.com\/el-festival\/#primaryimage","url":"https:\/\/festivalinternacionalclownbaret.com\/wp-content\/uploads\/2025\/07\/payasetes-02-1024x983.png","contentUrl":"https:\/\/festivalinternacionalclownbaret.com\/wp-content\/uploads\/2025\/07\/payasetes-02-1024x983.png"},{"@type":"BreadcrumbList","@id":"https:\/\/festivalinternacionalclownbaret.com\/el-festival\/#breadcrumb","itemListElement":[{"@type":"ListItem","position":1,"name":"Portada","item":"https:\/\/festivalinternacionalclownbaret.com\/"},{"@type":"ListItem","position":2,"name":"El Festival"}]},{"@type":"WebSite","@id":"https:\/\/festivalinternacionalclownbaret.com\/#website","url":"https:\/\/festivalinternacionalclownbaret.com\/","name":"FIC2026","description":"XIX Festival Internacional Clownbaret","publisher":{"@id":"https:\/\/festivalinternacionalclownbaret.com\/#organization"},"potentialAction":[{"@type":"SearchAction","target":{"@type":"EntryPoint","urlTemplate":"https:\/\/festivalinternacionalclownbaret.com\/?s={search_term_string}"},"query-input":{"@type":"PropertyValueSpecification","valueRequired":true,"valueName":"search_term_string"}}],"inLanguage":"fr-FR"},{"@type":"Organization","@id":"https:\/\/festivalinternacionalclownbaret.com\/#organization","name":"FIC2026","url":"https:\/\/festivalinternacionalclownbaret.com\/","logo":{"@type":"ImageObject","inLanguage":"fr-FR","@id":"https:\/\/festivalinternacionalclownbaret.com\/#\/schema\/logo\/image\/","url":"","contentUrl":"","caption":"FIC2026"},"image":{"@id":"https:\/\/festivalinternacionalclownbaret.com\/#\/schema\/logo\/image\/"},"sameAs":["https:\/\/www.facebook.com\/FIClownbaret\/"]}]}},"jetpack_likes_enabled":true,"jetpack_sharing_enabled":true,"jetpack_shortlink":"https:\/\/wp.me\/PeY64T-2h","jetpack-related-posts":[{"id":10,"url":"https:\/\/festivalinternacionalclownbaret.com\/fr\/","url_meta":{"origin":141,"position":0},"title":"XXe Festival international Clownbaret","author":"davidujja","date":"30 de juillet de 2023","format":false,"excerpt":"Instagram Facebook Youtube X-twitter Tiktok XIX Festival Internacional Clownbaret Del 29 de septiembre al 12 de octubre de 2025 INICIO El Festival Programa Artistas y compa\u00f1\u00edas Talleres Sostenibilidad Actividades asociadas Patrocinadores Prensa y contacto Dossier de prensa Instagram Facebook Youtube X-twitter Tiktok XX Festival Internacional Clownbaret Del 28 de septiembre\u2026","rel":"","context":"Article similaire","block_context":{"text":"Article similaire","link":""},"img":{"alt_text":"","src":"https:\/\/i0.wp.com\/festivalinternacionalclownbaret.com\/wp-content\/uploads\/2026\/04\/logos-movil-2026.jpg?resize=350%2C200&ssl=1","width":350,"height":200,"srcset":"https:\/\/i0.wp.com\/festivalinternacionalclownbaret.com\/wp-content\/uploads\/2026\/04\/logos-movil-2026.jpg?resize=350%2C200&ssl=1 1x, https:\/\/i0.wp.com\/festivalinternacionalclownbaret.com\/wp-content\/uploads\/2026\/04\/logos-movil-2026.jpg?resize=525%2C300&ssl=1 1.5x"},"classes":[]},{"id":1706,"url":"https:\/\/festivalinternacionalclownbaret.com\/fr\/sostenibilidad\/","url_meta":{"origin":141,"position":1},"title":"D\u00e9veloppement durable","author":"davidujja","date":"15 de septembre de 2023","format":false,"excerpt":"sostenibilidad El Festival Internacional Clownbaret ha crecido enormemente a lo largo de estos 20 a\u00f1os. Y lo ha hecho de manera sostenible para Canarias. Descentralizando la programaci\u00f3n para llegar a todos y a todas y programando espect\u00e1culos de lenguaje universal. Llegando a hospitales, centros de personas con discapacidad y centros\u2026","rel":"","context":"Article similaire","block_context":{"text":"Article similaire","link":""},"img":{"alt_text":"","src":"https:\/\/i0.wp.com\/festivalinternacionalclownbaret.com\/wp-content\/uploads\/2025\/07\/cultura-cuida.jpg?resize=350%2C200&ssl=1","width":350,"height":200,"srcset":"https:\/\/i0.wp.com\/festivalinternacionalclownbaret.com\/wp-content\/uploads\/2025\/07\/cultura-cuida.jpg?resize=350%2C200&ssl=1 1x, https:\/\/i0.wp.com\/festivalinternacionalclownbaret.com\/wp-content\/uploads\/2025\/07\/cultura-cuida.jpg?resize=525%2C300&ssl=1 1.5x, https:\/\/i0.wp.com\/festivalinternacionalclownbaret.com\/wp-content\/uploads\/2025\/07\/cultura-cuida.jpg?resize=700%2C400&ssl=1 2x"},"classes":[]},{"id":525,"url":"https:\/\/festivalinternacionalclownbaret.com\/fr\/actividades-asociadas\/","url_meta":{"origin":141,"position":2},"title":"Activit\u00e9s connexes","author":"davidujja","date":"25 de septembre de 2023","format":false,"excerpt":"Actividades asociadas FIC 2026 El arte de payaso es una valiosa herramienta que puede utilizarse como recurso terap\u00e9utico, did\u00e1ctico, de reconstrucci\u00f3n del tejido social y recreativo que potencia la inclusi\u00f3n social de colectivos discriminados o en dificultades. EN ESTA XX EDICI\u00d3N DEL FIC SE REALIZAR\u00c1N LAS SIGUIENTES ACTIVIDADES: PAYASOS SOCIALES\u2026","rel":"","context":"Article similaire","block_context":{"text":"Article similaire","link":""},"img":{"alt_text":"","src":"https:\/\/i0.wp.com\/festivalinternacionalclownbaret.com\/wp-content\/uploads\/2025\/07\/mayores-1024x576.jpg?resize=350%2C200&ssl=1","width":350,"height":200,"srcset":"https:\/\/i0.wp.com\/festivalinternacionalclownbaret.com\/wp-content\/uploads\/2025\/07\/mayores-1024x576.jpg?resize=350%2C200&ssl=1 1x, https:\/\/i0.wp.com\/festivalinternacionalclownbaret.com\/wp-content\/uploads\/2025\/07\/mayores-1024x576.jpg?resize=525%2C300&ssl=1 1.5x, https:\/\/i0.wp.com\/festivalinternacionalclownbaret.com\/wp-content\/uploads\/2025\/07\/mayores-1024x576.jpg?resize=700%2C400&ssl=1 2x"},"classes":[]},{"id":796,"url":"https:\/\/festivalinternacionalclownbaret.com\/fr\/santa-cruz\/","url_meta":{"origin":141,"position":3},"title":"Santa Cruz","author":"davidujja","date":"15 de septembre de 2023","format":false,"excerpt":"Fic Santa Cruz Sede principal del FIC 2024 FIC SANTA CRUZ Te conquistamos en la calle La sede principal del FIC se ilumina de clown y circo este octubre. Te esperamos donde siempre.El s\u00e1bado 5 no te pierdas a Leandre Clown con N\u2019imPORTE Quoi en el Teatro Guimer\u00e1, con entrada\u2026","rel":"","context":"Article similaire","block_context":{"text":"Article similaire","link":""},"img":{"alt_text":"","src":"https:\/\/i0.wp.com\/festivalinternacionalclownbaret.com\/wp-content\/uploads\/2024\/07\/CIRC2-134.jpg?resize=350%2C200&ssl=1","width":350,"height":200,"srcset":"https:\/\/i0.wp.com\/festivalinternacionalclownbaret.com\/wp-content\/uploads\/2024\/07\/CIRC2-134.jpg?resize=350%2C200&ssl=1 1x, https:\/\/i0.wp.com\/festivalinternacionalclownbaret.com\/wp-content\/uploads\/2024\/07\/CIRC2-134.jpg?resize=525%2C300&ssl=1 1.5x, https:\/\/i0.wp.com\/festivalinternacionalclownbaret.com\/wp-content\/uploads\/2024\/07\/CIRC2-134.jpg?resize=700%2C400&ssl=1 2x, https:\/\/i0.wp.com\/festivalinternacionalclownbaret.com\/wp-content\/uploads\/2024\/07\/CIRC2-134.jpg?resize=1050%2C600&ssl=1 3x, https:\/\/i0.wp.com\/festivalinternacionalclownbaret.com\/wp-content\/uploads\/2024\/07\/CIRC2-134.jpg?resize=1400%2C800&ssl=1 4x"},"classes":[]},{"id":534,"url":"https:\/\/festivalinternacionalclownbaret.com\/fr\/prensa-y-contacto\/","url_meta":{"origin":141,"position":4},"title":"Prensa y contacto","author":"davidujja","date":"14 de ao\u00fbt de 2023","format":false,"excerpt":"Prensa y contacto PRENSA Notas de prensa y entrevistas CONTACTO Phenomenal Studio\u00a0Carlos Ulises: medios@phenomenal.studio\u00a0Comunicaci\u00f3n y Coordinadora de Producci\u00f3n:\u00a0Mary Carnero: marycarnero@gmail.com\u00a0Direcci\u00f3n de Producci\u00f3n:\u00a0Lasal Creadores Asociados\u00a0C\u00e9sar Cadenas: ccadenas@lasalsal.com\u00a0Direcci\u00f3n Art\u00edstica:\u00a0Clownbaret\u00a0Brian Rodr\u00edguez: festivalfic@gmail.com PROFESIONALES El FIC no realiza convocatoria anual para la programaci\u00f3n del festival sino que programa cada a\u00f1o a partir de su\u2026","rel":"","context":"Article similaire","block_context":{"text":"Article similaire","link":""},"img":{"alt_text":"","src":"https:\/\/i0.wp.com\/festivalinternacionalclownbaret.com\/wp-content\/uploads\/2024\/08\/Cartel-oficial-A3_v6%404x-728x1024.png?resize=350%2C200&ssl=1","width":350,"height":200,"srcset":"https:\/\/i0.wp.com\/festivalinternacionalclownbaret.com\/wp-content\/uploads\/2024\/08\/Cartel-oficial-A3_v6%404x-728x1024.png?resize=350%2C200&ssl=1 1x, https:\/\/i0.wp.com\/festivalinternacionalclownbaret.com\/wp-content\/uploads\/2024\/08\/Cartel-oficial-A3_v6%404x-728x1024.png?resize=525%2C300&ssl=1 1.5x, https:\/\/i0.wp.com\/festivalinternacionalclownbaret.com\/wp-content\/uploads\/2024\/08\/Cartel-oficial-A3_v6%404x-728x1024.png?resize=700%2C400&ssl=1 2x"},"classes":[]},{"id":1852,"url":"https:\/\/festivalinternacionalclownbaret.com\/fr\/la-palma\/","url_meta":{"origin":141,"position":5},"title":"FIC La Palma","author":"davidujja","date":"17 de septembre de 2023","format":false,"excerpt":"FIC LA PALMA Descargar programa Teatro Circo de Marte Viernes 4 de octubre. 20:00 70 min N'imPORTE quoi Leandre Clown 20:00 - 70 min Familiar Teatro Circo de Marte \u00a1En la calle llueven llaves! N\u2019imPORTE quoi es un espect\u00e1culo po\u00e9tico gestual que nos lleva a los l\u00edmites de la risa,\u2026","rel":"","context":"Article similaire","block_context":{"text":"Article similaire","link":""},"img":{"alt_text":"","src":"","width":0,"height":0},"classes":[]}],"_links":{"self":[{"href":"https:\/\/festivalinternacionalclownbaret.com\/fr\/wp-json\/wp\/v2\/pages\/141","targetHints":{"allow":["GET"]}}],"collection":[{"href":"https:\/\/festivalinternacionalclownbaret.com\/fr\/wp-json\/wp\/v2\/pages"}],"about":[{"href":"https:\/\/festivalinternacionalclownbaret.com\/fr\/wp-json\/wp\/v2\/types\/page"}],"author":[{"embeddable":true,"href":"https:\/\/festivalinternacionalclownbaret.com\/fr\/wp-json\/wp\/v2\/users\/94859360"}],"replies":[{"embeddable":true,"href":"https:\/\/festivalinternacionalclownbaret.com\/fr\/wp-json\/wp\/v2\/comments?post=141"}],"version-history":[{"count":100,"href":"https:\/\/festivalinternacionalclownbaret.com\/fr\/wp-json\/wp\/v2\/pages\/141\/revisions"}],"predecessor-version":[{"id":7869,"href":"https:\/\/festivalinternacionalclownbaret.com\/fr\/wp-json\/wp\/v2\/pages\/141\/revisions\/7869"}],"wp:attachment":[{"href":"https:\/\/festivalinternacionalclownbaret.com\/fr\/wp-json\/wp\/v2\/media?parent=141"}],"wp:term":[{"taxonomy":"ubicacion","embeddable":true,"href":"https:\/\/festivalinternacionalclownbaret.com\/fr\/wp-json\/wp\/v2\/ubicacion?post=141"}],"curies":[{"name":"wp","href":"https:\/\/api.w.org\/{rel}","templated":true}]}}