{"id":1706,"date":"2023-09-15T07:16:43","date_gmt":"2023-09-15T06:16:43","guid":{"rendered":"https:\/\/festivalinternacionalclownbaret.com\/?page_id=1706"},"modified":"2026-04-17T08:50:56","modified_gmt":"2026-04-17T07:50:56","slug":"sostenibilidad","status":"publish","type":"page","link":"https:\/\/festivalinternacionalclownbaret.com\/fr\/sostenibilidad\/","title":{"rendered":"D\u00e9veloppement durable"},"content":{"rendered":"<div data-elementor-type=\"wp-page\" data-elementor-id=\"1706\" class=\"elementor elementor-1706\" data-elementor-post-type=\"page\">\n\t\t\t\t\t\t<section class=\"elementor-section elementor-top-section elementor-element elementor-element-38d6e21 elementor-section-boxed elementor-section-height-default elementor-section-height-default\" data-id=\"38d6e21\" data-element_type=\"section\" data-e-type=\"section\">\n\t\t\t\t\t\t<div class=\"elementor-container elementor-column-gap-default\">\n\t\t\t\t\t<div class=\"elementor-column elementor-col-100 elementor-top-column elementor-element elementor-element-f8ab87b\" data-id=\"f8ab87b\" data-element_type=\"column\" data-e-type=\"column\">\n\t\t\t<div class=\"elementor-widget-wrap elementor-element-populated\">\n\t\t\t\t\t\t<div class=\"elementor-element elementor-element-d02a742 elementor-widget elementor-widget-heading\" data-id=\"d02a742\" data-element_type=\"widget\" data-e-type=\"widget\" data-widget_type=\"heading.default\">\n\t\t\t\t<div class=\"elementor-widget-container\">\n\t\t\t\t\t<h2 class=\"elementor-heading-title elementor-size-default\">durabilit\u00e9<\/h2>\t\t\t\t<\/div>\n\t\t\t\t<\/div>\n\t\t\t\t<div class=\"elementor-element elementor-element-b677016 elementor-widget elementor-widget-text-editor\" data-id=\"b677016\" data-element_type=\"widget\" data-e-type=\"widget\" data-widget_type=\"text-editor.default\">\n\t\t\t\t<div class=\"elementor-widget-container\">\n\t\t\t\t\t\t\t\t\t<p>Le Festival international Clownbaret s'est consid\u00e9rablement d\u00e9velopp\u00e9 au cours de ces 20 derni\u00e8res ann\u00e9es. Et il l'a fait de mani\u00e8re durable pour les Canaries. En d\u00e9centralisant la programmation pour toucher tout le monde et en proposant des spectacles au langage universel. <br \/><br \/>Nous nous sommes rendus dans des h\u00f4pitaux, des centres pour personnes handicap\u00e9es et des maisons de retraite avec nos visites de \u00ab clowns sociaux \u00bb et nos ateliers de clown destin\u00e9s aux personnes handicap\u00e9es. Nous nous sommes attach\u00e9s \u00e0 ne laisser d'autre empreinte que celle du bonheur et du rire dans tous les lieux o\u00f9 nous nous sommes rendus et, surtout, nous avons relay\u00e9 ce message \u00e0 travers tous les supports de communication que nous utilisons.<\/p><p>Nous agissons ainsi par sens des responsabilit\u00e9s et parce que notre terre, o\u00f9 nous vivons, m\u00e9rite le respect et l\u2019attention que la culture lui accorde. C\u2019est pourquoi le FIC et toutes les personnes qui contribuent \u00e0 son existence s\u2019engagent \u00e0 mettre en \u0153uvre les strat\u00e9gies n\u00e9cessaires pour qu\u2019il continue \u00e0 se d\u00e9velopper, de mani\u00e8re durable, dans le respect de l\u2019inclusion sociale et de l\u2019\u00e9galit\u00e9.<\/p>\t\t\t\t\t\t\t\t<\/div>\n\t\t\t\t<\/div>\n\t\t\t\t<div class=\"elementor-element elementor-element-fc707fa elementor-widget-divider--view-line elementor-widget elementor-widget-divider\" data-id=\"fc707fa\" data-element_type=\"widget\" data-e-type=\"widget\" data-widget_type=\"divider.default\">\n\t\t\t\t<div class=\"elementor-widget-container\">\n\t\t\t\t\t\t\t<div class=\"elementor-divider\">\n\t\t\t<span class=\"elementor-divider-separator\">\n\t\t\t\t\t\t<\/span>\n\t\t<\/div>\n\t\t\t\t\t\t<\/div>\n\t\t\t\t<\/div>\n\t\t\t\t\t<\/div>\n\t\t<\/div>\n\t\t\t\t\t<\/div>\n\t\t<\/section>\n\t\t\t\t<section class=\"elementor-section elementor-top-section elementor-element elementor-element-fe866fe elementor-section-boxed elementor-section-height-default elementor-section-height-default\" data-id=\"fe866fe\" data-element_type=\"section\" data-e-type=\"section\">\n\t\t\t\t\t\t<div class=\"elementor-container elementor-column-gap-default\">\n\t\t\t\t\t<div class=\"elementor-column elementor-col-50 elementor-top-column elementor-element elementor-element-4351451\" data-id=\"4351451\" data-element_type=\"column\" data-e-type=\"column\">\n\t\t\t<div class=\"elementor-widget-wrap elementor-element-populated\">\n\t\t\t\t\t\t<div class=\"elementor-element elementor-element-5151f10 elementor-widget elementor-widget-heading\" data-id=\"5151f10\" data-element_type=\"widget\" data-e-type=\"widget\" data-widget_type=\"heading.default\">\n\t\t\t\t<div class=\"elementor-widget-container\">\n\t\t\t\t\t<h2 class=\"elementor-heading-title elementor-size-default\">ECO FIC 2026<\/h2>\t\t\t\t<\/div>\n\t\t\t\t<\/div>\n\t\t\t\t<div class=\"elementor-element elementor-element-10674a0 elementor-widget elementor-widget-text-editor\" data-id=\"10674a0\" data-element_type=\"widget\" data-e-type=\"widget\" data-widget_type=\"text-editor.default\">\n\t\t\t\t<div class=\"elementor-widget-container\">\n\t\t\t\t\t\t\t\t\t<p>L'ONU a adopt\u00e9 le Programme de d\u00e9veloppement durable \u00e0 l'horizon 2030, une occasion pour les pays et leurs soci\u00e9t\u00e9s de s'engager sur une nouvelle voie visant \u00e0 am\u00e9liorer la vie de la population de mani\u00e8re globale.<\/p><p>L'Agenda comprend 17 objectifs de d\u00e9veloppement durable (ODD), parmi lesquels figurent l'\u00e9radication de la pauvret\u00e9, la lutte contre le changement climatique, l'\u00e9ducation, l'\u00e9galit\u00e9, la protection de l'environnement ou l'am\u00e9nagement de nos villes.<\/p><p>Chaque objectif comporte des cibles sp\u00e9cifiques qui doivent \u00eatre atteintes au cours des dix prochaines ann\u00e9es.<\/p><p>Le FIC souhaite contribuer \u00e0 leur diffusion en associant le festival aux ODD. Cette ann\u00e9e, nous avons \u00e9galement adh\u00e9r\u00e9 \u00e0 l'Agenda 2030, ce qui nous permet de nous engager encore davantage en faveur de la protection de notre plan\u00e8te.<\/p>\t\t\t\t\t\t\t\t<\/div>\n\t\t\t\t<\/div>\n\t\t\t\t<div class=\"elementor-element elementor-element-24ebf48 elementor-widget-divider--view-line elementor-widget elementor-widget-divider\" data-id=\"24ebf48\" data-element_type=\"widget\" data-e-type=\"widget\" data-widget_type=\"divider.default\">\n\t\t\t\t<div class=\"elementor-widget-container\">\n\t\t\t\t\t\t\t<div class=\"elementor-divider\">\n\t\t\t<span class=\"elementor-divider-separator\">\n\t\t\t\t\t\t<\/span>\n\t\t<\/div>\n\t\t\t\t\t\t<\/div>\n\t\t\t\t<\/div>\n\t\t\t\t<div class=\"elementor-element elementor-element-f962d6f elementor-widget elementor-widget-heading\" data-id=\"f962d6f\" data-element_type=\"widget\" data-e-type=\"widget\" data-widget_type=\"heading.default\">\n\t\t\t\t<div class=\"elementor-widget-container\">\n\t\t\t\t\t<h2 class=\"elementor-heading-title elementor-size-default\">\u00c9GALIT\u00c9 FIC.<\/h2>\t\t\t\t<\/div>\n\t\t\t\t<\/div>\n\t\t\t\t<div class=\"elementor-element elementor-element-c110682 elementor-widget elementor-widget-text-editor\" data-id=\"c110682\" data-element_type=\"widget\" data-e-type=\"widget\" data-widget_type=\"text-editor.default\">\n\t\t\t\t<div class=\"elementor-widget-container\">\n\t\t\t\t\t\t\t\t\t<p>Au FIC, la s\u00e9curit\u00e9 et le bien-\u00eatre du public sont notre priorit\u00e9. C'est pourquoi nous t'invitons \u00e0 te joindre \u00e0 la lutte contre le harc\u00e8lement et la violence machiste sous toutes ses formes. Nous voulons un festival exempt d'agressions, o\u00f9 chacun se sente en s\u00e9curit\u00e9 et respect\u00e9. Pour y parvenir, nous avons mis en place des Points Violets d'information dans tous les espaces du festival. Vous y trouverez les cl\u00e9s pour identifier et r\u00e9agir face \u00e0 toute situation de violence machiste. Nous voulons que le FIC soit un exemple de cohabitation et de respect, o\u00f9 l'\u00e9galit\u00e9 est encourag\u00e9e et o\u00f9 l'on soutient ceux qui en ont le plus besoin. Votre implication est fondamentale pour construire une soci\u00e9t\u00e9 plus juste et exempte de violence.<\/p>\t\t\t\t\t\t\t\t<\/div>\n\t\t\t\t<\/div>\n\t\t\t\t<div class=\"elementor-element elementor-element-7245a29 elementor-widget elementor-widget-image\" data-id=\"7245a29\" data-element_type=\"widget\" data-e-type=\"widget\" data-widget_type=\"image.default\">\n\t\t\t\t<div class=\"elementor-widget-container\">\n\t\t\t\t\t\t\t\t\t\t\t\t\t\t\t<img fetchpriority=\"high\" decoding=\"async\" data-attachment-id=\"5648\" data-permalink=\"https:\/\/festivalinternacionalclownbaret.com\/fr\/sostenibilidad\/pegatinas_pv3\/\" data-orig-file=\"https:\/\/festivalinternacionalclownbaret.com\/wp-content\/uploads\/2025\/07\/Pegatinas_PV3.jpg\" data-orig-size=\"500,500\" data-comments-opened=\"1\" data-image-meta=\"{&quot;aperture&quot;:&quot;0&quot;,&quot;credit&quot;:&quot;&quot;,&quot;camera&quot;:&quot;&quot;,&quot;caption&quot;:&quot;&quot;,&quot;created_timestamp&quot;:&quot;0&quot;,&quot;copyright&quot;:&quot;&quot;,&quot;focal_length&quot;:&quot;0&quot;,&quot;iso&quot;:&quot;0&quot;,&quot;shutter_speed&quot;:&quot;0&quot;,&quot;title&quot;:&quot;&quot;,&quot;orientation&quot;:&quot;1&quot;}\" data-image-title=\"Pegatinas_PV3\" data-image-description=\"\" data-image-caption=\"\" data-large-file=\"https:\/\/festivalinternacionalclownbaret.com\/wp-content\/uploads\/2025\/07\/Pegatinas_PV3.jpg\" width=\"500\" height=\"500\" src=\"https:\/\/festivalinternacionalclownbaret.com\/wp-content\/uploads\/2025\/07\/Pegatinas_PV3.jpg\" class=\"attachment-large size-large wp-image-5648\" alt=\"\" srcset=\"https:\/\/festivalinternacionalclownbaret.com\/wp-content\/uploads\/2025\/07\/Pegatinas_PV3.jpg 500w, https:\/\/festivalinternacionalclownbaret.com\/wp-content\/uploads\/2025\/07\/Pegatinas_PV3-300x300.jpg 300w, https:\/\/festivalinternacionalclownbaret.com\/wp-content\/uploads\/2025\/07\/Pegatinas_PV3-150x150.jpg?crop=1 150w, https:\/\/festivalinternacionalclownbaret.com\/wp-content\/uploads\/2025\/07\/Pegatinas_PV3-12x12.jpg 12w\" sizes=\"(max-width: 500px) 100vw, 500px\" \/>\t\t\t\t\t\t\t\t\t\t\t\t\t\t\t<\/div>\n\t\t\t\t<\/div>\n\t\t\t\t<div class=\"elementor-element elementor-element-8a4fa01 elementor-widget-divider--view-line elementor-widget elementor-widget-divider\" data-id=\"8a4fa01\" data-element_type=\"widget\" data-e-type=\"widget\" data-widget_type=\"divider.default\">\n\t\t\t\t<div class=\"elementor-widget-container\">\n\t\t\t\t\t\t\t<div class=\"elementor-divider\">\n\t\t\t<span class=\"elementor-divider-separator\">\n\t\t\t\t\t\t<\/span>\n\t\t<\/div>\n\t\t\t\t\t\t<\/div>\n\t\t\t\t<\/div>\n\t\t\t\t<div class=\"elementor-element elementor-element-1588a2e elementor-widget elementor-widget-heading\" data-id=\"1588a2e\" data-element_type=\"widget\" data-e-type=\"widget\" data-widget_type=\"heading.default\">\n\t\t\t\t<div class=\"elementor-widget-container\">\n\t\t\t\t\t<h2 class=\"elementor-heading-title elementor-size-default\">INSTALLATIONS FIC 2026<\/h2>\t\t\t\t<\/div>\n\t\t\t\t<\/div>\n\t\t\t\t<div class=\"elementor-element elementor-element-84a571a elementor-widget elementor-widget-text-editor\" data-id=\"84a571a\" data-element_type=\"widget\" data-e-type=\"widget\" data-widget_type=\"text-editor.default\">\n\t\t\t\t<div class=\"elementor-widget-container\">\n\t\t\t\t\t\t\t\t\t<p>Le FIC se d\u00e9roule dans diff\u00e9rents lieux, dans le but de rapprocher ses spectacles du public dans des cadres vari\u00e9s. Il utilise des infrastructures existantes qui minimisent l'impact sur l'environnement (Th\u00e9\u00e2tre Leal, Auditorium Gu\u00eda de Isora, Th\u00e9\u00e2tre-Cin\u00e9ma Los Realejos, Auditorium Capitol, Espace La Granja.) et, surtout, des espaces en plein air (places, parcs\u2026) o\u00f9, outre le fait de tirer parti de la lumi\u00e8re naturelle lorsque cela est possible, on veilleonne tout particuli\u00e8rement au respect de l\u2019environnement en v\u00e9rifiant l\u2019\u00e9tat final des lieux afin de les laisser dans un \u00e9tat identique, voire meilleur, que celui dans lequel ils se trouvaient avant le spectacle.<\/p>\t\t\t\t\t\t\t\t<\/div>\n\t\t\t\t<\/div>\n\t\t\t\t<div class=\"elementor-element elementor-element-8802c4f elementor-hidden-desktop elementor-hidden-tablet elementor-hidden-mobile elementor-widget-divider--view-line elementor-widget elementor-widget-divider\" data-id=\"8802c4f\" data-element_type=\"widget\" data-e-type=\"widget\" data-widget_type=\"divider.default\">\n\t\t\t\t<div class=\"elementor-widget-container\">\n\t\t\t\t\t\t\t<div class=\"elementor-divider\">\n\t\t\t<span class=\"elementor-divider-separator\">\n\t\t\t\t\t\t<\/span>\n\t\t<\/div>\n\t\t\t\t\t\t<\/div>\n\t\t\t\t<\/div>\n\t\t\t\t<div class=\"elementor-element elementor-element-221dd42 elementor-hidden-desktop elementor-hidden-tablet elementor-hidden-mobile elementor-widget elementor-widget-heading\" data-id=\"221dd42\" data-element_type=\"widget\" data-e-type=\"widget\" data-widget_type=\"heading.default\">\n\t\t\t\t<div class=\"elementor-widget-container\">\n\t\t\t\t\t<h2 class=\"elementor-heading-title elementor-size-default\">\u00danete al movimiento BioVaso<\/h2>\t\t\t\t<\/div>\n\t\t\t\t<\/div>\n\t\t\t\t<div class=\"elementor-element elementor-element-918f25a elementor-hidden-desktop elementor-hidden-tablet elementor-hidden-mobile elementor-widget elementor-widget-image\" data-id=\"918f25a\" data-element_type=\"widget\" data-e-type=\"widget\" data-widget_type=\"image.default\">\n\t\t\t\t<div class=\"elementor-widget-container\">\n\t\t\t\t\t\t\t\t\t\t\t\t\t\t\t<img decoding=\"async\" data-attachment-id=\"6476\" data-permalink=\"https:\/\/festivalinternacionalclownbaret.com\/fr\/sostenibilidad\/biovaso\/\" data-orig-file=\"https:\/\/festivalinternacionalclownbaret.com\/wp-content\/uploads\/2025\/07\/biovaso.jpg\" data-orig-size=\"1000,1129\" data-comments-opened=\"1\" data-image-meta=\"{&quot;aperture&quot;:&quot;0&quot;,&quot;credit&quot;:&quot;&quot;,&quot;camera&quot;:&quot;&quot;,&quot;caption&quot;:&quot;&quot;,&quot;created_timestamp&quot;:&quot;0&quot;,&quot;copyright&quot;:&quot;&quot;,&quot;focal_length&quot;:&quot;0&quot;,&quot;iso&quot;:&quot;0&quot;,&quot;shutter_speed&quot;:&quot;0&quot;,&quot;title&quot;:&quot;&quot;,&quot;orientation&quot;:&quot;0&quot;}\" data-image-title=\"biovaso\" data-image-description=\"\" data-image-caption=\"\" data-large-file=\"https:\/\/festivalinternacionalclownbaret.com\/wp-content\/uploads\/2025\/07\/biovaso-907x1024.jpg\" width=\"800\" height=\"903\" src=\"https:\/\/festivalinternacionalclownbaret.com\/wp-content\/uploads\/2025\/07\/biovaso-907x1024.jpg\" class=\"attachment-large size-large wp-image-6476\" alt=\"\" srcset=\"https:\/\/festivalinternacionalclownbaret.com\/wp-content\/uploads\/2025\/07\/biovaso-907x1024.jpg 907w, https:\/\/festivalinternacionalclownbaret.com\/wp-content\/uploads\/2025\/07\/biovaso-266x300.jpg 266w, https:\/\/festivalinternacionalclownbaret.com\/wp-content\/uploads\/2025\/07\/biovaso-768x867.jpg 768w, https:\/\/festivalinternacionalclownbaret.com\/wp-content\/uploads\/2025\/07\/biovaso-11x12.jpg 11w, https:\/\/festivalinternacionalclownbaret.com\/wp-content\/uploads\/2025\/07\/biovaso.jpg 1000w\" sizes=\"(max-width: 800px) 100vw, 800px\" \/>\t\t\t\t\t\t\t\t\t\t\t\t\t\t\t<\/div>\n\t\t\t\t<\/div>\n\t\t\t\t<div class=\"elementor-element elementor-element-cc880f0 elementor-hidden-desktop elementor-hidden-tablet elementor-hidden-mobile elementor-widget elementor-widget-text-editor\" data-id=\"cc880f0\" data-element_type=\"widget\" data-e-type=\"widget\" data-widget_type=\"text-editor.default\">\n\t\t\t\t<div class=\"elementor-widget-container\">\n\t\t\t\t\t\t\t\t\t<p>Movimiento BioVaso es una propuesta circular, directa y replicable, creada para sustituir los vasos de pl\u00e1stico reutilizables por vasos compostables de cart\u00f3n impermeable en eventos culturales y deportivos. Desarrollada por TROPIBATT INNOVACI\u00d3N INTEGRAL y con una clara conciencia del impacto que generan estos residuos, este movimiento apuesta por un cambio de paradigma en la relaci\u00f3n entre el ocio y el medio ambiente.<\/p>\t\t\t\t\t\t\t\t<\/div>\n\t\t\t\t<\/div>\n\t\t\t\t\t<\/div>\n\t\t<\/div>\n\t\t\t\t<div class=\"elementor-column elementor-col-50 elementor-top-column elementor-element elementor-element-a39f756\" data-id=\"a39f756\" data-element_type=\"column\" data-e-type=\"column\">\n\t\t\t<div class=\"elementor-widget-wrap elementor-element-populated\">\n\t\t\t\t\t\t<div class=\"elementor-element elementor-element-81a5038 elementor-widget elementor-widget-heading\" data-id=\"81a5038\" data-element_type=\"widget\" data-e-type=\"widget\" data-widget_type=\"heading.default\">\n\t\t\t\t<div class=\"elementor-widget-container\">\n\t\t\t\t\t<h2 class=\"elementor-heading-title elementor-size-default\">MOBILIT\u00c9 ET TRANSPORTS FIC<\/h2>\t\t\t\t<\/div>\n\t\t\t\t<\/div>\n\t\t\t\t<div class=\"elementor-element elementor-element-d0b03c8 elementor-widget elementor-widget-text-editor\" data-id=\"d0b03c8\" data-element_type=\"widget\" data-e-type=\"widget\" data-widget_type=\"text-editor.default\">\n\t\t\t\t<div class=\"elementor-widget-container\">\n\t\t\t\t\t\t\t\t\t<p>La mobilit\u00e9 et les transports constituent l'un des principaux inconv\u00e9nients auxquels nous sommes confront\u00e9s dans l'ensemble des \u00eeles Canaries, en tant que r\u00e9gion ultrap\u00e9riph\u00e9rique. \u00c0 la complexit\u00e9 des d\u00e9placements vers et entre les \u00eeles s'ajoutent les sp\u00e9cificit\u00e9s propres \u00e0 la mobilit\u00e9 en transports publics sur chacune d'entre elles.<\/p><p>Le FIC optimise l'efficacit\u00e9 du transport des artistes en maximisant le nombre de repr\u00e9sentations par vol. Nous encourageons le recours aux visioconf\u00e9rences afin de r\u00e9duire le nombre de d\u00e9placements li\u00e9s aux r\u00e9unions de coordination, ce qui permet de r\u00e9duire l'empreinte carbone.<\/p><p>Les participants sont \u00e9galement invit\u00e9s \u00e0 se rendre \u00e0 l'\u00e9v\u00e9nement en transports en commun ou \u00e0 se d\u00e9placer en ville \u00e0 v\u00e9lo ou en trottinette. Cette invitation est relay\u00e9e via les r\u00e9seaux sociaux de l'\u00e9v\u00e9nement ainsi que par les communications g\u00e9n\u00e9rales diffus\u00e9es par le festival et notre \u00e9quipe de communication.<\/p><p>La d\u00e9centralisation du FIC permet aux participants de se rendre \u00e0 pied \u00e0 l'\u00e9v\u00e9nement pr\u00e8s de chez eux, ce qui nous aide \u00e0 faire d\u00e9couvrir la culture dans des zones plus \u00e9loign\u00e9es, tout en \u00e9vitant les d\u00e9placements.<\/p><p>N'oublie pas que si tu viens au FIC, les lignes de transports en commun de Titsa t'emm\u00e8neront o\u00f9 tu le souhaites. Tu peux consulter toutes les informations sur : <a href=\"https:\/\/www.titsa.com\" target=\"_blank\" rel=\"noopener\">titsa.com<\/a><\/p>\t\t\t\t\t\t\t\t<\/div>\n\t\t\t\t<\/div>\n\t\t\t\t<div class=\"elementor-element elementor-element-a6849d1 elementor-widget elementor-widget-image\" data-id=\"a6849d1\" data-element_type=\"widget\" data-e-type=\"widget\" data-widget_type=\"image.default\">\n\t\t\t\t<div class=\"elementor-widget-container\">\n\t\t\t\t\t\t\t\t\t\t\t\t\t\t\t<img decoding=\"async\" data-attachment-id=\"5689\" data-permalink=\"https:\/\/festivalinternacionalclownbaret.com\/fr\/fic2024\/ojete\/\" data-orig-file=\"https:\/\/festivalinternacionalclownbaret.com\/wp-content\/uploads\/2025\/07\/ojete.png\" data-orig-size=\"210,413\" data-comments-opened=\"1\" data-image-meta=\"{&quot;aperture&quot;:&quot;0&quot;,&quot;credit&quot;:&quot;&quot;,&quot;camera&quot;:&quot;&quot;,&quot;caption&quot;:&quot;&quot;,&quot;created_timestamp&quot;:&quot;0&quot;,&quot;copyright&quot;:&quot;&quot;,&quot;focal_length&quot;:&quot;0&quot;,&quot;iso&quot;:&quot;0&quot;,&quot;shutter_speed&quot;:&quot;0&quot;,&quot;title&quot;:&quot;&quot;,&quot;orientation&quot;:&quot;0&quot;}\" data-image-title=\"ojete\" data-image-description=\"\" data-image-caption=\"\" data-large-file=\"https:\/\/festivalinternacionalclownbaret.com\/wp-content\/uploads\/2025\/07\/ojete.png\" width=\"210\" height=\"413\" src=\"https:\/\/festivalinternacionalclownbaret.com\/wp-content\/uploads\/2025\/07\/ojete.png\" class=\"attachment-full size-full wp-image-5689\" alt=\"\" srcset=\"https:\/\/festivalinternacionalclownbaret.com\/wp-content\/uploads\/2025\/07\/ojete.png 210w, https:\/\/festivalinternacionalclownbaret.com\/wp-content\/uploads\/2025\/07\/ojete-153x300.png 153w, https:\/\/festivalinternacionalclownbaret.com\/wp-content\/uploads\/2025\/07\/ojete-6x12.png 6w\" sizes=\"(max-width: 210px) 100vw, 210px\" \/>\t\t\t\t\t\t\t\t\t\t\t\t\t\t\t<\/div>\n\t\t\t\t<\/div>\n\t\t\t\t<div class=\"elementor-element elementor-element-cd700d0 elementor-widget-divider--view-line elementor-widget elementor-widget-divider\" data-id=\"cd700d0\" data-element_type=\"widget\" data-e-type=\"widget\" data-widget_type=\"divider.default\">\n\t\t\t\t<div class=\"elementor-widget-container\">\n\t\t\t\t\t\t\t<div class=\"elementor-divider\">\n\t\t\t<span class=\"elementor-divider-separator\">\n\t\t\t\t\t\t<\/span>\n\t\t<\/div>\n\t\t\t\t\t\t<\/div>\n\t\t\t\t<\/div>\n\t\t\t\t<div class=\"elementor-element elementor-element-019fdaa elementor-widget elementor-widget-heading\" data-id=\"019fdaa\" data-element_type=\"widget\" data-e-type=\"widget\" data-widget_type=\"heading.default\">\n\t\t\t\t<div class=\"elementor-widget-container\">\n\t\t\t\t\t<h2 class=\"elementor-heading-title elementor-size-default\">COMMUNIQU\u00c9 FIC 2026<\/h2>\t\t\t\t<\/div>\n\t\t\t\t<\/div>\n\t\t\t\t<div class=\"elementor-element elementor-element-ccb818e elementor-widget elementor-widget-text-editor\" data-id=\"ccb818e\" data-element_type=\"widget\" data-e-type=\"widget\" data-widget_type=\"text-editor.default\">\n\t\t\t\t<div class=\"elementor-widget-container\">\n\t\t\t\t\t\t\t\t\t<p>Nous communiquons de mani\u00e8re responsable, en r\u00e9duisant autant que possible l'utilisation de supports papier. Nous utilisons Internet et les technologies num\u00e9riques pour la promotion et l'organisation du FIC 2025 afin d'atteindre l'objectif d'un \u00e9v\u00e9nement sans papier.<\/p><p>Nous diffusons sur les supports num\u00e9riques une campagne de sensibilisation \u00e9labor\u00e9e avant l'\u00e9v\u00e9nement afin d'am\u00e9liorer l'efficacit\u00e9 des mesures mises en place et d'atteindre plus facilement les objectifs de r\u00e9duction des supports imprim\u00e9s.<\/p><p>Nous atteignons nos objectifs de r\u00e9duction et encourageons les participants \u00e0 changer leurs habitudes au-del\u00e0 du cadre de l'\u00e9v\u00e9nement.<\/p>\t\t\t\t\t\t\t\t<\/div>\n\t\t\t\t<\/div>\n\t\t\t\t<div class=\"elementor-element elementor-element-829eb68 elementor-hidden-desktop elementor-hidden-tablet elementor-hidden-mobile elementor-widget-divider--view-line elementor-widget elementor-widget-divider\" data-id=\"829eb68\" data-element_type=\"widget\" data-e-type=\"widget\" data-widget_type=\"divider.default\">\n\t\t\t\t<div class=\"elementor-widget-container\">\n\t\t\t\t\t\t\t<div class=\"elementor-divider\">\n\t\t\t<span class=\"elementor-divider-separator\">\n\t\t\t\t\t\t<\/span>\n\t\t<\/div>\n\t\t\t\t\t\t<\/div>\n\t\t\t\t<\/div>\n\t\t\t\t<div class=\"elementor-element elementor-element-7efec74 elementor-hidden-desktop elementor-hidden-tablet elementor-hidden-mobile elementor-widget elementor-widget-heading\" data-id=\"7efec74\" data-element_type=\"widget\" data-e-type=\"widget\" data-widget_type=\"heading.default\">\n\t\t\t\t<div class=\"elementor-widget-container\">\n\t\t\t\t\t<h2 class=\"elementor-heading-title elementor-size-default\">INCLUSI\u00d3N SOCIAL<\/h2>\t\t\t\t<\/div>\n\t\t\t\t<\/div>\n\t\t\t\t<div class=\"elementor-element elementor-element-afd24ea elementor-hidden-desktop elementor-hidden-tablet elementor-hidden-mobile elementor-widget elementor-widget-image\" data-id=\"afd24ea\" data-element_type=\"widget\" data-e-type=\"widget\" data-widget_type=\"image.default\">\n\t\t\t\t<div class=\"elementor-widget-container\">\n\t\t\t\t\t\t\t\t\t\t\t\t\t\t\t<img loading=\"lazy\" decoding=\"async\" data-attachment-id=\"6472\" data-permalink=\"https:\/\/festivalinternacionalclownbaret.com\/fr\/sostenibilidad\/cultura-cuida\/\" data-orig-file=\"https:\/\/festivalinternacionalclownbaret.com\/wp-content\/uploads\/2025\/07\/cultura-cuida.jpg\" data-orig-size=\"1000,501\" data-comments-opened=\"1\" data-image-meta=\"{&quot;aperture&quot;:&quot;0&quot;,&quot;credit&quot;:&quot;&quot;,&quot;camera&quot;:&quot;&quot;,&quot;caption&quot;:&quot;&quot;,&quot;created_timestamp&quot;:&quot;0&quot;,&quot;copyright&quot;:&quot;&quot;,&quot;focal_length&quot;:&quot;0&quot;,&quot;iso&quot;:&quot;0&quot;,&quot;shutter_speed&quot;:&quot;0&quot;,&quot;title&quot;:&quot;&quot;,&quot;orientation&quot;:&quot;0&quot;}\" data-image-title=\"cultura-cuida\" data-image-description=\"\" data-image-caption=\"\" data-large-file=\"https:\/\/festivalinternacionalclownbaret.com\/wp-content\/uploads\/2025\/07\/cultura-cuida.jpg\" width=\"800\" height=\"401\" src=\"https:\/\/festivalinternacionalclownbaret.com\/wp-content\/uploads\/2025\/07\/cultura-cuida.jpg\" class=\"attachment-large size-large wp-image-6472\" alt=\"\" srcset=\"https:\/\/festivalinternacionalclownbaret.com\/wp-content\/uploads\/2025\/07\/cultura-cuida.jpg 1000w, https:\/\/festivalinternacionalclownbaret.com\/wp-content\/uploads\/2025\/07\/cultura-cuida-300x150.jpg 300w, https:\/\/festivalinternacionalclownbaret.com\/wp-content\/uploads\/2025\/07\/cultura-cuida-768x385.jpg 768w, https:\/\/festivalinternacionalclownbaret.com\/wp-content\/uploads\/2025\/07\/cultura-cuida-18x9.jpg 18w\" sizes=\"(max-width: 800px) 100vw, 800px\" \/>\t\t\t\t\t\t\t\t\t\t\t\t\t\t\t<\/div>\n\t\t\t\t<\/div>\n\t\t\t\t<div class=\"elementor-element elementor-element-8702a8b elementor-hidden-desktop elementor-hidden-tablet elementor-hidden-mobile elementor-widget elementor-widget-text-editor\" data-id=\"8702a8b\" data-element_type=\"widget\" data-e-type=\"widget\" data-widget_type=\"text-editor.default\">\n\t\t\t\t<div class=\"elementor-widget-container\">\n\t\t\t\t\t\t\t\t\t<p>Queremos destacar que el compromiso social del FIC se refuerza con la reciente adhesi\u00f3n al distintivo \u00abCultura que Cuida\u00bb, un sello solidario otorgado por AFES Salud Mental. Este reconocimiento subraya la labor del festival en la promoci\u00f3n de la inclusi\u00f3n, la accesibilidad y la lucha contra el estigma en salud mental. La colaboraci\u00f3n con AFES Salud Mental, una entidad dedicada a apoyar a personas con problemas de salud mental y sus familias, demuestra que es esencial poner en valor una cultura sostenible e inclusiva.<\/p>\t\t\t\t\t\t\t\t<\/div>\n\t\t\t\t<\/div>\n\t\t\t\t\t<\/div>\n\t\t<\/div>\n\t\t\t\t\t<\/div>\n\t\t<\/section>\n\t\t\t\t<section class=\"elementor-section elementor-top-section elementor-element elementor-element-87ae61a elementor-section-boxed elementor-section-height-default elementor-section-height-default\" data-id=\"87ae61a\" data-element_type=\"section\" data-e-type=\"section\">\n\t\t\t\t\t\t<div class=\"elementor-container elementor-column-gap-default\">\n\t\t\t\t\t<div class=\"elementor-column elementor-col-100 elementor-top-column elementor-element elementor-element-9b7ccc8\" data-id=\"9b7ccc8\" data-element_type=\"column\" data-e-type=\"column\">\n\t\t\t<div class=\"elementor-widget-wrap elementor-element-populated\">\n\t\t\t\t\t\t<div class=\"elementor-element elementor-element-e249371 elementor-widget-divider--view-line elementor-widget elementor-widget-divider\" data-id=\"e249371\" data-element_type=\"widget\" data-e-type=\"widget\" data-widget_type=\"divider.default\">\n\t\t\t\t<div class=\"elementor-widget-container\">\n\t\t\t\t\t\t\t<div class=\"elementor-divider\">\n\t\t\t<span class=\"elementor-divider-separator\">\n\t\t\t\t\t\t<\/span>\n\t\t<\/div>\n\t\t\t\t\t\t<\/div>\n\t\t\t\t<\/div>\n\t\t\t\t<div class=\"elementor-element elementor-element-e89321a elementor-widget elementor-widget-heading\" data-id=\"e89321a\" data-element_type=\"widget\" data-e-type=\"widget\" data-widget_type=\"heading.default\">\n\t\t\t\t<div class=\"elementor-widget-container\">\n\t\t\t\t\t<h2 class=\"elementor-heading-title elementor-size-default\">EL FIC sostenible<\/h2>\t\t\t\t<\/div>\n\t\t\t\t<\/div>\n\t\t\t\t<div class=\"elementor-element elementor-element-14d5472 elementor-widget__width-initial elementor-widget elementor-widget-text-editor\" data-id=\"14d5472\" data-element_type=\"widget\" data-e-type=\"widget\" data-widget_type=\"text-editor.default\">\n\t\t\t\t<div class=\"elementor-widget-container\">\n\t\t\t\t\t\t\t\t\t<p>Les objectifs de d\u00e9veloppement durable s'inscrivent dans la lign\u00e9e de tous ces points dont nous avons parl\u00e9 et sont mis en avant tout au long du festival. Nous parvenons ainsi \u00e0 sensibiliser le public aux questions environnementales.<\/p><p>Nous mettons \u00e9galement l'accent sur d'autres aspects importants, tels que : l'utilisation des conteneurs que nous mettons \u00e0 la disposition du public, l'acc\u00e8s universel \u00e0 la culture, les ateliers de sensibilisation \u00e0 l'environnement et l'\u00e9galit\u00e9 des chances pour tous.<\/p>\t\t\t\t\t\t\t\t<\/div>\n\t\t\t\t<\/div>\n\t\t\t\t\t<\/div>\n\t\t<\/div>\n\t\t\t\t\t<\/div>\n\t\t<\/section>\n\t\t\t\t<section class=\"elementor-section elementor-top-section elementor-element elementor-element-039b228 elementor-section-boxed elementor-section-height-default elementor-section-height-default\" data-id=\"039b228\" data-element_type=\"section\" data-e-type=\"section\" data-settings=\"{&quot;background_background&quot;:&quot;classic&quot;}\">\n\t\t\t\t\t\t\t<div class=\"elementor-background-overlay\"><\/div>\n\t\t\t\t\t\t\t<div class=\"elementor-container elementor-column-gap-default\">\n\t\t\t\t\t<div class=\"elementor-column elementor-col-100 elementor-top-column elementor-element elementor-element-4474e69\" data-id=\"4474e69\" data-element_type=\"column\" data-e-type=\"column\">\n\t\t\t<div class=\"elementor-widget-wrap elementor-element-populated\">\n\t\t\t\t\t\t<div class=\"elementor-element elementor-element-ed7857c elementor-widget elementor-widget-image\" data-id=\"ed7857c\" data-element_type=\"widget\" data-e-type=\"widget\" data-widget_type=\"image.default\">\n\t\t\t\t<div class=\"elementor-widget-container\">\n\t\t\t\t\t\t\t\t\t\t\t\t\t\t\t<img loading=\"lazy\" decoding=\"async\" data-attachment-id=\"1713\" data-permalink=\"https:\/\/festivalinternacionalclownbaret.com\/fr\/sostenibilidad\/plantillas-fic_023_aaff-2\/\" data-orig-file=\"https:\/\/festivalinternacionalclownbaret.com\/wp-content\/uploads\/2023\/09\/ODS_1080x1080px_fic_023-2.jpg\" data-orig-size=\"1803,911\" data-comments-opened=\"1\" data-image-meta=\"{&quot;aperture&quot;:&quot;0&quot;,&quot;credit&quot;:&quot;&quot;,&quot;camera&quot;:&quot;&quot;,&quot;caption&quot;:&quot;&quot;,&quot;created_timestamp&quot;:&quot;0&quot;,&quot;copyright&quot;:&quot;&quot;,&quot;focal_length&quot;:&quot;0&quot;,&quot;iso&quot;:&quot;0&quot;,&quot;shutter_speed&quot;:&quot;0&quot;,&quot;title&quot;:&quot;Plantillas Fic_023_AAFF&quot;,&quot;orientation&quot;:&quot;1&quot;}\" data-image-title=\"Plantillas Fic_023_AAFF\" data-image-description=\"\" data-image-caption=\"\" data-large-file=\"https:\/\/festivalinternacionalclownbaret.com\/wp-content\/uploads\/2023\/09\/ODS_1080x1080px_fic_023-2-1024x517.jpg\" width=\"1803\" height=\"911\" src=\"https:\/\/festivalinternacionalclownbaret.com\/wp-content\/uploads\/2023\/09\/ODS_1080x1080px_fic_023-2.jpg\" class=\"attachment-full size-full wp-image-1713\" alt=\"\" srcset=\"https:\/\/festivalinternacionalclownbaret.com\/wp-content\/uploads\/2023\/09\/ODS_1080x1080px_fic_023-2.jpg 1803w, https:\/\/festivalinternacionalclownbaret.com\/wp-content\/uploads\/2023\/09\/ODS_1080x1080px_fic_023-2-300x152.jpg 300w, https:\/\/festivalinternacionalclownbaret.com\/wp-content\/uploads\/2023\/09\/ODS_1080x1080px_fic_023-2-1024x517.jpg 1024w, https:\/\/festivalinternacionalclownbaret.com\/wp-content\/uploads\/2023\/09\/ODS_1080x1080px_fic_023-2-768x388.jpg 768w, https:\/\/festivalinternacionalclownbaret.com\/wp-content\/uploads\/2023\/09\/ODS_1080x1080px_fic_023-2-1536x776.jpg 1536w, https:\/\/festivalinternacionalclownbaret.com\/wp-content\/uploads\/2023\/09\/ODS_1080x1080px_fic_023-2-1200x606.jpg 1200w\" sizes=\"(max-width: 1803px) 100vw, 1803px\" \/>\t\t\t\t\t\t\t\t\t\t\t\t\t\t\t<\/div>\n\t\t\t\t<\/div>\n\t\t\t\t<div class=\"elementor-element elementor-element-dc02b76 elementor-widget-divider--view-line elementor-widget elementor-widget-divider\" data-id=\"dc02b76\" data-element_type=\"widget\" data-e-type=\"widget\" data-widget_type=\"divider.default\">\n\t\t\t\t<div class=\"elementor-widget-container\">\n\t\t\t\t\t\t\t<div class=\"elementor-divider\">\n\t\t\t<span class=\"elementor-divider-separator\">\n\t\t\t\t\t\t<\/span>\n\t\t<\/div>\n\t\t\t\t\t\t<\/div>\n\t\t\t\t<\/div>\n\t\t\t\t<div class=\"elementor-element elementor-element-ab4b395 elementor-widget__width-initial elementor-hidden-desktop elementor-hidden-tablet elementor-hidden-mobile elementor-widget elementor-widget-video\" data-id=\"ab4b395\" data-element_type=\"widget\" data-e-type=\"widget\" data-settings=\"{&quot;video_type&quot;:&quot;hosted&quot;,&quot;autoplay&quot;:&quot;yes&quot;,&quot;play_on_mobile&quot;:&quot;yes&quot;,&quot;mute&quot;:&quot;yes&quot;,&quot;controls&quot;:&quot;yes&quot;}\" data-widget_type=\"video.default\">\n\t\t\t\t<div class=\"elementor-widget-container\">\n\t\t\t\t\t\t\t<div class=\"e-hosted-video elementor-wrapper elementor-open-inline\">\n\t\t\t\t\t<video class=\"elementor-video\" src=\"https:\/\/videos.files.wordpress.com\/geqIRJGA\/sostenibilidad-fic_v4_def.mp4\" autoplay=\"\" controls=\"\" muted=\"muted\" playsinline=\"\" controlslist=\"nodownload\"><\/video>\n\t\t\t\t<\/div>\n\t\t\t\t\t\t<\/div>\n\t\t\t\t<\/div>\n\t\t\t\t<div class=\"elementor-element elementor-element-ff9f1dd elementor-hidden-desktop elementor-hidden-tablet elementor-hidden-mobile elementor-widget-divider--view-line elementor-widget elementor-widget-divider\" data-id=\"ff9f1dd\" data-element_type=\"widget\" data-e-type=\"widget\" data-widget_type=\"divider.default\">\n\t\t\t\t<div class=\"elementor-widget-container\">\n\t\t\t\t\t\t\t<div class=\"elementor-divider\">\n\t\t\t<span class=\"elementor-divider-separator\">\n\t\t\t\t\t\t<\/span>\n\t\t<\/div>\n\t\t\t\t\t\t<\/div>\n\t\t\t\t<\/div>\n\t\t\t\t<div class=\"elementor-element elementor-element-7b42a32 elementor-widget elementor-widget-image\" data-id=\"7b42a32\" data-element_type=\"widget\" data-e-type=\"widget\" data-widget_type=\"image.default\">\n\t\t\t\t<div class=\"elementor-widget-container\">\n\t\t\t\t\t\t\t\t\t\t\t\t\t\t\t<img loading=\"lazy\" decoding=\"async\" data-attachment-id=\"7866\" data-permalink=\"https:\/\/festivalinternacionalclownbaret.com\/fr\/el-festival\/historia-provisional\/\" data-orig-file=\"https:\/\/festivalinternacionalclownbaret.com\/wp-content\/uploads\/2026\/04\/historia-provisional.jpg\" data-orig-size=\"1067,573\" data-comments-opened=\"1\" data-image-meta=\"{&quot;aperture&quot;:&quot;0&quot;,&quot;credit&quot;:&quot;&quot;,&quot;camera&quot;:&quot;&quot;,&quot;caption&quot;:&quot;&quot;,&quot;created_timestamp&quot;:&quot;0&quot;,&quot;copyright&quot;:&quot;&quot;,&quot;focal_length&quot;:&quot;0&quot;,&quot;iso&quot;:&quot;0&quot;,&quot;shutter_speed&quot;:&quot;0&quot;,&quot;title&quot;:&quot;&quot;,&quot;orientation&quot;:&quot;0&quot;}\" data-image-title=\"historia-provisional\" data-image-description=\"\" data-image-caption=\"\" data-large-file=\"https:\/\/festivalinternacionalclownbaret.com\/wp-content\/uploads\/2026\/04\/historia-provisional-1024x550.jpg\" width=\"1067\" height=\"573\" src=\"https:\/\/festivalinternacionalclownbaret.com\/wp-content\/uploads\/2026\/04\/historia-provisional.jpg\" class=\"attachment-full size-full wp-image-7866\" alt=\"\" srcset=\"https:\/\/festivalinternacionalclownbaret.com\/wp-content\/uploads\/2026\/04\/historia-provisional.jpg 1067w, https:\/\/festivalinternacionalclownbaret.com\/wp-content\/uploads\/2026\/04\/historia-provisional-300x161.jpg 300w, https:\/\/festivalinternacionalclownbaret.com\/wp-content\/uploads\/2026\/04\/historia-provisional-1024x550.jpg 1024w, https:\/\/festivalinternacionalclownbaret.com\/wp-content\/uploads\/2026\/04\/historia-provisional-768x412.jpg 768w, https:\/\/festivalinternacionalclownbaret.com\/wp-content\/uploads\/2026\/04\/historia-provisional-18x10.jpg 18w\" sizes=\"(max-width: 1067px) 100vw, 1067px\" \/>\t\t\t\t\t\t\t\t\t\t\t\t\t\t\t<\/div>\n\t\t\t\t<\/div>\n\t\t\t\t\t<\/div>\n\t\t<\/div>\n\t\t\t\t\t<\/div>\n\t\t<\/section>\n\t\t\t\t<\/div>","protected":false},"excerpt":{"rendered":"<p>sostenibilidad El Festival Internacional Clownbaret ha crecido enormemente a lo largo de estos 20 a\u00f1os. Y lo ha hecho de manera sostenible para Canarias. Descentralizando la programaci\u00f3n para llegar a todos y a todas y programando espect\u00e1culos de lenguaje universal. Llegando a hospitales, centros de personas con discapacidad y centros de mayores con sus visitas [&hellip;]<\/p>\n","protected":false},"author":94859360,"featured_media":0,"parent":0,"menu_order":9,"comment_status":"closed","ping_status":"closed","template":"elementor_header_footer","meta":{"_crdt_document":"","footnotes":""},"ubicacion":[],"class_list":["post-1706","page","type-page","status-publish","hentry"],"yoast_head":"<!-- This site is optimized with the Yoast SEO plugin v27.4 - https:\/\/yoast.com\/product\/yoast-seo-wordpress\/ -->\n<title>Sostenibilidad - FIC2026<\/title>\n<meta name=\"robots\" content=\"index, follow, max-snippet:-1, max-image-preview:large, max-video-preview:-1\" \/>\n<link rel=\"canonical\" href=\"https:\/\/festivalinternacionalclownbaret.com\/fr\/sostenibilidad\/\" \/>\n<meta property=\"og:locale\" content=\"fr_FR\" \/>\n<meta property=\"og:type\" content=\"article\" \/>\n<meta property=\"og:title\" content=\"Sostenibilidad - FIC2026\" \/>\n<meta property=\"og:description\" content=\"sostenibilidad El Festival Internacional Clownbaret ha crecido enormemente a lo largo de estos 20 a\u00f1os. Y lo ha hecho de manera sostenible para Canarias. Descentralizando la programaci\u00f3n para llegar a todos y a todas y programando espect\u00e1culos de lenguaje universal. Llegando a hospitales, centros de personas con discapacidad y centros de mayores con sus visitas [&hellip;]\" \/>\n<meta property=\"og:url\" content=\"https:\/\/festivalinternacionalclownbaret.com\/fr\/sostenibilidad\/\" \/>\n<meta property=\"og:site_name\" content=\"FIC2026\" \/>\n<meta property=\"article:publisher\" content=\"https:\/\/www.facebook.com\/FIClownbaret\/\" \/>\n<meta property=\"article:modified_time\" content=\"2026-04-17T07:50:56+00:00\" \/>\n<meta property=\"og:image\" content=\"https:\/\/festivalinternacionalclownbaret.com\/wp-content\/uploads\/2025\/07\/Pegatinas_PV3.jpg\" \/>\n\t<meta property=\"og:image:width\" content=\"500\" \/>\n\t<meta property=\"og:image:height\" content=\"500\" \/>\n\t<meta property=\"og:image:type\" content=\"image\/jpeg\" \/>\n<meta name=\"twitter:card\" content=\"summary_large_image\" \/>\n<meta name=\"twitter:label1\" content=\"Dur\u00e9e de lecture estim\u00e9e\" \/>\n\t<meta name=\"twitter:data1\" content=\"6 minutes\" \/>\n<script type=\"application\/ld+json\" class=\"yoast-schema-graph\">{\"@context\":\"https:\\\/\\\/schema.org\",\"@graph\":[{\"@type\":\"WebPage\",\"@id\":\"https:\\\/\\\/festivalinternacionalclownbaret.com\\\/sostenibilidad\\\/\",\"url\":\"https:\\\/\\\/festivalinternacionalclownbaret.com\\\/sostenibilidad\\\/\",\"name\":\"Sostenibilidad - FIC2026\",\"isPartOf\":{\"@id\":\"https:\\\/\\\/festivalinternacionalclownbaret.com\\\/#website\"},\"primaryImageOfPage\":{\"@id\":\"https:\\\/\\\/festivalinternacionalclownbaret.com\\\/sostenibilidad\\\/#primaryimage\"},\"image\":{\"@id\":\"https:\\\/\\\/festivalinternacionalclownbaret.com\\\/sostenibilidad\\\/#primaryimage\"},\"thumbnailUrl\":\"https:\\\/\\\/festivalinternacionalclownbaret.com\\\/wp-content\\\/uploads\\\/2025\\\/07\\\/Pegatinas_PV3.jpg\",\"datePublished\":\"2023-09-15T06:16:43+00:00\",\"dateModified\":\"2026-04-17T07:50:56+00:00\",\"breadcrumb\":{\"@id\":\"https:\\\/\\\/festivalinternacionalclownbaret.com\\\/sostenibilidad\\\/#breadcrumb\"},\"inLanguage\":\"fr-FR\",\"potentialAction\":[{\"@type\":\"ReadAction\",\"target\":[\"https:\\\/\\\/festivalinternacionalclownbaret.com\\\/sostenibilidad\\\/\"]}]},{\"@type\":\"ImageObject\",\"inLanguage\":\"fr-FR\",\"@id\":\"https:\\\/\\\/festivalinternacionalclownbaret.com\\\/sostenibilidad\\\/#primaryimage\",\"url\":\"https:\\\/\\\/festivalinternacionalclownbaret.com\\\/wp-content\\\/uploads\\\/2025\\\/07\\\/Pegatinas_PV3.jpg\",\"contentUrl\":\"https:\\\/\\\/festivalinternacionalclownbaret.com\\\/wp-content\\\/uploads\\\/2025\\\/07\\\/Pegatinas_PV3.jpg\"},{\"@type\":\"BreadcrumbList\",\"@id\":\"https:\\\/\\\/festivalinternacionalclownbaret.com\\\/sostenibilidad\\\/#breadcrumb\",\"itemListElement\":[{\"@type\":\"ListItem\",\"position\":1,\"name\":\"Portada\",\"item\":\"https:\\\/\\\/festivalinternacionalclownbaret.com\\\/\"},{\"@type\":\"ListItem\",\"position\":2,\"name\":\"Sostenibilidad\"}]},{\"@type\":\"WebSite\",\"@id\":\"https:\\\/\\\/festivalinternacionalclownbaret.com\\\/#website\",\"url\":\"https:\\\/\\\/festivalinternacionalclownbaret.com\\\/\",\"name\":\"FIC2026\",\"description\":\"XIX Festival Internacional Clownbaret\",\"publisher\":{\"@id\":\"https:\\\/\\\/festivalinternacionalclownbaret.com\\\/#organization\"},\"potentialAction\":[{\"@type\":\"SearchAction\",\"target\":{\"@type\":\"EntryPoint\",\"urlTemplate\":\"https:\\\/\\\/festivalinternacionalclownbaret.com\\\/?s={search_term_string}\"},\"query-input\":{\"@type\":\"PropertyValueSpecification\",\"valueRequired\":true,\"valueName\":\"search_term_string\"}}],\"inLanguage\":\"fr-FR\"},{\"@type\":\"Organization\",\"@id\":\"https:\\\/\\\/festivalinternacionalclownbaret.com\\\/#organization\",\"name\":\"FIC2026\",\"url\":\"https:\\\/\\\/festivalinternacionalclownbaret.com\\\/\",\"logo\":{\"@type\":\"ImageObject\",\"inLanguage\":\"fr-FR\",\"@id\":\"https:\\\/\\\/festivalinternacionalclownbaret.com\\\/#\\\/schema\\\/logo\\\/image\\\/\",\"url\":\"\",\"contentUrl\":\"\",\"caption\":\"FIC2026\"},\"image\":{\"@id\":\"https:\\\/\\\/festivalinternacionalclownbaret.com\\\/#\\\/schema\\\/logo\\\/image\\\/\"},\"sameAs\":[\"https:\\\/\\\/www.facebook.com\\\/FIClownbaret\\\/\"]}]}<\/script>\n<!-- \/ Yoast SEO plugin. -->","yoast_head_json":{"title":"Sostenibilidad - FIC2026","robots":{"index":"index","follow":"follow","max-snippet":"max-snippet:-1","max-image-preview":"max-image-preview:large","max-video-preview":"max-video-preview:-1"},"canonical":"https:\/\/festivalinternacionalclownbaret.com\/fr\/sostenibilidad\/","og_locale":"fr_FR","og_type":"article","og_title":"Sostenibilidad - FIC2026","og_description":"sostenibilidad El Festival Internacional Clownbaret ha crecido enormemente a lo largo de estos 20 a\u00f1os. Y lo ha hecho de manera sostenible para Canarias. Descentralizando la programaci\u00f3n para llegar a todos y a todas y programando espect\u00e1culos de lenguaje universal. Llegando a hospitales, centros de personas con discapacidad y centros de mayores con sus visitas [&hellip;]","og_url":"https:\/\/festivalinternacionalclownbaret.com\/fr\/sostenibilidad\/","og_site_name":"FIC2026","article_publisher":"https:\/\/www.facebook.com\/FIClownbaret\/","article_modified_time":"2026-04-17T07:50:56+00:00","og_image":[{"width":500,"height":500,"url":"https:\/\/festivalinternacionalclownbaret.com\/wp-content\/uploads\/2025\/07\/Pegatinas_PV3.jpg","type":"image\/jpeg"}],"twitter_card":"summary_large_image","twitter_misc":{"Dur\u00e9e de lecture estim\u00e9e":"6 minutes"},"schema":{"@context":"https:\/\/schema.org","@graph":[{"@type":"WebPage","@id":"https:\/\/festivalinternacionalclownbaret.com\/sostenibilidad\/","url":"https:\/\/festivalinternacionalclownbaret.com\/sostenibilidad\/","name":"Sostenibilidad - FIC2026","isPartOf":{"@id":"https:\/\/festivalinternacionalclownbaret.com\/#website"},"primaryImageOfPage":{"@id":"https:\/\/festivalinternacionalclownbaret.com\/sostenibilidad\/#primaryimage"},"image":{"@id":"https:\/\/festivalinternacionalclownbaret.com\/sostenibilidad\/#primaryimage"},"thumbnailUrl":"https:\/\/festivalinternacionalclownbaret.com\/wp-content\/uploads\/2025\/07\/Pegatinas_PV3.jpg","datePublished":"2023-09-15T06:16:43+00:00","dateModified":"2026-04-17T07:50:56+00:00","breadcrumb":{"@id":"https:\/\/festivalinternacionalclownbaret.com\/sostenibilidad\/#breadcrumb"},"inLanguage":"fr-FR","potentialAction":[{"@type":"ReadAction","target":["https:\/\/festivalinternacionalclownbaret.com\/sostenibilidad\/"]}]},{"@type":"ImageObject","inLanguage":"fr-FR","@id":"https:\/\/festivalinternacionalclownbaret.com\/sostenibilidad\/#primaryimage","url":"https:\/\/festivalinternacionalclownbaret.com\/wp-content\/uploads\/2025\/07\/Pegatinas_PV3.jpg","contentUrl":"https:\/\/festivalinternacionalclownbaret.com\/wp-content\/uploads\/2025\/07\/Pegatinas_PV3.jpg"},{"@type":"BreadcrumbList","@id":"https:\/\/festivalinternacionalclownbaret.com\/sostenibilidad\/#breadcrumb","itemListElement":[{"@type":"ListItem","position":1,"name":"Portada","item":"https:\/\/festivalinternacionalclownbaret.com\/"},{"@type":"ListItem","position":2,"name":"Sostenibilidad"}]},{"@type":"WebSite","@id":"https:\/\/festivalinternacionalclownbaret.com\/#website","url":"https:\/\/festivalinternacionalclownbaret.com\/","name":"FIC2026","description":"XIX Festival Internacional Clownbaret","publisher":{"@id":"https:\/\/festivalinternacionalclownbaret.com\/#organization"},"potentialAction":[{"@type":"SearchAction","target":{"@type":"EntryPoint","urlTemplate":"https:\/\/festivalinternacionalclownbaret.com\/?s={search_term_string}"},"query-input":{"@type":"PropertyValueSpecification","valueRequired":true,"valueName":"search_term_string"}}],"inLanguage":"fr-FR"},{"@type":"Organization","@id":"https:\/\/festivalinternacionalclownbaret.com\/#organization","name":"FIC2026","url":"https:\/\/festivalinternacionalclownbaret.com\/","logo":{"@type":"ImageObject","inLanguage":"fr-FR","@id":"https:\/\/festivalinternacionalclownbaret.com\/#\/schema\/logo\/image\/","url":"","contentUrl":"","caption":"FIC2026"},"image":{"@id":"https:\/\/festivalinternacionalclownbaret.com\/#\/schema\/logo\/image\/"},"sameAs":["https:\/\/www.facebook.com\/FIClownbaret\/"]}]}},"jetpack_likes_enabled":true,"jetpack_sharing_enabled":true,"jetpack_shortlink":"https:\/\/wp.me\/PeY64T-rw","jetpack-related-posts":[{"id":10,"url":"https:\/\/festivalinternacionalclownbaret.com\/fr\/","url_meta":{"origin":1706,"position":0},"title":"XXe Festival international Clownbaret","author":"davidujja","date":"30 de juillet de 2023","format":false,"excerpt":"Instagram Facebook Youtube X-twitter Tiktok XIX Festival Internacional Clownbaret Del 29 de septiembre al 12 de octubre de 2025 INICIO El Festival Programa Artistas y compa\u00f1\u00edas Talleres Sostenibilidad Actividades asociadas Patrocinadores Prensa y contacto Dossier de prensa Instagram Facebook Youtube X-twitter Tiktok XX Festival Internacional Clownbaret Del 28 de septiembre\u2026","rel":"","context":"Article similaire","block_context":{"text":"Article similaire","link":""},"img":{"alt_text":"","src":"https:\/\/i0.wp.com\/festivalinternacionalclownbaret.com\/wp-content\/uploads\/2026\/04\/logos-movil-2026.jpg?resize=350%2C200&ssl=1","width":350,"height":200,"srcset":"https:\/\/i0.wp.com\/festivalinternacionalclownbaret.com\/wp-content\/uploads\/2026\/04\/logos-movil-2026.jpg?resize=350%2C200&ssl=1 1x, https:\/\/i0.wp.com\/festivalinternacionalclownbaret.com\/wp-content\/uploads\/2026\/04\/logos-movil-2026.jpg?resize=525%2C300&ssl=1 1.5x"},"classes":[]},{"id":525,"url":"https:\/\/festivalinternacionalclownbaret.com\/fr\/actividades-asociadas\/","url_meta":{"origin":1706,"position":1},"title":"Activit\u00e9s connexes","author":"davidujja","date":"25 de septembre de 2023","format":false,"excerpt":"Actividades asociadas FIC 2026 El arte de payaso es una valiosa herramienta que puede utilizarse como recurso terap\u00e9utico, did\u00e1ctico, de reconstrucci\u00f3n del tejido social y recreativo que potencia la inclusi\u00f3n social de colectivos discriminados o en dificultades. EN ESTA XX EDICI\u00d3N DEL FIC SE REALIZAR\u00c1N LAS SIGUIENTES ACTIVIDADES: PAYASOS SOCIALES\u2026","rel":"","context":"Article similaire","block_context":{"text":"Article similaire","link":""},"img":{"alt_text":"","src":"https:\/\/i0.wp.com\/festivalinternacionalclownbaret.com\/wp-content\/uploads\/2025\/07\/mayores-1024x576.jpg?resize=350%2C200&ssl=1","width":350,"height":200,"srcset":"https:\/\/i0.wp.com\/festivalinternacionalclownbaret.com\/wp-content\/uploads\/2025\/07\/mayores-1024x576.jpg?resize=350%2C200&ssl=1 1x, https:\/\/i0.wp.com\/festivalinternacionalclownbaret.com\/wp-content\/uploads\/2025\/07\/mayores-1024x576.jpg?resize=525%2C300&ssl=1 1.5x, https:\/\/i0.wp.com\/festivalinternacionalclownbaret.com\/wp-content\/uploads\/2025\/07\/mayores-1024x576.jpg?resize=700%2C400&ssl=1 2x"},"classes":[]},{"id":796,"url":"https:\/\/festivalinternacionalclownbaret.com\/fr\/santa-cruz\/","url_meta":{"origin":1706,"position":2},"title":"Santa Cruz","author":"davidujja","date":"15 de septembre de 2023","format":false,"excerpt":"Fic Santa Cruz Sede principal del FIC 2024 FIC SANTA CRUZ Te conquistamos en la calle La sede principal del FIC se ilumina de clown y circo este octubre. Te esperamos donde siempre.El s\u00e1bado 5 no te pierdas a Leandre Clown con N\u2019imPORTE Quoi en el Teatro Guimer\u00e1, con entrada\u2026","rel":"","context":"Article similaire","block_context":{"text":"Article similaire","link":""},"img":{"alt_text":"","src":"https:\/\/i0.wp.com\/festivalinternacionalclownbaret.com\/wp-content\/uploads\/2024\/07\/CIRC2-134.jpg?resize=350%2C200&ssl=1","width":350,"height":200,"srcset":"https:\/\/i0.wp.com\/festivalinternacionalclownbaret.com\/wp-content\/uploads\/2024\/07\/CIRC2-134.jpg?resize=350%2C200&ssl=1 1x, https:\/\/i0.wp.com\/festivalinternacionalclownbaret.com\/wp-content\/uploads\/2024\/07\/CIRC2-134.jpg?resize=525%2C300&ssl=1 1.5x, https:\/\/i0.wp.com\/festivalinternacionalclownbaret.com\/wp-content\/uploads\/2024\/07\/CIRC2-134.jpg?resize=700%2C400&ssl=1 2x, https:\/\/i0.wp.com\/festivalinternacionalclownbaret.com\/wp-content\/uploads\/2024\/07\/CIRC2-134.jpg?resize=1050%2C600&ssl=1 3x, https:\/\/i0.wp.com\/festivalinternacionalclownbaret.com\/wp-content\/uploads\/2024\/07\/CIRC2-134.jpg?resize=1400%2C800&ssl=1 4x"},"classes":[]},{"id":5895,"url":"https:\/\/festivalinternacionalclownbaret.com\/fr\/talleres-2024\/","url_meta":{"origin":1706,"position":3},"title":"Ateliers","author":"Brian Rodr\u00edguez","date":"23 de juillet de 2025","format":false,"excerpt":"TaLlErEs TALLER DE CLOWN CON PETER SHUB INSCRIPCIONES EDAD RECOMENDADA: +18 A\u00d1OS ESPACIO LA GRANJA. SANTA CRUZ DE TENERIFE 6, 7 y 8 de octubre de 17:00 a 21:00 MAKE THEM LAUGH \u2013 Taller de clown y comedia con Peter ShubEl FIC presenta este taller como una oportunidad \u00fanica para\u2026","rel":"","context":"Article similaire","block_context":{"text":"Article similaire","link":""},"img":{"alt_text":"","src":"https:\/\/i0.wp.com\/festivalinternacionalclownbaret.com\/wp-content\/uploads\/2026\/04\/SHUB-TALLER-684x1024.jpg?resize=350%2C200&ssl=1","width":350,"height":200,"srcset":"https:\/\/i0.wp.com\/festivalinternacionalclownbaret.com\/wp-content\/uploads\/2026\/04\/SHUB-TALLER-684x1024.jpg?resize=350%2C200&ssl=1 1x, https:\/\/i0.wp.com\/festivalinternacionalclownbaret.com\/wp-content\/uploads\/2026\/04\/SHUB-TALLER-684x1024.jpg?resize=525%2C300&ssl=1 1.5x"},"classes":[]},{"id":3313,"url":"https:\/\/festivalinternacionalclownbaret.com\/fr\/payasos-en-ruta-guia-de-isora\/","url_meta":{"origin":1706,"position":4},"title":"Payasos en ruta Gu\u00eda de Isora","author":"davidujja","date":"17 de juillet de 2024","format":false,"excerpt":"PAYASOS EN RUTA TENERIFE Descargar programa GU\u00cdA DE ISORA Jueves 3 de octubre. 11:00 45 min VAYA CIRCO (funci\u00f3n escolar) CIRCOBAYA 11:00 - 45 min + 5 a\u00f1os AUDIT. Gu\u00eda de Isora Con m\u00e1s de 500 funciones en una decena de pa\u00edses, Vaya Circo aterriza en el FIC de la\u2026","rel":"","context":"Article similaire","block_context":{"text":"Article similaire","link":""},"img":{"alt_text":"","src":"","width":0,"height":0},"classes":[]},{"id":3315,"url":"https:\/\/festivalinternacionalclownbaret.com\/fr\/payasos-en-ruta-santiago-del-teide\/","url_meta":{"origin":1706,"position":5},"title":"Payasos en ruta Santiago del Teide","author":"davidujja","date":"17 de juillet de 2024","format":false,"excerpt":"PAYASOS EN RUTA TENERIFE Descargar programa Santiago del teide Viernes 11 de octubre. 18:30 45 min insomni Dudu Arnalot 18:30 - 45 min Familiar Plaza Norberto Garc\u00eda (La Vigil\u00eda) Una plaza con una cama antigua y un payaso preparado para dormir. Con este punto de partida se presenta Dudu Arnalot\u2026","rel":"","context":"Article similaire","block_context":{"text":"Article similaire","link":""},"img":{"alt_text":"","src":"","width":0,"height":0},"classes":[]}],"_links":{"self":[{"href":"https:\/\/festivalinternacionalclownbaret.com\/fr\/wp-json\/wp\/v2\/pages\/1706","targetHints":{"allow":["GET"]}}],"collection":[{"href":"https:\/\/festivalinternacionalclownbaret.com\/fr\/wp-json\/wp\/v2\/pages"}],"about":[{"href":"https:\/\/festivalinternacionalclownbaret.com\/fr\/wp-json\/wp\/v2\/types\/page"}],"author":[{"embeddable":true,"href":"https:\/\/festivalinternacionalclownbaret.com\/fr\/wp-json\/wp\/v2\/users\/94859360"}],"replies":[{"embeddable":true,"href":"https:\/\/festivalinternacionalclownbaret.com\/fr\/wp-json\/wp\/v2\/comments?post=1706"}],"version-history":[{"count":100,"href":"https:\/\/festivalinternacionalclownbaret.com\/fr\/wp-json\/wp\/v2\/pages\/1706\/revisions"}],"predecessor-version":[{"id":7989,"href":"https:\/\/festivalinternacionalclownbaret.com\/fr\/wp-json\/wp\/v2\/pages\/1706\/revisions\/7989"}],"wp:attachment":[{"href":"https:\/\/festivalinternacionalclownbaret.com\/fr\/wp-json\/wp\/v2\/media?parent=1706"}],"wp:term":[{"taxonomy":"ubicacion","embeddable":true,"href":"https:\/\/festivalinternacionalclownbaret.com\/fr\/wp-json\/wp\/v2\/ubicacion?post=1706"}],"curies":[{"name":"wp","href":"https:\/\/api.w.org\/{rel}","templated":true}]}}